{"id":856,"date":"2022-07-09T15:05:18","date_gmt":"2022-07-09T14:05:18","guid":{"rendered":"https:\/\/esffranco.edu.pt\/web\/?page_id=856"},"modified":"2026-01-18T11:29:04","modified_gmt":"2026-01-18T11:29:04","slug":"apoio-pedagogico","status":"publish","type":"page","link":"https:\/\/esffranco.edu.pt\/web\/alunos\/apoio-pedagogico\/","title":{"rendered":"Apoio Pedag\u00f3gico"},"content":{"rendered":"<div class=\"wpb-content-wrapper\"><p>[vc_row][vc_column][vc_custom_heading text=&#8221;Ci\u00eancias e Tecnologias&#8221; use_theme_fonts=&#8221;yes&#8221;][\/vc_column][\/vc_row][vc_row][vc_column]\t\t<div class=\"wh-content-box  scp_content_box-d41d8cd98f00b204e9800998ecf8427e\">\n\t\t\t\t\t\t\t\t\t\t\t\t[vc_tta_accordion shape=&#8221;round&#8221; active_section=&#8221;99&#8243; collapsible_all=&#8221;true&#8221;][vc_tta_section i_icon_fontawesome=&#8221;far fa-calendar-alt&#8221; add_icon=&#8221;true&#8221; title=&#8221;10.\u00ba Ano&#8221; tab_id=&#8221;1729453257759-e0a536a0-8082&#8243;][vc_column_text css=&#8221;&#8221;]<a href=\"https:\/\/esffranco.edu.pt\/web\/wp-content\/uploads\/2025\/10\/APT_CT_10.pdf\" class=\"pdfemb-viewer\" style=\"\" data-width=\"max\" data-height=\"max\" data-toolbar=\"bottom\" data-toolbar-fixed=\"on\">APT_CT_10<\/a><\/p>\n<p>&nbsp;[\/vc_column_text][\/vc_tta_section][vc_tta_section i_icon_fontawesome=&#8221;fas fa-calendar-alt&#8221; add_icon=&#8221;true&#8221; title=&#8221;11.\u00ba Ano&#8221; tab_id=&#8221;1729453257760-c0c179ff-181e&#8221;][vc_column_text css=&#8221;&#8221;]<a href=\"https:\/\/esffranco.edu.pt\/web\/wp-content\/uploads\/2025\/10\/APT_CT_11.pdf\" class=\"pdfemb-viewer\" style=\"\" data-width=\"max\" data-height=\"max\" data-toolbar=\"bottom\" data-toolbar-fixed=\"on\">APT_CT_11<\/a><\/p>\n<p>&nbsp;[\/vc_column_text][\/vc_tta_section][vc_tta_section i_icon_fontawesome=&#8221;fas fa-calendar&#8221; add_icon=&#8221;true&#8221; title=&#8221;12.\u00ba Ano&#8221; tab_id=&#8221;1729453257760-010fa1d5-71b5&#8243;][vc_column_text css=&#8221;&#8221;]<a href=\"https:\/\/esffranco.edu.pt\/web\/wp-content\/uploads\/2025\/10\/APT_CT_12.pdf\" class=\"pdfemb-viewer\" style=\"\" data-width=\"max\" data-height=\"max\" data-toolbar=\"bottom\" data-toolbar-fixed=\"on\">APT_CT_12<\/a>[\/vc_column_text][\/vc_tta_section][\/vc_tta_accordion]\t\t<\/div>\n\t\t[\/vc_column][\/vc_row][vc_row disable_element=&#8221;yes&#8221;][vc_column]\t\t<div class=\"wh-content-box  scp_content_box-d41d8cd98f00b204e9800998ecf8427e\">\n\t\t\t\t\t\t\t\t\t\t\t\t[vc_btn title=&#8221;&#8221; color=&#8221;danger&#8221; size=&#8221;lg&#8221; i_icon_fontawesome=&#8221;fas fa-file-download&#8221; css=&#8221;&#8221; add_icon=&#8221;true&#8221; link=&#8221;url:https%3A%2F%2Fesffranco.edu.pt%2Fweb%2Fwp-content%2Fuploads%2F2025%2F10%2FAPT_CT_10.pdf|target:_blank&#8221;][vc_tta_accordion shape=&#8221;round&#8221; active_section=&#8221;99&#8243; collapsible_all=&#8221;true&#8221;][vc_tta_section i_icon_fontawesome=&#8221;fas fa-microscope&#8221; add_icon=&#8221;true&#8221; title=&#8221;Biologia e Geologia A&#8221; tab_id=&#8221;1729596758002-2bf7979e-2ea0&#8243;][vc_column_text]<\/p>\n<table id=\"BIO10CT\" class=\"table table-hover\">\n<thead>\n<tr class=\"info\">\n<td class=\"tohide\">Professor(a)<\/td>\n<td>Turma<\/td>\n<td>Dia<\/td>\n<td>Hora<\/td>\n<td>Sala<\/td>\n<\/tr>\n<\/thead>\n<tbody>\n<tr>\n<td class=\"tohide\">Susana Ariana<\/td>\n<td>01<\/td>\n<td>4.\u00aa feira<\/td>\n<td>15:15 &#8211; 16:45<\/td>\n<td>L30<\/td>\n<\/tr>\n<tr>\n<td class=\"tohide\">Dulce Nunes<\/td>\n<td>02<\/td>\n<td>4.\u00aa feira<\/td>\n<td>11:45 &#8211; 12:30<\/td>\n<td>402<\/td>\n<\/tr>\n<tr>\n<td class=\"tohide\">Susana Ariana<\/td>\n<td>03<\/td>\n<td>4.\u00aa feira<\/td>\n<td>15:15 &#8211; 16:45<\/td>\n<td>L30<\/td>\n<\/tr>\n<tr>\n<td class=\"tohide\">S\u00edlvia Carreira<\/td>\n<td>04<\/td>\n<td>4.\u00aa feira<\/td>\n<td>15:15 &#8211; 16:45<\/td>\n<td>L34<\/td>\n<\/tr>\n<tr>\n<td class=\"tohide\">Celina Pereira<\/td>\n<td>06<\/td>\n<td>6.\u00aa feira<\/td>\n<td>13:30 &#8211; 15:00<\/td>\n<td>L40<\/td>\n<\/tr>\n<tr>\n<td class=\"tohide\">S\u00f3nia Silva<\/td>\n<td>07<\/td>\n<td>6.\u00aa feira<\/td>\n<td>13:30 &#8211; 15:00<\/td>\n<td>L43<\/td>\n<\/tr>\n<tr>\n<td class=\"tohide\">Celina Pereira<\/td>\n<td>09<\/td>\n<td>6.\u00aa feira<\/td>\n<td>13:30 &#8211; 15:00<\/td>\n<td>L40<\/td>\n<\/tr>\n<tr>\n<td class=\"tohide\">S\u00f3nia Silva<\/td>\n<td>10<\/td>\n<td>6.\u00aa feira<\/td>\n<td>13:30 &#8211; 15:00<\/td>\n<td>L43<\/td>\n<\/tr>\n<\/tbody>\n<\/table>\n<p>[\/vc_column_text][\/vc_tta_section][vc_tta_section i_icon_fontawesome=&#8221;fas fa-book-reader&#8221; add_icon=&#8221;true&#8221; title=&#8221;Filosofia&#8221; tab_id=&#8221;1729596758003-b282f9b0-d4e2&#8243;][vc_column_text]<\/p>\n<table id=\"FIL10CT\" class=\"table table-hover \">\n<thead>\n<tr class=\"info\">\n<td class=\"tohide\">Professor(a)<\/td>\n<td>Turma<\/td>\n<td>Dia<\/td>\n<td>Hora<\/td>\n<td>Sala<\/td>\n<\/tr>\n<\/thead>\n<tbody>\n<tr>\n<td class=\"tohide\">Marco Carvalho<\/td>\n<td>01<\/td>\n<td>5.\u00aa feira<\/td>\n<td>13:30 &#8211; 15:00<\/td>\n<td>412<\/td>\n<\/tr>\n<tr>\n<td class=\"tohide\">S\u00edlvia Do Carmo<\/td>\n<td>02<\/td>\n<td>2.\u00aa feira<\/td>\n<td>13:30 &#8211; 15:00<\/td>\n<td>202<\/td>\n<\/tr>\n<tr>\n<td class=\"tohide\">Marco Carvalho<\/td>\n<td>03<\/td>\n<td>5.\u00aa feira<\/td>\n<td>13:30 &#8211; 15:00<\/td>\n<td>412<\/td>\n<\/tr>\n<tr>\n<td class=\"tohide\">S\u00edlvia Do Carmo<\/td>\n<td>04<\/td>\n<td>4.\u00aa feira<\/td>\n<td>13:30 &#8211; 15:00<\/td>\n<td>305<\/td>\n<\/tr>\n<tr>\n<td class=\"tohide\">C\u00e9lia Castro<\/td>\n<td>05<\/td>\n<td>2.\u00aa feira<\/td>\n<td>13:30 &#8211; 15:00<\/td>\n<td>415<\/td>\n<\/tr>\n<tr>\n<td class=\"tohide\">Carlos Santos<\/td>\n<td>06<\/td>\n<td>3.\u00aa feira<\/td>\n<td>13:30 &#8211; 15:00<\/td>\n<td>B22<\/td>\n<\/tr>\n<tr>\n<td class=\"tohide\">Miguel Costa<\/td>\n<td>07<\/td>\n<td>3.\u00aa feira<\/td>\n<td>17:00 &#8211; 18:30<\/td>\n<td>401<\/td>\n<\/tr>\n<tr>\n<td class=\"tohide\">Maria Elisa Seixas<\/td>\n<td>08<\/td>\n<td>4.\u00aa feira<\/td>\n<td>15:15 &#8211; 16:45<\/td>\n<td>B31<\/td>\n<\/tr>\n<tr>\n<td class=\"tohide\">Maria Elisa Seixas<\/td>\n<td>09<\/td>\n<td>4.\u00aa feira<\/td>\n<td>15:15 &#8211; 16:45<\/td>\n<td>B31<\/td>\n<\/tr>\n<tr>\n<td class=\"tohide\">Maria Elisa Seixas<\/td>\n<td>10<\/td>\n<td>4.\u00aa feira<\/td>\n<td>15:15 &#8211; 16:45<\/td>\n<td>B31<\/td>\n<\/tr>\n<tr>\n<td class=\"tohide\">Marco Carvalho<\/td>\n<td>11<\/td>\n<td>5.\u00aa feira<\/td>\n<td>13:30 &#8211; 15:00<\/td>\n<td>412<\/td>\n<\/tr>\n<tr>\n<td class=\"tohide\">Carlos Santos<\/td>\n<td>12<\/td>\n<td>4.\u00aa feira<\/td>\n<td>13:30 &#8211; 15:00<\/td>\n<td>B22<\/td>\n<\/tr>\n<tr>\n<td class=\"tohide\">Maria Elisa Seixas<\/td>\n<td>13<\/td>\n<td>4.\u00aa feira<\/td>\n<td>15:15 &#8211; 16:45<\/td>\n<td>B31<\/td>\n<\/tr>\n<\/tbody>\n<\/table>\n<p>&nbsp;[\/vc_column_text][\/vc_tta_section][vc_tta_section i_icon_fontawesome=&#8221;fas fa-atom&#8221; add_icon=&#8221;true&#8221; title=&#8221;F\u00edsica e Qu\u00edmica A&#8221; tab_id=&#8221;1729596758004-d9f13258-e973&#8243;][vc_column_text]<\/p>\n<table id=\"FQ10CT\" class=\"table table-hover \">\n<thead>\n<tr class=\"info\">\n<td class=\"tohide\">Professor(a)<\/td>\n<td>Turma<\/td>\n<td>Dia<\/td>\n<td>Hora<\/td>\n<td>Sala<\/td>\n<\/tr>\n<\/thead>\n<tbody>\n<tr>\n<td class=\"tohide\">Jos\u00e9 Ant\u00f3nio<\/td>\n<td>01<\/td>\n<td>3.\u00aa feira<\/td>\n<td>13:30 &#8211; 15:00<\/td>\n<td>401<\/td>\n<\/tr>\n<tr>\n<td class=\"tohide\">Isabel Hernandez<\/td>\n<td>02<\/td>\n<td>6.\u00aa feira<\/td>\n<td>13:30 &#8211; 15:00<\/td>\n<td>203<\/td>\n<\/tr>\n<tr>\n<td class=\"tohide\">Andreia Braz\u00e3o<\/td>\n<td>03<\/td>\n<td>4.\u00aa feira<\/td>\n<td>13:30 &#8211; 15:00<\/td>\n<td>409<\/td>\n<\/tr>\n<tr>\n<td class=\"tohide\">Isabel Hernandez<\/td>\n<td>04<\/td>\n<td>6.\u00aa feira<\/td>\n<td>13:30 &#8211; 15:00<\/td>\n<td>203<\/td>\n<\/tr>\n<tr>\n<td class=\"tohide\">Isilda Fernandes<\/td>\n<td>05<\/td>\n<td>6.\u00aa feira<\/td>\n<td>13:30 &#8211; 15:00<\/td>\n<td>305<\/td>\n<\/tr>\n<tr>\n<td class=\"tohide\">Andreia Braz\u00e3o<\/td>\n<td>06<\/td>\n<td>4.\u00aa feira<\/td>\n<td>13:30 &#8211; 15:00<\/td>\n<td>409<\/td>\n<\/tr>\n<tr>\n<td class=\"tohide\">Catarina Nunes<\/td>\n<td>07<\/td>\n<td>4.\u00aa feira<\/td>\n<td>13:30 &#8211; 15:00<\/td>\n<td>L33<\/td>\n<\/tr>\n<tr>\n<td class=\"tohide\">Teresa Lopes<\/td>\n<td>08<\/td>\n<td>5.\u00aa feira<\/td>\n<td>13:30 &#8211; 15:00<\/td>\n<td>L30<\/td>\n<\/tr>\n<tr>\n<td class=\"tohide\">Catarina Nunes<\/td>\n<td>09<\/td>\n<td>4.\u00aa feira<\/td>\n<td>13:30 &#8211; 15:00<\/td>\n<td>L33<\/td>\n<\/tr>\n<tr>\n<td class=\"tohide\">Teresa Lopes<\/td>\n<td>10<\/td>\n<td>5.\u00aa feira<\/td>\n<td>13:30 &#8211; 15:00<\/td>\n<td>L30<\/td>\n<\/tr>\n<tr class=\"tohide\">\n<td>Jos\u00e9 Ant\u00f3nio<\/td>\n<td>11<\/td>\n<td>3.\u00aa feira<\/td>\n<td>13:30 &#8211; 15:00<\/td>\n<td>401<\/td>\n<\/tr>\n<tr>\n<td class=\"tohide\">Carlos Lobo<\/td>\n<td>13<\/td>\n<td>4.\u00aa feira<\/td>\n<td>13:30 &#8211; 15:00<\/td>\n<td>L23<\/td>\n<\/tr>\n<\/tbody>\n<\/table>\n<p>[\/vc_column_text][\/vc_tta_section][vc_tta_section i_icon_fontawesome=&#8221;fas fa-drafting-compass&#8221; add_icon=&#8221;true&#8221; title=&#8221;Geometria Descritiva A&#8221; tab_id=&#8221;1729596758004-552fa66e-7f46&#8243;][vc_column_text]<\/p>\n<table id=\"GDA10CT\" class=\"table table-hover \">\n<thead>\n<tr class=\"info\">\n<td class=\"tohide\">Professor(a)<\/td>\n<td>Turma<\/td>\n<td>Dia<\/td>\n<td>Hora<\/td>\n<td>Sala<\/td>\n<\/tr>\n<\/thead>\n<tbody>\n<tr>\n<td class=\"tohide\">Rui Pedro Nunes<\/td>\n<td>11<\/td>\n<td>2.\u00aa feira<\/td>\n<td>13:30 &#8211; 15:00<\/td>\n<td>310<\/td>\n<\/tr>\n<tr>\n<td class=\"tohide\">Arlete Franco<\/td>\n<td>13<\/td>\n<td>3.\u00aa feira<\/td>\n<td>13:30 &#8211; 15:00<\/td>\n<td>311<\/td>\n<\/tr>\n<\/tbody>\n<\/table>\n<p>[\/vc_column_text][\/vc_tta_section][vc_tta_section i_icon_fontawesome=&#8221;far fa-comments&#8221; add_icon=&#8221;true&#8221; title=&#8221;Ingl\u00eas&#8221; tab_id=&#8221;1729596758004-537f31d5-bab2&#8243;][vc_column_text]<\/p>\n<table id=\"ING10CT\" class=\"table table-hover \">\n<thead>\n<tr class=\"info\">\n<td class=\"tohide\">Professor(a)<\/td>\n<td>Turma<\/td>\n<td>Dia<\/td>\n<td>Hora<\/td>\n<td>Sala<\/td>\n<\/tr>\n<\/thead>\n<tbody>\n<tr>\n<td class=\"tohide\">Cristina Pestana<\/td>\n<td>01<\/td>\n<td>5.\u00aa feira<\/td>\n<td>13:30 &#8211; 15:00<\/td>\n<td>203<\/td>\n<\/tr>\n<tr>\n<td class=\"tohide\">Cristina Pestana<\/td>\n<td>02<\/td>\n<td>5.\u00aa feira<\/td>\n<td>13:30 &#8211; 15:00<\/td>\n<td>203<\/td>\n<\/tr>\n<tr>\n<td class=\"tohide\">Teresa Freitas<\/td>\n<td>03<\/td>\n<td>4.\u00aa feira<\/td>\n<td>13:30 &#8211; 14:15<\/td>\n<td>411<\/td>\n<\/tr>\n<tr>\n<td class=\"tohide\">Cust\u00f3dia Machado<\/td>\n<td>05<\/td>\n<td>3.\u00aa feira<\/td>\n<td>13:30 &#8211; 14:15<\/td>\n<td>411A<\/td>\n<\/tr>\n<tr>\n<td class=\"tohide\">Marta Sousa<\/td>\n<td>06<\/td>\n<td>3.\u00aa feira<\/td>\n<td>13:30 &#8211; 15:00<\/td>\n<td>411<\/td>\n<\/tr>\n<tr>\n<td class=\"tohide\">Marta Sousa<\/td>\n<td>07<\/td>\n<td>3.\u00aa feira<\/td>\n<td>\u00a013:30 &#8211; 15:00<\/td>\n<td>411<\/td>\n<\/tr>\n<tr>\n<td class=\"tohide\">Manuela Fernandes<\/td>\n<td>09<\/td>\n<td>2.\u00aa feira<\/td>\n<td>15:15 &#8211; 16:00<\/td>\n<td>411A<\/td>\n<\/tr>\n<tr>\n<td class=\"tohide\">Carla Chatterley<\/td>\n<td>10<\/td>\n<td>4.\u00aa feira<\/td>\n<td>13:30 &#8211; 14:15<\/td>\n<td>314i<\/td>\n<\/tr>\n<tr>\n<td class=\"tohide\">Cust\u00f3dia Machado<\/td>\n<td>11<\/td>\n<td>3.\u00aa feira<\/td>\n<td>13:30 &#8211; 14:15<\/td>\n<td>411A<\/td>\n<\/tr>\n<tr>\n<td class=\"tohide\">Carla Chatterley<\/td>\n<td>12<\/td>\n<td>4.\u00aa feira<\/td>\n<td>13:30 &#8211; 14:15<\/td>\n<td>314i<\/td>\n<\/tr>\n<\/tbody>\n<\/table>\n<p>[\/vc_column_text][\/vc_tta_section][vc_tta_section i_icon_fontawesome=&#8221;fas fa-calculator&#8221; add_icon=&#8221;true&#8221; title=&#8221;Matem\u00e1tica A&#8221; tab_id=&#8221;1729596758005-4ebac3f7-94a5&#8243;][vc_column_text]&nbsp;<\/p>\n<table id=\"MAT10CT\" class=\"table table-hover \">\n<thead>\n<tr class=\"info\">\n<td class=\"tohide\">Professor(a)<\/td>\n<td>Turma<\/td>\n<td>Dia<\/td>\n<td>Hora<\/td>\n<td>Sala<\/td>\n<\/tr>\n<\/thead>\n<tbody>\n<tr>\n<td class=\"tohide\">Ant\u00f3nio Jord\u00e3o Costa<\/td>\n<td>01<\/td>\n<td>6.\u00aa feira<\/td>\n<td>13:30 &#8211; 15:00<\/td>\n<td>208<\/td>\n<\/tr>\n<tr>\n<td class=\"tohide\">Ana Paula Dias<\/td>\n<td>02<\/td>\n<td>5.\u00aa feira<\/td>\n<td>13:30 &#8211; 15:00<\/td>\n<td>303<\/td>\n<\/tr>\n<tr>\n<td class=\"tohide\">Jos\u00e9 Lino<\/td>\n<td>03<\/td>\n<td>2.\u00aa feira<\/td>\n<td>13:30 &#8211; 15:00<\/td>\n<td>413<\/td>\n<\/tr>\n<tr>\n<td class=\"tohide\">F\u00e1tima Jardim<\/td>\n<td>04<\/td>\n<td>3.\u00aa feira<\/td>\n<td>13:30 &#8211; 14:15<\/td>\n<td>302<\/td>\n<\/tr>\n<tr>\n<td class=\"tohide\">Corinda N\u00f3brega<\/td>\n<td>05<\/td>\n<td>4.\u00aa feira<\/td>\n<td>11:45 &#8211; 13:15<\/td>\n<td>311<\/td>\n<\/tr>\n<tr>\n<td class=\"tohide\">Ana Aleixo Marques<\/td>\n<td>06<\/td>\n<td>4.\u00aa feira<\/td>\n<td>13:30 &#8211; 15:00<\/td>\n<td>208<\/td>\n<\/tr>\n<tr>\n<td class=\"tohide\">Ana Maria Freitas<\/td>\n<td>07<\/td>\n<td>3.\u00aa feira<\/td>\n<td>13:30 &#8211; 15:00<\/td>\n<td>303<\/td>\n<\/tr>\n<tr>\n<td class=\"tohide\">Jos\u00e9 Lino<\/td>\n<td>08<\/td>\n<td>2.\u00aa feira<\/td>\n<td>13:30 &#8211; 15:00<\/td>\n<td>413<\/td>\n<\/tr>\n<tr>\n<td class=\"tohide\">F\u00e1tima Jardim<\/td>\n<td>09<\/td>\n<td>5.\u00aa feira<\/td>\n<td>13:30 &#8211; 14:15<\/td>\n<td>B21<\/td>\n<\/tr>\n<tr>\n<td class=\"tohide\">Ana Aleixo Marques<\/td>\n<td>10<\/td>\n<td>4.\u00aa feira<\/td>\n<td>13:30 &#8211; 15:00<\/td>\n<td>208<\/td>\n<\/tr>\n<tr>\n<td class=\"tohide\">V\u00edtor Manuel Teixeira<\/td>\n<td>11<\/td>\n<td>2.\u00aa feira<\/td>\n<td>13:30 &#8211; 15:00<\/td>\n<td>402<\/td>\n<\/tr>\n<tr>\n<td class=\"tohide\">Corinda N\u00f3brega<\/td>\n<td>12<\/td>\n<td>3.\u00aa feira<\/td>\n<td>11:45 &#8211; 13:15<\/td>\n<td>B32<\/td>\n<\/tr>\n<tr>\n<td class=\"tohide\">Ana Aleixo Marques<\/td>\n<td>13<\/td>\n<td>4.\u00aa feira<\/td>\n<td>13:30 &#8211; 15:00<\/td>\n<td>208<\/td>\n<\/tr>\n<\/tbody>\n<\/table>\n<p>[\/vc_column_text][\/vc_tta_section][vc_tta_section i_icon_fontawesome=&#8221;fas fa-book-open&#8221; add_icon=&#8221;true&#8221; title=&#8221;Portugu\u00eas&#8221; tab_id=&#8221;1729596758005-ec9e1dda-6f7e&#8221;][vc_column_text]<\/p>\n<table id=\"PORT10CT\" class=\"table table-hover \">\n<thead>\n<tr class=\"info\">\n<td class=\"tohide\">Professor(a)<\/td>\n<td>Turma<\/td>\n<td>Dia<\/td>\n<td>Hora<\/td>\n<td>Sala<\/td>\n<\/tr>\n<\/thead>\n<tbody>\n<tr>\n<td class=\"tohide\">Teresa Pereira<\/td>\n<td>01<\/td>\n<td>3.\u00aa feira<\/td>\n<td>15:15 &#8211; 16:00<\/td>\n<td>310<\/td>\n<\/tr>\n<tr>\n<td class=\"tohide\">Teresa Pereira<\/td>\n<td>02<\/td>\n<td>4.\u00aa feira<\/td>\n<td>11:45 &#8211; 12:30<\/td>\n<td>314i<\/td>\n<\/tr>\n<tr>\n<td class=\"tohide\">Ros\u00e1rio Antunes<\/td>\n<td>03<\/td>\n<td>3.\u00aa feira<\/td>\n<td>13:30 &#8211; 14:15<\/td>\n<td>314i<\/td>\n<\/tr>\n<tr>\n<td class=\"tohide\">Micaela Martins<\/td>\n<td>04<\/td>\n<td>4.\u00aa feira<\/td>\n<td>15:15 &#8211; 16:45<\/td>\n<td>310<\/td>\n<\/tr>\n<tr>\n<td class=\"tohide\">Ana Maria de Freitas<\/td>\n<td>05<\/td>\n<td>2.\u00aa feira<\/td>\n<td>13:30 &#8211; 15:00<\/td>\n<td>410<\/td>\n<\/tr>\n<tr>\n<td class=\"tohide\">Helena C\u00e2ndida Ramos<\/td>\n<td>06<\/td>\n<td>4.\u00aa feira<\/td>\n<td>15:15 &#8211; 16:00<\/td>\n<td>B37<\/td>\n<\/tr>\n<tr>\n<td class=\"tohide\">Vera Carvalho<\/td>\n<td>07<\/td>\n<td>4.\u00aa feira<\/td>\n<td>13:30 &#8211; 15:00<\/td>\n<td>L30<\/td>\n<\/tr>\n<tr>\n<td class=\"tohide\">Vera Carvalho<\/td>\n<td>08<\/td>\n<td>4.\u00aa feira<\/td>\n<td>13:30 &#8211; 15:00<\/td>\n<td>L30<\/td>\n<\/tr>\n<tr>\n<td class=\"tohide\">Nat\u00e9rcia Silva<\/td>\n<td>09<\/td>\n<td>4.\u00aa feira<\/td>\n<td>15:15 &#8211; 16:00<\/td>\n<td>411<\/td>\n<\/tr>\n<tr>\n<td class=\"tohide\">Nat\u00e9rcia Silva<\/td>\n<td>10<\/td>\n<td>4.\u00aa feira<\/td>\n<td>15:15 &#8211; 16:00<\/td>\n<td>411<\/td>\n<\/tr>\n<tr>\n<td class=\"tohide\">Micaela Martins<\/td>\n<td>11<\/td>\n<td>4.\u00aa feira<\/td>\n<td>15:15 &#8211; 16:45<\/td>\n<td>310<\/td>\n<\/tr>\n<tr>\n<td class=\"tohide\">Helena C\u00e2ndida Ramos<\/td>\n<td>12<\/td>\n<td>2.\u00aa feira<\/td>\n<td>13:30 &#8211; 14:15<\/td>\n<td>B31<\/td>\n<\/tr>\n<tr>\n<td class=\"tohide\">Cl\u00e1udia Viveiros<\/td>\n<td>13<\/td>\n<td>6.\u00aa feira<\/td>\n<td>15:15 &#8211; 16:45<\/td>\n<td>B37<\/td>\n<\/tr>\n<\/tbody>\n<\/table>\n<p>[\/vc_column_text][\/vc_tta_section][\/vc_tta_accordion]\t\t<\/div>\n\t\t[\/vc_column][\/vc_row][vc_row disable_element=&#8221;yes&#8221;][vc_column][vc_custom_heading text=&#8221;Ci\u00eancias e Tecnologias &#8211; 11.\u00ba Ano&#8221; use_theme_fonts=&#8221;yes&#8221;][\/vc_column][\/vc_row][vc_row disable_element=&#8221;yes&#8221;][vc_column][vc_tta_accordion shape=&#8221;round&#8221; active_section=&#8221;99&#8243; collapsible_all=&#8221;true&#8221;][vc_tta_section i_icon_fontawesome=&#8221;fas fa-microscope&#8221; add_icon=&#8221;true&#8221; title=&#8221;Biologia e Geologia A&#8221; tab_id=&#8221;1666450135931-6647ac4e-7398&#8243;][vc_column_text]<\/p>\n<table id=\"BIO10CT\" class=\"table table-hover\">\n<thead>\n<tr class=\"info\">\n<td class=\"tohide\">Professor(a)<\/td>\n<td>Turma<\/td>\n<td>Dia<\/td>\n<td>Hora<\/td>\n<td>Sala<\/td>\n<\/tr>\n<\/thead>\n<tbody>\n<tr>\n<td class=\"tohide\">Luc\u00edlia Serralha<\/td>\n<td>01<\/td>\n<td>4.\u00aa feira<\/td>\n<td>15:15 &#8211; 16:45<\/td>\n<td>203<\/td>\n<\/tr>\n<tr>\n<td class=\"tohide\">Luc\u00edlia Serralha<\/td>\n<td>02<\/td>\n<td>4.\u00aa feira<\/td>\n<td>15:15 &#8211; 16:45<\/td>\n<td>203<\/td>\n<\/tr>\n<tr>\n<td class=\"tohide\">Ana Paula Rodrigues<\/td>\n<td>03<\/td>\n<td>5.\u00aa feira<\/td>\n<td>11:45 &#8211; 12:30<\/td>\n<td>L30<\/td>\n<\/tr>\n<tr>\n<td class=\"tohide\">Heliodora Carvalho<\/td>\n<td>04<\/td>\n<td>2.\u00aa feira<\/td>\n<td>15:15 &#8211; 16:45<\/td>\n<td>L30<\/td>\n<\/tr>\n<tr>\n<td class=\"tohide\">Gra\u00e7a Camacho<\/td>\n<td>05<\/td>\n<td>3.\u00aa feira<\/td>\n<td>13:30 &#8211; 14:15<\/td>\n<td>301<\/td>\n<\/tr>\n<tr>\n<td class=\"tohide\">Roberto Jardim<\/td>\n<td>06<\/td>\n<td>4.\u00aa feira<\/td>\n<td>15:15 &#8211; 16:45<\/td>\n<td>L33<\/td>\n<\/tr>\n<tr>\n<td class=\"tohide\">Roberto Jardim<\/td>\n<td>07<\/td>\n<td>4.\u00aa feira<\/td>\n<td>15:15 &#8211; 16:45<\/td>\n<td>L33<\/td>\n<\/tr>\n<tr>\n<td class=\"tohide\">Cipriano Dias<\/td>\n<td>08<\/td>\n<td>4.\u00aa feira<\/td>\n<td>11:45 &#8211; 12:30<\/td>\n<td>210<\/td>\n<\/tr>\n<\/tbody>\n<\/table>\n<p>[\/vc_column_text][\/vc_tta_section][vc_tta_section i_icon_fontawesome=&#8221;fas fa-book-reader&#8221; add_icon=&#8221;true&#8221; title=&#8221;Filosofia&#8221; tab_id=&#8221;1666450135931-06190833-d9b6&#8243;][vc_column_text]<\/p>\n<table id=\"FIL10CT\" class=\"table table-hover \">\n<thead>\n<tr class=\"info\">\n<td class=\"tohide\">Professor(a)<\/td>\n<td>Turma<\/td>\n<td>Dia<\/td>\n<td>Hora<\/td>\n<td>Sala<\/td>\n<\/tr>\n<\/thead>\n<tbody>\n<tr>\n<td class=\"tohide\">Susana Ramos<\/td>\n<td>01<\/td>\n<td>3.\u00aa feira<\/td>\n<td>15:15 &#8211; 16:00<\/td>\n<td>403<\/td>\n<\/tr>\n<tr>\n<td class=\"tohide\">Paula Gon\u00e7alves<\/td>\n<td>03<\/td>\n<td>2.\u00aa feira<\/td>\n<td>13:30 &#8211; 15:00<\/td>\n<td>411A<\/td>\n<\/tr>\n<tr>\n<td class=\"tohide\">Susana Ramos<\/td>\n<td>04<\/td>\n<td>3.\u00aa feira<\/td>\n<td>17:00 &#8211; 17:45<\/td>\n<td>403<\/td>\n<\/tr>\n<tr>\n<td class=\"tohide\">Paula Gon\u00e7alves<\/td>\n<td>05<\/td>\n<td>2.\u00aa feira<\/td>\n<td>13:30 &#8211; 15:00<\/td>\n<td>411A<\/td>\n<\/tr>\n<tr>\n<td class=\"tohide\">Gorete Franco<\/td>\n<td>06<\/td>\n<td>6.\u00aa feira<\/td>\n<td>15:15 &#8211; 16:45<\/td>\n<td>212<\/td>\n<\/tr>\n<tr>\n<td class=\"tohide\">Gorete Franco<\/td>\n<td>07<\/td>\n<td>6.\u00aa feira<\/td>\n<td>15:15 &#8211; 16:45<\/td>\n<td>212<\/td>\n<\/tr>\n<tr>\n<td class=\"tohide\">Gorete Franco<\/td>\n<td>08<\/td>\n<td>6.\u00aa feira<\/td>\n<td>15:15 &#8211; 16:45<\/td>\n<td>212<\/td>\n<\/tr>\n<tr>\n<td class=\"tohide\">Ana Isabel C\u00e2mara<\/td>\n<td>09<\/td>\n<td>4.\u00aa feira<\/td>\n<td>15:15 &#8211; 16:45<\/td>\n<td>305<\/td>\n<\/tr>\n<tr>\n<td class=\"tohide\">Ana Isabel C\u00e2mara<\/td>\n<td>10<\/td>\n<td>4.\u00aa feira<\/td>\n<td>15:15 &#8211; 16:45<\/td>\n<td>305<\/td>\n<\/tr>\n<tr>\n<td class=\"tohide\">Agostinha N\u00f3brega<\/td>\n<td>12<\/td>\n<td>4.\u00aa feira<\/td>\n<td>13:30 &#8211; 14:15<\/td>\n<td>210<\/td>\n<\/tr>\n<\/tbody>\n<\/table>\n<p>[\/vc_column_text][\/vc_tta_section][vc_tta_section i_icon_fontawesome=&#8221;fas fa-atom&#8221; add_icon=&#8221;true&#8221; title=&#8221;F\u00edsica e Qu\u00edmica A&#8221; tab_id=&#8221;1666454759390-db97657a-13e8&#8243;][vc_column_text]<\/p>\n<table id=\"FQ10CT\" class=\"table table-hover \">\n<thead>\n<tr class=\"info\">\n<td class=\"tohide\">Professor(a)<\/td>\n<td>Turma<\/td>\n<td>Dia<\/td>\n<td>Hora<\/td>\n<td>Sala<\/td>\n<\/tr>\n<\/thead>\n<tbody>\n<tr>\n<td class=\"tohide\">Artur Freitas<\/td>\n<td>01<\/td>\n<td>4.\u00aa feira<\/td>\n<td>15:15 &#8211; 16:45<\/td>\n<td>209<\/td>\n<\/tr>\n<tr>\n<td class=\"tohide\">Ant\u00f3nio Viveiros<\/td>\n<td>02<\/td>\n<td>6.\u00aa feira<\/td>\n<td>11:45 &#8211; 13:15<\/td>\n<td>412<\/td>\n<\/tr>\n<tr>\n<td class=\"tohide\">Jo\u00e3o M\u00e1rio<\/td>\n<td>03<\/td>\n<td>4.\u00aa feira<\/td>\n<td>13:30 &#8211; 15:00<\/td>\n<td>403<\/td>\n<\/tr>\n<tr>\n<td class=\"tohide\">N\u00edlson Jardim<\/td>\n<td>04<\/td>\n<td>2.\u00aa feira<\/td>\n<td>13:30 &#8211; 15:00<\/td>\n<td>304<\/td>\n<\/tr>\n<tr>\n<td class=\"tohide\">Lene Jardim<\/td>\n<td>05<\/td>\n<td>5.\u00aa feira<\/td>\n<td>13:30 &#8211; 15:00<\/td>\n<td>411A<\/td>\n<\/tr>\n<tr>\n<td class=\"tohide\">Ana Azevedo<\/td>\n<td>06<\/td>\n<td>3.\u00aa feira<\/td>\n<td>15:15 &#8211; 16:45<\/td>\n<td>L43<\/td>\n<\/tr>\n<tr>\n<td class=\"tohide\">Agustin Freitas<\/td>\n<td>07<\/td>\n<td>4.\u00aa feira<\/td>\n<td>15:15 &#8211; 16:00<\/td>\n<td>411A<\/td>\n<\/tr>\n<tr>\n<td class=\"tohide\">Ana Azevedo<\/td>\n<td>08<\/td>\n<td>3.\u00aa feira<\/td>\n<td>15:15 &#8211; 16:45<\/td>\n<td>L43<\/td>\n<\/tr>\n<tr>\n<td class=\"tohide\">Artur Freitas<\/td>\n<td>09<\/td>\n<td>4.\u00aa feira<\/td>\n<td>15:15 &#8211; 16:45<\/td>\n<td>209<\/td>\n<\/tr>\n<tr>\n<td class=\"tohide\">N\u00edlson Jardim<\/td>\n<td>10<\/td>\n<td>2.\u00aa feira<\/td>\n<td>13:30 &#8211; 15:00<\/td>\n<td>304<\/td>\n<\/tr>\n<tr class=\"tohide\">\n<td>Jo\u00e3o M\u00e1rio<\/td>\n<td>11<\/td>\n<td>4.\u00aa feira<\/td>\n<td>13:30 &#8211; 15:00<\/td>\n<td>403<\/td>\n<\/tr>\n<tr class=\"tohide\">\n<td>Irene Geraldes<\/td>\n<td>12<\/td>\n<td>2.\u00aa feira<\/td>\n<td>15:15 &#8211; 16:45<\/td>\n<td>L21<\/td>\n<\/tr>\n<\/tbody>\n<\/table>\n<p>[\/vc_column_text][\/vc_tta_section][vc_tta_section i_icon_fontawesome=&#8221;fas fa-drafting-compass&#8221; add_icon=&#8221;true&#8221; title=&#8221;Geometria Descritiva A&#8221; tab_id=&#8221;1666455395350-a0f1e946-6626&#8243;][vc_column_text]<\/p>\n<table id=\"GDA10CT\" class=\"table table-hover \">\n<thead>\n<tr class=\"info\">\n<td class=\"tohide\">Professor(a)<\/td>\n<td>Turma<\/td>\n<td>Dia<\/td>\n<td>Hora<\/td>\n<td>Sala<\/td>\n<\/tr>\n<\/thead>\n<tbody>\n<tr>\n<td class=\"tohide\">Teresa Mafalda<\/td>\n<td>09<\/td>\n<td>4.\u00aa feira<\/td>\n<td>13:30 &#8211; 14:15<\/td>\n<td>312<\/td>\n<\/tr>\n<tr>\n<td class=\"tohide\">Sofia Fernandes<\/td>\n<td>10<\/td>\n<td>4.\u00aa feira<\/td>\n<td>13:30 &#8211; 15:00<\/td>\n<td>311<\/td>\n<\/tr>\n<tr>\n<td class=\"tohide\">Duarte Atan\u00e1sio<\/td>\n<td>11<\/td>\n<td>2.\u00aa feira<\/td>\n<td>13:30 &#8211; 15:00<\/td>\n<td>312<\/td>\n<\/tr>\n<tr>\n<td class=\"tohide\">Duarte Atan\u00e1sio<\/td>\n<td>12<\/td>\n<td>4.\u00aa feira<\/td>\n<td>13:30 &#8211; 15:00<\/td>\n<td>310<\/td>\n<\/tr>\n<\/tbody>\n<\/table>\n<p>[\/vc_column_text][\/vc_tta_section][vc_tta_section i_icon_fontawesome=&#8221;far fa-comments&#8221; add_icon=&#8221;true&#8221; title=&#8221;Ingl\u00eas&#8221; tab_id=&#8221;1666455647707-f4000401-0a4d&#8221;][vc_column_text]<\/p>\n<table id=\"ING10CT\" class=\"table table-hover \">\n<thead>\n<tr class=\"info\">\n<td class=\"tohide\">Professor(a)<\/td>\n<td>Turma<\/td>\n<td>Dia<\/td>\n<td>Hora<\/td>\n<td>Sala<\/td>\n<\/tr>\n<\/thead>\n<tbody>\n<tr>\n<td class=\"tohide\">Suzana Lobo<\/td>\n<td>01<\/td>\n<td>4.\u00aa feira<\/td>\n<td>13:30 &#8211; 15:00<\/td>\n<td>213<\/td>\n<\/tr>\n<tr>\n<td class=\"tohide\">Suzana Lobo<\/td>\n<td>02<\/td>\n<td>4.\u00aa feira<\/td>\n<td>13:30 &#8211; 15:00<\/td>\n<td>213<\/td>\n<\/tr>\n<tr>\n<td class=\"tohide\">Cl\u00e1udia Fonseca<\/td>\n<td>03<\/td>\n<td>6.\u00aa feira<\/td>\n<td>15:15 &#8211; 16:45<\/td>\n<td>L33<\/td>\n<\/tr>\n<tr>\n<td class=\"tohide\">Sofia Marta Vieira<\/td>\n<td>04<\/td>\n<td>2.\u00aa feira<\/td>\n<td>13:30 &#8211; 15:00<\/td>\n<td>412<\/td>\n<\/tr>\n<tr>\n<td class=\"tohide\">T\u00e2nia Jesus<\/td>\n<td>05<\/td>\n<td>6.\u00aa feira<\/td>\n<td>15:15 &#8211; 16:45<\/td>\n<td>411A<\/td>\n<\/tr>\n<tr>\n<td class=\"tohide\">T\u00e2nia Jesus<\/td>\n<td>06<\/td>\n<td>6.\u00aa feira<\/td>\n<td>15:15 &#8211; 16:45<\/td>\n<td>411A<\/td>\n<\/tr>\n<tr>\n<td class=\"tohide\">Ricardo F\u00e9lix<\/td>\n<td>08<\/td>\n<td>5.\u00aa feira<\/td>\n<td>13:30 &#8211; 15:00<\/td>\n<td>421A<\/td>\n<\/tr>\n<tr>\n<td class=\"tohide\">Cl\u00e1udia Fonseca<\/td>\n<td>09<\/td>\n<td>6.\u00aa feira<\/td>\n<td>15:15 &#8211; 16:45<\/td>\n<td>L33<\/td>\n<\/tr>\n<tr>\n<td class=\"tohide\">T\u00e2nia Jesus<\/td>\n<td>12<\/td>\n<td>6.\u00aa feira<\/td>\n<td>15:15 &#8211; 16:45<\/td>\n<td>411A<\/td>\n<\/tr>\n<\/tbody>\n<\/table>\n<p>[\/vc_column_text][\/vc_tta_section][vc_tta_section i_icon_fontawesome=&#8221;fas fa-calculator&#8221; add_icon=&#8221;true&#8221; title=&#8221;Matem\u00e1tica A&#8221; tab_id=&#8221;1666456021726-978ca839-6a29&#8243;][vc_column_text]<\/p>\n<table id=\"MAT10CT\" class=\"table table-hover \">\n<thead>\n<tr class=\"info\">\n<td class=\"tohide\">Professor(a)<\/td>\n<td>Turma<\/td>\n<td>Dia<\/td>\n<td>Hora<\/td>\n<td>Sala<\/td>\n<\/tr>\n<\/thead>\n<tbody>\n<tr>\n<td class=\"tohide\">Jord\u00e3o Costa<\/td>\n<td>01<\/td>\n<td>6.\u00aa feira<\/td>\n<td>13:30 &#8211; 15:00<\/td>\n<td>208<\/td>\n<\/tr>\n<tr>\n<td class=\"tohide\">Ana Paula Dias<\/td>\n<td>02<\/td>\n<td>5.\u00aa feira<\/td>\n<td>13:30 &#8211; 15:00<\/td>\n<td>303<\/td>\n<\/tr>\n<tr>\n<td class=\"tohide\">Hor\u00e1cio Drumond<\/td>\n<td>03<\/td>\n<td>4.\u00aa feira<\/td>\n<td>13:30 &#8211; 15:00<\/td>\n<td>410<\/td>\n<\/tr>\n<tr>\n<td class=\"tohide\">Ana Ascens\u00e3o<\/td>\n<td>04<\/td>\n<td>5.\u00aa feira<\/td>\n<td>13:30 &#8211; 14:15<\/td>\n<td>401<\/td>\n<\/tr>\n<tr>\n<td class=\"tohide\">Carlos Pereira<\/td>\n<td>05<\/td>\n<td>3.\u00aa feira<\/td>\n<td>13:30 &#8211; 15:00<\/td>\n<td>403<\/td>\n<\/tr>\n<tr>\n<td class=\"tohide\">Ana Ascens\u00e3o<\/td>\n<td>06<\/td>\n<td>5.\u00aa feira<\/td>\n<td>13:30 &#8211; 14:15<\/td>\n<td>401<\/td>\n<\/tr>\n<tr>\n<td class=\"tohide\">Ana Ascens\u00e3o<\/td>\n<td>07<\/td>\n<td>3.\u00aa feira<\/td>\n<td>11:45 &#8211; 12:30<\/td>\n<td>B34<\/td>\n<\/tr>\n<tr>\n<td class=\"tohide\">David Mata<\/td>\n<td>08<\/td>\n<td>2.\u00aa feira<\/td>\n<td>13:30 &#8211; 15:00<\/td>\n<td>B35<\/td>\n<\/tr>\n<tr>\n<td class=\"tohide\">Vitor Teixeira<\/td>\n<td>09<\/td>\n<td>2.\u00aa feira<\/td>\n<td>13:30 &#8211; 15:00<\/td>\n<td>402<\/td>\n<\/tr>\n<tr>\n<td class=\"tohide\">Vitor Teixeira<\/td>\n<td>09<\/td>\n<td>5.\u00aa feira<\/td>\n<td>11:45 &#8211; 13:15<\/td>\n<td>B36<\/td>\n<\/tr>\n<tr>\n<td class=\"tohide\">Carlos Pereira<\/td>\n<td>10<\/td>\n<td>3.\u00aa feira<\/td>\n<td>13:30 &#8211; 15:00<\/td>\n<td>403<\/td>\n<\/tr>\n<tr>\n<td class=\"tohide\">Roberto Oliveira<\/td>\n<td>11<\/td>\n<td>2.\u00aa feira<\/td>\n<td>13:30 &#8211; 15:00<\/td>\n<td>404<\/td>\n<\/tr>\n<tr>\n<td class=\"tohide\">David Mata<\/td>\n<td>12<\/td>\n<td>2.\u00aa feira<\/td>\n<td>13:30 &#8211; 15:00<\/td>\n<td>B35<\/td>\n<\/tr>\n<\/tbody>\n<\/table>\n<p>[\/vc_column_text][\/vc_tta_section][vc_tta_section i_icon_fontawesome=&#8221;fas fa-book-open&#8221; add_icon=&#8221;true&#8221; title=&#8221;Portugu\u00eas&#8221; tab_id=&#8221;1666456800433-1c87ee8d-cbc7&#8243;][vc_column_text]<\/p>\n<table id=\"PORT11CT\" class=\"table table-hover \">\n<thead>\n<tr class=\"info\">\n<td class=\"tohide\">Professor(a)<\/td>\n<td>Turma<\/td>\n<td>Dia<\/td>\n<td>Hora<\/td>\n<td>Sala<\/td>\n<\/tr>\n<\/thead>\n<tbody>\n<tr>\n<td class=\"tohide\">Susana Rodrigues<\/td>\n<td>01<\/td>\n<td>6.\u00aa feira<\/td>\n<td>13:30 &#8211; 14:15<\/td>\n<td>L34<\/td>\n<\/tr>\n<tr>\n<td class=\"tohide\">Maria Jo\u00e3o Lopes<\/td>\n<td>02<\/td>\n<td>3.\u00aa feira<\/td>\n<td>13:30 &#8211; 15:00<\/td>\n<td>421A<\/td>\n<\/tr>\n<tr>\n<td class=\"tohide\">Jos\u00e9 Alcino<\/td>\n<td>03<\/td>\n<td>6.\u00aa feira<\/td>\n<td>13:30 &#8211; 14:15<\/td>\n<td>404<\/td>\n<\/tr>\n<tr>\n<td class=\"tohide\">Jos\u00e9 Alcino<\/td>\n<td>04<\/td>\n<td>6.\u00aa feira<\/td>\n<td>13:30 &#8211; 14:15<\/td>\n<td>404<\/td>\n<\/tr>\n<tr>\n<td class=\"tohide\">\u00c2ngela Carvalho<\/td>\n<td>05<\/td>\n<td>5.\u00aa feira<\/td>\n<td>13:30 &#8211; 14:15<\/td>\n<td>403<\/td>\n<\/tr>\n<tr>\n<td class=\"tohide\">Clara Gomes<\/td>\n<td>06<\/td>\n<td>3.\u00aa feira<\/td>\n<td>13:30 &#8211; 15:00<\/td>\n<td>413<\/td>\n<\/tr>\n<tr>\n<td class=\"tohide\">Cl\u00e1udia Viveiros<\/td>\n<td>07<\/td>\n<td>6.\u00aa feira<\/td>\n<td>15:15 &#8211; 16:45<\/td>\n<td>B37<\/td>\n<\/tr>\n<tr>\n<td class=\"tohide\">Cl\u00e1udia Viveiros<\/td>\n<td>08<\/td>\n<td>6.\u00aa feira<\/td>\n<td>15:15 &#8211; 16:45<\/td>\n<td>B37<\/td>\n<\/tr>\n<tr>\n<td class=\"tohide\">Elsa Freitas<\/td>\n<td>09<\/td>\n<td>5.\u00aa feira<\/td>\n<td>11:45 &#8211; 12:30<\/td>\n<td>421A<\/td>\n<\/tr>\n<tr>\n<td class=\"tohide\">Elsa Freitas<\/td>\n<td>10<\/td>\n<td>3.\u00aa feira<\/td>\n<td>13:30 &#8211; 14:15<\/td>\n<td>415<\/td>\n<\/tr>\n<tr>\n<td class=\"tohide\">Clara Gomes<\/td>\n<td>11<\/td>\n<td>3.\u00aa feira<\/td>\n<td>13:30 &#8211; 15:00<\/td>\n<td>413<\/td>\n<\/tr>\n<\/tbody>\n<\/table>\n<p>[\/vc_column_text][\/vc_tta_section][\/vc_tta_accordion][\/vc_column][\/vc_row][vc_row disable_element=&#8221;yes&#8221;][vc_column][vc_custom_heading text=&#8221;Ci\u00eancias e Tecnologias &#8211; 12.\u00ba Ano&#8221; use_theme_fonts=&#8221;yes&#8221;][\/vc_column][\/vc_row][vc_row disable_element=&#8221;yes&#8221;][vc_column][vc_tta_accordion shape=&#8221;round&#8221; active_section=&#8221;99&#8243; collapsible_all=&#8221;true&#8221;][vc_tta_section i_icon_fontawesome=&#8221;fas fa-leaf&#8221; add_icon=&#8221;true&#8221; title=&#8221;Biologia&#8221; tab_id=&#8221;1666457641643-caa3fc54-ef43&#8243;][vc_column_text]<\/p>\n<table id=\"BIO11CT\" class=\"table table-hover \">\n<thead>\n<tr class=\"info\">\n<td class=\"tohide\">Professor(a)<\/td>\n<td>Turma<\/td>\n<td>Dia<\/td>\n<td>Hora<\/td>\n<td>Sala<\/td>\n<\/tr>\n<\/thead>\n<tbody>\n<tr>\n<td class=\"tohide\">M\u00e9cia Teixeira<\/td>\n<td>01<\/td>\n<td>6.\u00aa feira<\/td>\n<td>13:30 &#8211; 14:15<\/td>\n<td>L33<\/td>\n<\/tr>\n<tr>\n<td class=\"tohide\">M\u00e9cia Teixeira<\/td>\n<td>02<\/td>\n<td>6.\u00aa feira<\/td>\n<td>13:30 &#8211; 14:15<\/td>\n<td>L33<\/td>\n<\/tr>\n<tr>\n<td class=\"tohide\">Teresa Canha<\/td>\n<td>04<\/td>\n<td>2.\u00aa feira<\/td>\n<td>15:15 &#8211; 16:45<\/td>\n<td>L43A<\/td>\n<\/tr>\n<tr>\n<td class=\"tohide\">Teresa Canha<\/td>\n<td>06<\/td>\n<td>2.\u00aa feira<\/td>\n<td>15:15 &#8211; 16:45<\/td>\n<td>L43A<\/td>\n<\/tr>\n<tr>\n<td class=\"tohide\">Lene Jardim<\/td>\n<td>10<\/td>\n<td>5.\u00aa feira<\/td>\n<td>13:30 &#8211; 14:15<\/td>\n<td>411A<\/td>\n<\/tr>\n<\/tbody>\n<\/table>\n<p>[\/vc_column_text][\/vc_tta_section][vc_tta_section i_icon_fontawesome=&#8221;fas fa-temperature-high&#8221; add_icon=&#8221;true&#8221; title=&#8221;F\u00edsica&#8221; tab_id=&#8221;1666457641643-f72e49c1-ad76&#8243;][vc_column_text]<\/p>\n<table id=\"FIS12CT\" class=\"table table-hover \">\n<thead>\n<tr class=\"info\">\n<td class=\"tohide\">Professor(a)<\/td>\n<td>Turma<\/td>\n<td>Dia<\/td>\n<td>Hora<\/td>\n<td>Sala<\/td>\n<\/tr>\n<\/thead>\n<tbody>\n<tr>\n<td class=\"tohide\">Rui Francisco Afonseca<\/td>\n<td>07<\/td>\n<td>4.\u00aa feira<\/td>\n<td>13:30 &#8211; 14:15<\/td>\n<td>L21<\/td>\n<\/tr>\n<tr>\n<td class=\"tohide\">Carlos Lobo<\/td>\n<td>08<\/td>\n<td>4.\u00aa feira<\/td>\n<td>13:30 &#8211; 15:00<\/td>\n<td>L23<\/td>\n<\/tr>\n<tr>\n<td class=\"tohide\">Rui Francisco Afonseca<\/td>\n<td>09<\/td>\n<td>4.\u00aa feira<\/td>\n<td>\u00a013:30 &#8211; 14:15<\/td>\n<td>L21<\/td>\n<\/tr>\n<\/tbody>\n<\/table>\n<p>[\/vc_column_text][\/vc_tta_section][vc_tta_section i_icon_fontawesome=&#8221;fas fa-calculator&#8221; add_icon=&#8221;true&#8221; title=&#8221;Matem\u00e1tica A&#8221; tab_id=&#8221;1666457937772-02f490b5-87eb&#8221;][vc_column_text]<\/p>\n<table id=\"MAT12CT\" class=\"table table-hover \">\n<thead>\n<tr class=\"info\">\n<td class=\"tohide\">Professor(a)<\/td>\n<td>Turma<\/td>\n<td>Dia<\/td>\n<td>Hora<\/td>\n<td>Sala<\/td>\n<\/tr>\n<\/thead>\n<tbody>\n<tr>\n<td class=\"tohide\">Jord\u00e3o Costa<\/td>\n<td>01<\/td>\n<td>6.\u00aa feira<\/td>\n<td>11:45 &#8211; 13:15<\/td>\n<td>B20<\/td>\n<\/tr>\n<tr>\n<td class=\"tohide\">Ana Paula Dias<\/td>\n<td>02<\/td>\n<td>3.\u00aa feira<\/td>\n<td>11:45 &#8211; 13:15<\/td>\n<td>411A<\/td>\n<\/tr>\n<tr>\n<td class=\"tohide\">Hor\u00e1cio Drumond<\/td>\n<td>03<\/td>\n<td>4.\u00aa feira<\/td>\n<td>11:45 &#8211; 13:15<\/td>\n<td>415<\/td>\n<\/tr>\n<tr>\n<td class=\"tohide\">Maria Paula Cr\u00f3<\/td>\n<td>04<\/td>\n<td>5.\u00aa feira<\/td>\n<td>17:00 &#8211; 18:30<\/td>\n<td>202<\/td>\n<\/tr>\n<tr>\n<td class=\"tohide\">Maria Paula Cr\u00f3<\/td>\n<td>05<\/td>\n<td>5.\u00aa feira<\/td>\n<td>17:00 &#8211; 18:30<\/td>\n<td>202<\/td>\n<\/tr>\n<tr>\n<td class=\"tohide\">Roberto Oliveira<\/td>\n<td>06<\/td>\n<td>2.\u00aa feira<\/td>\n<td>13:30 &#8211; 15:00<\/td>\n<td>404<\/td>\n<\/tr>\n<tr>\n<td class=\"tohide\">Humberto Ornelas<\/td>\n<td>07<\/td>\n<td>4.\u00aa feira<\/td>\n<td>15:15 &#8211; 16:45<\/td>\n<td>208<\/td>\n<\/tr>\n<tr>\n<td class=\"tohide\">Roberto Oliveira<\/td>\n<td>08<\/td>\n<td>2.\u00aa feira<\/td>\n<td>13:30 &#8211; 15:00<\/td>\n<td>404<\/td>\n<\/tr>\n<tr>\n<td class=\"tohide\">Humberto Ornelas<\/td>\n<td>09<\/td>\n<td>4.\u00aa feira<\/td>\n<td>15:15 &#8211; 16:45<\/td>\n<td>208<\/td>\n<\/tr>\n<tr>\n<td class=\"tohide\">Humberto Ornelas<\/td>\n<td>10<\/td>\n<td>4.\u00aa feira<\/td>\n<td>15:15 &#8211; 16:45<\/td>\n<td>208<\/td>\n<\/tr>\n<\/tbody>\n<\/table>\n<p>[\/vc_column_text][\/vc_tta_section][vc_tta_section i_icon_fontawesome=&#8221;fas fa-book-open&#8221; add_icon=&#8221;true&#8221; title=&#8221;Portugu\u00eas&#8221; tab_id=&#8221;1666458034774-12e0ea00-6165&#8243;][vc_column_text]<\/p>\n<table id=\"PORT12CT\" class=\"table table-hover \">\n<thead>\n<tr class=\"info\">\n<td class=\"tohide\">Professor(a)<\/td>\n<td>Turma<\/td>\n<td>Dia<\/td>\n<td>Hora<\/td>\n<td>Sala<\/td>\n<\/tr>\n<\/thead>\n<tbody>\n<tr>\n<td class=\"tohide\">Jo\u00e3o Carlos Costa<\/td>\n<td>01<\/td>\n<td>2.\u00aa feira<\/td>\n<td>15:15 &#8211; 16:00<\/td>\n<td>202<\/td>\n<\/tr>\n<tr>\n<td class=\"tohide\">Maria Jo\u00e3o Lopes<\/td>\n<td>02<\/td>\n<td>3.\u00aa feira<\/td>\n<td>17:00 &#8211; 17:45<\/td>\n<td>301<\/td>\n<\/tr>\n<tr>\n<td class=\"tohide\">Maria Jo\u00e3o Lopes<\/td>\n<td>03<\/td>\n<td>3.\u00aa feira<\/td>\n<td>13:30 &#8211; 14:15<\/td>\n<td>421A<\/td>\n<\/tr>\n<tr>\n<td class=\"tohide\">Maria Jos\u00e9 Costa<\/td>\n<td>04<\/td>\n<td>3.\u00aa feira<\/td>\n<td>13:30 &#8211; 14:15<\/td>\n<td>B23<\/td>\n<\/tr>\n<tr>\n<td class=\"tohide\">Maria Jo\u00e3o Lopes<\/td>\n<td>05<\/td>\n<td>3.\u00aa feira<\/td>\n<td>13:30 &#8211; 14:15<\/td>\n<td>421A<\/td>\n<\/tr>\n<tr>\n<td class=\"tohide\">Maria Lu\u00edsa Gon\u00e7alves<\/td>\n<td>06<\/td>\n<td>5.\u00aa feira<\/td>\n<td>13:30 &#8211; 14:15<\/td>\n<td>403<\/td>\n<\/tr>\n<tr>\n<td class=\"tohide\">Jo\u00e3o Manuel Sousa<\/td>\n<td>07<\/td>\n<td>4.\u00aa feira<\/td>\n<td>13:30 &#8211; 14:15<\/td>\n<td>209<\/td>\n<\/tr>\n<tr>\n<td class=\"tohide\">Eker Gomes<\/td>\n<td>08<\/td>\n<td>2.\u00aa feira<\/td>\n<td>17:00 &#8211; 17:45<\/td>\n<td>301<\/td>\n<\/tr>\n<tr>\n<td class=\"tohide\">Susana Rodrigues<\/td>\n<td>09<\/td>\n<td>4.\u00aa feira<\/td>\n<td>13:30 &#8211; 14:15<\/td>\n<td>207<\/td>\n<\/tr>\n<tr>\n<td class=\"tohide\">Maria Lu\u00edsa Gon\u00e7alves<\/td>\n<td>10<\/td>\n<td>6.\u00aa feira<\/td>\n<td>13:30 &#8211; 14:15<\/td>\n<td>403<\/td>\n<\/tr>\n<\/tbody>\n<\/table>\n<p>[\/vc_column_text][\/vc_tta_section][vc_tta_section i_icon_fontawesome=&#8221;fas fa-user&#8221; add_icon=&#8221;true&#8221; title=&#8221;Psicologia B&#8221; tab_id=&#8221;1666458074333-e525f787-4771&#8243;][vc_column_text]<\/p>\n<table id=\"PSIB12CT\" class=\"table table-hover \">\n<thead>\n<tr class=\"info\">\n<td class=\"tohide\">Professor(a)<\/td>\n<td>Turma<\/td>\n<td>Dia<\/td>\n<td>Hora<\/td>\n<td>Sala<\/td>\n<\/tr>\n<\/thead>\n<tbody>\n<tr>\n<td class=\"tohide\">Isabel Agrela<\/td>\n<td>01<\/td>\n<td>6.\u00aa feira<\/td>\n<td>15:15 &#8211; 16:45<\/td>\n<td>210<\/td>\n<\/tr>\n<tr>\n<td class=\"tohide\">M\u00e1rio Melim<\/td>\n<td>02<\/td>\n<td>5.\u00aa feira<\/td>\n<td>17:00 &#8211; 17:45<\/td>\n<td>401<\/td>\n<\/tr>\n<tr>\n<td class=\"tohide\">Isabel Agrela<\/td>\n<td>03<\/td>\n<td>5.\u00aa feira<\/td>\n<td>17:00 &#8211; 17:45<\/td>\n<td>302<\/td>\n<\/tr>\n<tr>\n<td class=\"tohide\">M\u00e1rio Melim<\/td>\n<td>05<\/td>\n<td>5.\u00aa feira<\/td>\n<td>17:00 &#8211; 17:45<\/td>\n<td>401<\/td>\n<\/tr>\n<tr>\n<td class=\"tohide\">T\u00e2nia Velosa<\/td>\n<td>06<\/td>\n<td>4.\u00aa feira<\/td>\n<td>13:30 &#8211; 15:00<\/td>\n<td>B36<\/td>\n<\/tr>\n<\/tbody>\n<\/table>\n<p>[\/vc_column_text][\/vc_tta_section][vc_tta_section i_icon_fontawesome=&#8221;fas fa-flask&#8221; add_icon=&#8221;true&#8221; title=&#8221;Qu\u00edmica&#8221; tab_id=&#8221;1666458284757-016b1753-10ca&#8221;][vc_column_text]<\/p>\n<table id=\"QUI12CT\" class=\"table table-hover \">\n<thead>\n<tr class=\"info\">\n<td class=\"tohide\">Professor(a)<\/td>\n<td>Turma<\/td>\n<td>Dia<\/td>\n<td>Hora<\/td>\n<td>Sala<\/td>\n<\/tr>\n<\/thead>\n<tbody>\n<tr>\n<td class=\"tohide\">C\u00e9lia Vasconcelos<\/td>\n<td>04<\/td>\n<td>2.\u00aa feira<\/td>\n<td>13:30 &#8211; 14:15<\/td>\n<td>L30<\/td>\n<\/tr>\n<tr>\n<td class=\"tohide\">C\u00e9lia Vasconcelos<\/td>\n<td>05<\/td>\n<td>2.\u00aa feira<\/td>\n<td>13:30 &#8211; 14:15<\/td>\n<td>L30<\/td>\n<\/tr>\n<\/tbody>\n<\/table>\n<p>[\/vc_column_text][\/vc_tta_section][\/vc_tta_accordion][\/vc_column][\/vc_row][vc_row][vc_column][vc_custom_heading text=&#8221;Artes Visuais&#8221; use_theme_fonts=&#8221;yes&#8221;][\/vc_column][\/vc_row][vc_row][vc_column]\t\t<div class=\"wh-content-box  scp_content_box-d41d8cd98f00b204e9800998ecf8427e\">\n\t\t\t\t\t\t\t\t\t\t\t\t[vc_tta_accordion shape=&#8221;round&#8221; active_section=&#8221;99&#8243; collapsible_all=&#8221;true&#8221;][vc_tta_section i_icon_fontawesome=&#8221;far fa-calendar-alt&#8221; add_icon=&#8221;true&#8221; title=&#8221;10.\u00ba Ano&#8221; tab_id=&#8221;1729597479125-fcf80ba0-05cc&#8221;][vc_column_text css=&#8221;&#8221;]<a href=\"https:\/\/esffranco.edu.pt\/web\/wp-content\/uploads\/2025\/10\/APT_AV_10.pdf\" class=\"pdfemb-viewer\" style=\"\" data-width=\"max\" data-height=\"max\" data-toolbar=\"bottom\" data-toolbar-fixed=\"on\">APT_AV_10<\/a>[\/vc_column_text][\/vc_tta_section][vc_tta_section i_icon_fontawesome=&#8221;fas fa-calendar-alt&#8221; add_icon=&#8221;true&#8221; title=&#8221;11.\u00ba Ano&#8221; tab_id=&#8221;1729597479126-98964f6b-1998&#8243;][vc_column_text css=&#8221;&#8221;]<a href=\"https:\/\/esffranco.edu.pt\/web\/wp-content\/uploads\/2025\/10\/APT_AV_11.pdf\" class=\"pdfemb-viewer\" style=\"\" data-width=\"max\" data-height=\"max\" data-toolbar=\"bottom\" data-toolbar-fixed=\"on\">APT_AV_11<\/a>[\/vc_column_text][\/vc_tta_section][vc_tta_section i_icon_fontawesome=&#8221;fas fa-calendar&#8221; add_icon=&#8221;true&#8221; title=&#8221;12.\u00ba Ano&#8221; tab_id=&#8221;1729597479126-83451428-8b16&#8243;][vc_column_text css=&#8221;&#8221;]<a href=\"https:\/\/esffranco.edu.pt\/web\/wp-content\/uploads\/2025\/10\/APT_AV_12.pdf\" class=\"pdfemb-viewer\" style=\"\" data-width=\"max\" data-height=\"max\" data-toolbar=\"bottom\" data-toolbar-fixed=\"on\">APT_AV_12<\/a>[\/vc_column_text][\/vc_tta_section][\/vc_tta_accordion]\t\t<\/div>\n\t\t[\/vc_column][\/vc_row][vc_row disable_element=&#8221;yes&#8221;][vc_column][vc_tta_accordion shape=&#8221;round&#8221; active_section=&#8221;99&#8243; collapsible_all=&#8221;true&#8221;][vc_tta_section i_icon_fontawesome=&#8221;fas fa-palette&#8221; add_icon=&#8221;true&#8221; title=&#8221;Desenho A&#8221; tab_id=&#8221;1666478692734-c2405f40-1718&#8243;][vc_column_text]<\/p>\n<table id=\"DESA10AV\" class=\"table table-hover \">\n<thead>\n<tr class=\"info\">\n<td class=\"tohide\">Professor(a)<\/td>\n<td>Turma<\/td>\n<td>Dia<\/td>\n<td>Hora<\/td>\n<td>Sala<\/td>\n<\/tr>\n<\/thead>\n<tbody>\n<tr>\n<td class=\"tohide\">Raquel Peres<\/td>\n<td>14<\/td>\n<td>2.\u00aa feira<\/td>\n<td>13:30 &#8211; 15:00<\/td>\n<td>414<\/td>\n<\/tr>\n<tr>\n<td class=\"tohide\">Raquel Peres<\/td>\n<td>14<\/td>\n<td>4.\u00aa feira<\/td>\n<td>13:30 &#8211; 15:00<\/td>\n<td>418<\/td>\n<\/tr>\n<tr>\n<td class=\"tohide\">Raquel Peres<\/td>\n<td>15<\/td>\n<td>2.\u00aa feira<\/td>\n<td>13:30 &#8211; 15:00<\/td>\n<td>414<\/td>\n<\/tr>\n<tr>\n<td class=\"tohide\">Raquel Peres<\/td>\n<td>15<\/td>\n<td>6.\u00aa feira<\/td>\n<td>08:15 &#8211; 09:45<\/td>\n<td>416<\/td>\n<\/tr>\n<tr>\n<td class=\"tohide\">C\u00e1tia Freitas<\/td>\n<td>16<\/td>\n<td>6.\u00aa feira<\/td>\n<td>10:00 &#8211; 11:30<\/td>\n<td>416<\/td>\n<\/tr>\n<tr>\n<td class=\"tohide\">C\u00e1tia Freitas<\/td>\n<td>17<\/td>\n<td>5.\u00aa feira<\/td>\n<td>11:45 &#8211; 13:15<\/td>\n<td>421<\/td>\n<\/tr>\n<\/tbody>\n<\/table>\n<p>[\/vc_column_text][\/vc_tta_section][vc_tta_section i_icon_fontawesome=&#8221;fas fa-book-reader&#8221; add_icon=&#8221;true&#8221; title=&#8221;Filosofia&#8221; tab_id=&#8221;1666478692734-4eba1f4a-1d55&#8243;][vc_column_text]<\/p>\n<table id=\"FILO10AV\" class=\"table table-hover \">\n<thead>\n<tr class=\"info\">\n<td class=\"tohide\">Professor(a)<\/td>\n<td>Turma<\/td>\n<td>Dia<\/td>\n<td>Hora<\/td>\n<td>Sala<\/td>\n<\/tr>\n<\/thead>\n<tbody>\n<tr>\n<td class=\"tohide\">S\u00edlvia Do Carmo<\/td>\n<td>14<\/td>\n<td>2.\u00aa feira<\/td>\n<td>13:30 &#8211; 15:00<\/td>\n<td>202<\/td>\n<\/tr>\n<tr>\n<td class=\"tohide\">Marco Carvalho<\/td>\n<td>15<\/td>\n<td>5.\u00aa feira<\/td>\n<td>13:30 &#8211; 15:00<\/td>\n<td>412<\/td>\n<\/tr>\n<tr>\n<td class=\"tohide\">Filomena Trindade<\/td>\n<td>16<\/td>\n<td>5.\u00aa feira<\/td>\n<td>17:00 &#8211; 18:30<\/td>\n<td>B36<\/td>\n<\/tr>\n<tr>\n<td class=\"tohide\">Filomena Trindade<\/td>\n<td>17<\/td>\n<td>6.\u00aa feira<\/td>\n<td>\u00a013:30 &#8211; 15:00<\/td>\n<td>210<\/td>\n<\/tr>\n<\/tbody>\n<\/table>\n<p>[\/vc_column_text][\/vc_tta_section][vc_tta_section i_icon_fontawesome=&#8221;fas fa-drafting-compass&#8221; add_icon=&#8221;true&#8221; title=&#8221;Geometria Descritiva A&#8221; tab_id=&#8221;1666478872898-72d4d92d-4394&#8243;][vc_column_text]<\/p>\n<table id=\"GDA10AV\" class=\"table table-hover \">\n<thead>\n<tr class=\"info\">\n<td class=\"tohide\">Professor(a)<\/td>\n<td>Turma<\/td>\n<td>Dia<\/td>\n<td>Hora<\/td>\n<td>Sala<\/td>\n<\/tr>\n<\/thead>\n<tbody>\n<tr>\n<td class=\"tohide\">Rui Pedro Nunes<\/td>\n<td>14<\/td>\n<td>2.\u00aa feira<\/td>\n<td>13:30 &#8211; 15:00<\/td>\n<td>310<\/td>\n<\/tr>\n<tr>\n<td class=\"tohide\">Rui Pedro Nunes<\/td>\n<td>15<\/td>\n<td>2.\u00aa feira<\/td>\n<td>13:30 &#8211; 15:00<\/td>\n<td>310<\/td>\n<\/tr>\n<tr>\n<td class=\"tohide\">Arlete Franco<\/td>\n<td>16<\/td>\n<td>3.\u00aa feira<\/td>\n<td>13:30 &#8211; 15:00<\/td>\n<td>311<\/td>\n<\/tr>\n<tr>\n<td class=\"tohide\">Arlete Franco<\/td>\n<td>17<\/td>\n<td>3.\u00aa feira<\/td>\n<td>13:30 &#8211; 15:00<\/td>\n<td>311<\/td>\n<\/tr>\n<\/tbody>\n<\/table>\n<p>[\/vc_column_text][\/vc_tta_section][vc_tta_section i_icon_fontawesome=&#8221;far fa-image&#8221; add_icon=&#8221;true&#8221; title=&#8221;Hist\u00f3ria da Cultura e das Artes&#8221; tab_id=&#8221;1666478933019-f0649939-4947&#8243;][vc_column_text]<\/p>\n<table id=\"HCA10AV\" class=\"table table-hover \">\n<thead>\n<tr class=\"info\">\n<td class=\"tohide\">Professor(a)<\/td>\n<td>Turma<\/td>\n<td>Dia<\/td>\n<td>Hora<\/td>\n<td>Sala<\/td>\n<\/tr>\n<\/thead>\n<tbody>\n<tr>\n<td class=\"tohide\">M.\u00aa Alexandra Pais<\/td>\n<td>15<\/td>\n<td>4.\u00aa feira<\/td>\n<td>13:30 &#8211; 14:15<\/td>\n<td>L43<\/td>\n<\/tr>\n<tr>\n<td class=\"tohide\">M.\u00aa Alexandra Pais<\/td>\n<td>16<\/td>\n<td>2.\u00aa feira<\/td>\n<td>11:45 &#8211; 12:30<\/td>\n<td>210<\/td>\n<\/tr>\n<tr>\n<td class=\"tohide\">M.\u00aa Alexandra Pais<\/td>\n<td>17<\/td>\n<td>2.\u00aa feira<\/td>\n<td>11:45 &#8211; 12:30<\/td>\n<td>210<\/td>\n<\/tr>\n<\/tbody>\n<\/table>\n<p>[\/vc_column_text][\/vc_tta_section][vc_tta_section i_icon_fontawesome=&#8221;far fa-comments&#8221; add_icon=&#8221;true&#8221; title=&#8221;Ingl\u00eas&#8221; tab_id=&#8221;1666479090822-1962537b-bd0d&#8221;][vc_column_text]<\/p>\n<table id=\"ING10AV\" class=\"table table-hover \">\n<thead>\n<tr class=\"info\">\n<td class=\"tohide\">Professor(a)<\/td>\n<td>Turma<\/td>\n<td>Dia<\/td>\n<td>Hora<\/td>\n<td>Sala<\/td>\n<\/tr>\n<\/thead>\n<tbody>\n<tr>\n<td class=\"tohide\">Teresa Freitas<\/td>\n<td>14<\/td>\n<td>4.\u00aa feira<\/td>\n<td>13:30 &#8211; 14:15<\/td>\n<td>411<\/td>\n<\/tr>\n<tr>\n<td class=\"tohide\">Teresa Freitas<\/td>\n<td>15<\/td>\n<td>4.\u00aa feira<\/td>\n<td>13:30 &#8211; 14:15<\/td>\n<td>411<\/td>\n<\/tr>\n<tr>\n<td class=\"tohide\">Manuela Fernandes<\/td>\n<td>16<\/td>\n<td>6.\u00aa feira<\/td>\n<td>10:00 &#8211; 10:45<\/td>\n<td>418<\/td>\n<\/tr>\n<tr>\n<td class=\"tohide\">Carla Chatterley<\/td>\n<td>17<\/td>\n<td>3.\u00aa feira<\/td>\n<td>15:15 &#8211; 16:00<\/td>\n<td>B21<\/td>\n<\/tr>\n<\/tbody>\n<\/table>\n<p>[\/vc_column_text][\/vc_tta_section][vc_tta_section i_icon_fontawesome=&#8221;fas fa-square-root-alt&#8221; add_icon=&#8221;true&#8221; title=&#8221;Matem\u00e1tica B&#8221; tab_id=&#8221;1666479128116-72f6eea9-7184&#8243;][vc_column_text]<\/p>\n<table id=\"MATB10AV\" class=\"table table-hover \">\n<thead>\n<tr class=\"info\">\n<td class=\"tohide\">Professor(a)<\/td>\n<td>Turma<\/td>\n<td>Dia<\/td>\n<td>Hora<\/td>\n<td>Sala<\/td>\n<\/tr>\n<\/thead>\n<tbody>\n<tr>\n<td class=\"tohide\">T\u00e2nia Coreia<\/td>\n<td>14<\/td>\n<td>3.\u00aa feira<\/td>\n<td>13:30 &#8211; 15:00<\/td>\n<td>312<\/td>\n<\/tr>\n<\/tbody>\n<\/table>\n<p>[\/vc_column_text][\/vc_tta_section][vc_tta_section i_icon_fontawesome=&#8221;fas fa-book-open&#8221; add_icon=&#8221;true&#8221; title=&#8221;Portugu\u00eas&#8221; tab_id=&#8221;1666479180492-e72d8a6d-bf74&#8243;][vc_column_text]<\/p>\n<table id=\"POR10AV\" class=\"table table-hover \">\n<thead>\n<tr class=\"info\">\n<td class=\"tohide\">Professor(a)<\/td>\n<td>Turma<\/td>\n<td>Dia<\/td>\n<td>Hora<\/td>\n<td>Sala<\/td>\n<\/tr>\n<\/thead>\n<tbody>\n<tr>\n<td class=\"tohide\">Micaela Martins<\/td>\n<td>14<\/td>\n<td>4.\u00aa feira<\/td>\n<td>15:15 &#8211; 16:45<\/td>\n<td>310<\/td>\n<\/tr>\n<tr>\n<td class=\"tohide\">Ana Maria de Freitas<\/td>\n<td>15<\/td>\n<td>2.\u00aa feira<\/td>\n<td>13:30 &#8211; 15:00<\/td>\n<td>410<\/td>\n<\/tr>\n<tr>\n<td class=\"tohide\">Nat\u00e9rcia Silva<\/td>\n<td>16<\/td>\n<td>4.\u00aa feira<\/td>\n<td>15:15 &#8211; 16:00<\/td>\n<td>411<\/td>\n<\/tr>\n<\/tbody>\n<\/table>\n<p>[\/vc_column_text][\/vc_tta_section][\/vc_tta_accordion][\/vc_column][\/vc_row][vc_row disable_element=&#8221;yes&#8221;][vc_column][vc_custom_heading text=&#8221;Artes Visuais &#8211; 11.\u00ba Ano&#8221; use_theme_fonts=&#8221;yes&#8221;][\/vc_column][\/vc_row][vc_row disable_element=&#8221;yes&#8221;][vc_column][vc_tta_accordion shape=&#8221;round&#8221; active_section=&#8221;99&#8243; collapsible_all=&#8221;true&#8221;][vc_tta_section i_icon_fontawesome=&#8221;fas fa-palette&#8221; add_icon=&#8221;true&#8221; title=&#8221;Desenho A&#8221; tab_id=&#8221;1666524105558-e8d81742-818e&#8221;][vc_column_text]<\/p>\n<table id=\"DESA11AV\" class=\"table table-hover \">\n<thead>\n<tr class=\"info\">\n<td class=\"tohide\">Professor(a)<\/td>\n<td>Turma<\/td>\n<td>Dia<\/td>\n<td>Hora<\/td>\n<td>Sala<\/td>\n<\/tr>\n<\/thead>\n<tbody>\n<tr>\n<td class=\"tohide\">Isabel Lucas<\/td>\n<td>13<\/td>\n<td>5.\u00aa feira<\/td>\n<td>13:30 &#8211; 15:00<\/td>\n<td>415<\/td>\n<\/tr>\n<tr>\n<td class=\"tohide\">Isabel Lucas<\/td>\n<td>14<\/td>\n<td>5.\u00aa feira<\/td>\n<td>13:30 &#8211; 15:00<\/td>\n<td>415<\/td>\n<\/tr>\n<tr>\n<td class=\"tohide\">S\u00edlvia Pimenta<\/td>\n<td>15<\/td>\n<td>6.\u00aa feira<\/td>\n<td>15:15 &#8211; 16:45<\/td>\n<td>415<\/td>\n<\/tr>\n<tr>\n<td class=\"tohide\">Rui Ven\u00e2ncio<\/td>\n<td>16<\/td>\n<td>3.\u00aa feira<\/td>\n<td>13:30 &#8211; 15:00<\/td>\n<td>418<\/td>\n<\/tr>\n<\/tbody>\n<\/table>\n<p>[\/vc_column_text][\/vc_tta_section][vc_tta_section i_icon_fontawesome=&#8221;fas fa-book-reader&#8221; add_icon=&#8221;true&#8221; title=&#8221;Filosofia&#8221; tab_id=&#8221;1666524105558-b74699e7-8926&#8243;][vc_column_text]<\/p>\n<table id=\"FILO11AV\" class=\"table table-hover \">\n<thead>\n<tr class=\"info\">\n<td class=\"tohide\">Professor(a)<\/td>\n<td>Turma<\/td>\n<td>Dia<\/td>\n<td>Hora<\/td>\n<td>Sala<\/td>\n<\/tr>\n<\/thead>\n<tbody>\n<tr>\n<td class=\"tohide\">Paula Gon\u00e7alves<\/td>\n<td>13<\/td>\n<td>2.\u00aa feira<\/td>\n<td>13:30 &#8211; 15:00<\/td>\n<td>411A<\/td>\n<\/tr>\n<tr>\n<td class=\"tohide\">Susana Ramos<\/td>\n<td>14<\/td>\n<td>3.\u00aa feira<\/td>\n<td>15:15 &#8211; 16:00<\/td>\n<td>403<\/td>\n<\/tr>\n<tr>\n<td class=\"tohide\">L\u00edgia Faria<\/td>\n<td>15<\/td>\n<td>4.\u00aa feira<\/td>\n<td>13:30 &#8211; 14:15<\/td>\n<td>212<\/td>\n<\/tr>\n<\/tbody>\n<\/table>\n<p>[\/vc_column_text][\/vc_tta_section][vc_tta_section i_icon_fontawesome=&#8221;fas fa-drafting-compass&#8221; add_icon=&#8221;true&#8221; title=&#8221;Geometria Descritiva A&#8221; tab_id=&#8221;1666524215849-4524b0a6-6df7&#8243;][vc_column_text]<\/p>\n<table id=\"GDA11AV\" class=\"table table-hover \">\n<thead>\n<tr class=\"info\">\n<td class=\"tohide\">Professor(a)<\/td>\n<td>Turma<\/td>\n<td>Dia<\/td>\n<td>Hora<\/td>\n<td>Sala<\/td>\n<\/tr>\n<\/thead>\n<tbody>\n<tr>\n<td class=\"tohide\">Teresa Mafalda<\/td>\n<td>13<\/td>\n<td>4.\u00aa feira<\/td>\n<td>13:30 &#8211; 14:15<\/td>\n<td>312<\/td>\n<\/tr>\n<tr>\n<td class=\"tohide\">Duarte Atan\u00e1sio<\/td>\n<td>14<\/td>\n<td>2.\u00aa feira<\/td>\n<td>13:30 &#8211; 15:00<\/td>\n<td>312<\/td>\n<\/tr>\n<tr>\n<td class=\"tohide\">Sofia Fernandes<\/td>\n<td>15<\/td>\n<td>4.\u00aa feira<\/td>\n<td>13:30 &#8211; 15:00<\/td>\n<td>311<\/td>\n<\/tr>\n<tr>\n<td class=\"tohide\">Sofia Fernandes<\/td>\n<td>16<\/td>\n<td>4.\u00aa feira<\/td>\n<td>15:15 &#8211; 16:45<\/td>\n<td>312<\/td>\n<\/tr>\n<\/tbody>\n<\/table>\n<p>[\/vc_column_text][\/vc_tta_section][vc_tta_section i_icon_fontawesome=&#8221;far fa-image&#8221; add_icon=&#8221;true&#8221; title=&#8221;Hist\u00f3ria da Cultura e das Artes&#8221; tab_id=&#8221;1666524253008-b9511a55-2450&#8243;][vc_column_text]<\/p>\n<table id=\"HCA11AV\" class=\"table table-hover \">\n<thead>\n<tr class=\"info\">\n<td class=\"tohide\">Professor(a)<\/td>\n<td>Turma<\/td>\n<td>Dia<\/td>\n<td>Hora<\/td>\n<td>Sala<\/td>\n<\/tr>\n<\/thead>\n<tbody>\n<tr>\n<td class=\"tohide\">Felipe Meleiro<\/td>\n<td>14<\/td>\n<td>3.\u00aa feira<\/td>\n<td>13:30 &#8211; 14:15<\/td>\n<td>204<\/td>\n<\/tr>\n<tr>\n<td class=\"tohide\">Felipe Meleiro<\/td>\n<td>15<\/td>\n<td>2.\u00aa feira<\/td>\n<td>13:30 &#8211; 14:15<\/td>\n<td>411<\/td>\n<\/tr>\n<tr>\n<td class=\"tohide\">Felipe Meleiro<\/td>\n<td>16<\/td>\n<td>3.\u00aa feira<\/td>\n<td>13:30 &#8211; 14:15<\/td>\n<td>204<\/td>\n<\/tr>\n<\/tbody>\n<\/table>\n<p>[\/vc_column_text][\/vc_tta_section][vc_tta_section i_icon_fontawesome=&#8221;far fa-comments&#8221; add_icon=&#8221;true&#8221; title=&#8221;Ingl\u00eas&#8221; tab_id=&#8221;1666524298816-5ba499f2-0615&#8243;][vc_column_text]<\/p>\n<table id=\"ING11AV\" class=\"table table-hover \">\n<thead>\n<tr class=\"info\">\n<td class=\"tohide\">Professor(a)<\/td>\n<td>Turma<\/td>\n<td>Dia<\/td>\n<td>Hora<\/td>\n<td>Sala<\/td>\n<\/tr>\n<\/thead>\n<tbody>\n<tr>\n<td class=\"tohide\">Sofia Marta Vieira<\/td>\n<td>13<\/td>\n<td>2.\u00aa feira<\/td>\n<td>13:30 &#8211; 15:00<\/td>\n<td>412<\/td>\n<\/tr>\n<tr>\n<td class=\"tohide\">Sofia Marta Vieira<\/td>\n<td>14<\/td>\n<td>2.\u00aa feira<\/td>\n<td>13:30 &#8211; 15:00<\/td>\n<td>412<\/td>\n<\/tr>\n<tr>\n<td class=\"tohide\">Ricardo F\u00e9lix<\/td>\n<td>15<\/td>\n<td>5.\u00aa feira<\/td>\n<td>13:30 &#8211; 15:00<\/td>\n<td>421A<\/td>\n<\/tr>\n<tr>\n<td class=\"tohide\">T\u00e2nia Jesus<\/td>\n<td>16<\/td>\n<td>6.\u00aa feira<\/td>\n<td>15:15 &#8211; 16:45<\/td>\n<td>411A<\/td>\n<\/tr>\n<\/tbody>\n<\/table>\n<p>[\/vc_column_text][\/vc_tta_section][vc_tta_section i_icon_fontawesome=&#8221;fas fa-square-root-alt&#8221; add_icon=&#8221;true&#8221; title=&#8221;Matem\u00e1tica B&#8221; tab_id=&#8221;1666524332208-ad407c42-a72b&#8221;][vc_column_text]<\/p>\n<table id=\"MATB11AV\" class=\"table table-hover \">\n<thead>\n<tr class=\"info\">\n<td class=\"tohide\">Professor(a)<\/td>\n<td>Turma<\/td>\n<td>Dia<\/td>\n<td>Hora<\/td>\n<td>Sala<\/td>\n<\/tr>\n<\/thead>\n<tbody>\n<tr>\n<td class=\"tohide\">T\u00e2nia Correia<\/td>\n<td>13<\/td>\n<td>3.\u00aa feira<\/td>\n<td>13:30 &#8211; 15:00<\/td>\n<td>312<\/td>\n<\/tr>\n<\/tbody>\n<\/table>\n<p>[\/vc_column_text][\/vc_tta_section][vc_tta_section i_icon_fontawesome=&#8221;fas fa-book-open&#8221; add_icon=&#8221;true&#8221; title=&#8221;Portugu\u00eas&#8221; tab_id=&#8221;1666524358649-f3eaf43a-0ce1&#8243;][vc_column_text]<\/p>\n<table id=\"PORT11AV\" class=\"table table-hover \">\n<thead>\n<tr class=\"info\">\n<td class=\"tohide\">Professor(a)<\/td>\n<td>Turma<\/td>\n<td>Dia<\/td>\n<td>Hora<\/td>\n<td>Sala<\/td>\n<\/tr>\n<\/thead>\n<tbody>\n<tr>\n<td class=\"tohide\">Vanda Sousa<\/td>\n<td>13<\/td>\n<td>4.\u00aa feira<\/td>\n<td>15:15 &#8211; 16:45<\/td>\n<td>311<\/td>\n<\/tr>\n<tr>\n<td class=\"tohide\">Elsa Freitas<\/td>\n<td>14<\/td>\n<td>3.\u00aa feira<\/td>\n<td>13:30 &#8211; 14:15<\/td>\n<td>415<\/td>\n<\/tr>\n<tr>\n<td class=\"tohide\">Vanda Sousa<\/td>\n<td>15<\/td>\n<td>4.\u00aa feira<\/td>\n<td>15:15 &#8211; 16:45<\/td>\n<td>311<\/td>\n<\/tr>\n<tr>\n<td class=\"tohide\">M\u00e1rcia Ferreira<\/td>\n<td>16<\/td>\n<td>5.\u00aa feira<\/td>\n<td>13:30 &#8211; 14:15<\/td>\n<td>L43<\/td>\n<\/tr>\n<\/tbody>\n<\/table>\n<p>[\/vc_column_text][\/vc_tta_section][\/vc_tta_accordion][\/vc_column][\/vc_row][vc_row disable_element=&#8221;yes&#8221;][vc_column][vc_custom_heading text=&#8221;Artes Visuais &#8211; 12.\u00ba Ano&#8221; use_theme_fonts=&#8221;yes&#8221;][\/vc_column][\/vc_row][vc_row disable_element=&#8221;yes&#8221;][vc_column][vc_tta_accordion shape=&#8221;round&#8221; active_section=&#8221;99&#8243; collapsible_all=&#8221;true&#8221;][vc_tta_section i_icon_fontawesome=&#8221;fas fa-palette&#8221; add_icon=&#8221;true&#8221; title=&#8221;Desenho A&#8221; tab_id=&#8221;1666525860564-e6545469-0be4&#8243;][vc_column_text]<\/p>\n<table id=\"DESA12V\" class=\"table table-hover \">\n<thead>\n<tr class=\"info\">\n<td class=\"tohide\">Professor(a)<\/td>\n<td>Turma<\/td>\n<td>Dia<\/td>\n<td>Hora<\/td>\n<td>Sala<\/td>\n<\/tr>\n<\/thead>\n<tbody>\n<tr>\n<td class=\"tohide\">Teresa Jardim<\/td>\n<td>11<\/td>\n<td>6.\u00aa feira<\/td>\n<td>13:30 &#8211; 14:15<\/td>\n<td>415<\/td>\n<\/tr>\n<tr>\n<td class=\"tohide\">Gra\u00e7a Berimbau<\/td>\n<td>12<\/td>\n<td>5.\u00aa feira<\/td>\n<td>13:30 &#8211; 15:00<\/td>\n<td>418<\/td>\n<\/tr>\n<tr>\n<td class=\"tohide\">S\u00edlvia Pimenta<\/td>\n<td>13<\/td>\n<td>4.\u00aa feira<\/td>\n<td>13:30 &#8211; 15:00<\/td>\n<td>421A<\/td>\n<\/tr>\n<tr>\n<td class=\"tohide\">S\u00edlvia Pimenta<\/td>\n<td>14<\/td>\n<td>4.\u00aa feira<\/td>\n<td>13:30 &#8211; 15:00<\/td>\n<td>421A<\/td>\n<\/tr>\n<\/tbody>\n<\/table>\n<p>[\/vc_column_text][\/vc_tta_section][vc_tta_section i_icon_fontawesome=&#8221;fas fa-book-open&#8221; add_icon=&#8221;true&#8221; title=&#8221;Portugu\u00eas&#8221; tab_id=&#8221;1666526295390-6a54cc44-7428&#8243;][vc_column_text]<\/p>\n<table id=\"PORT12V\" class=\"table table-hover \">\n<thead>\n<tr class=\"info\">\n<td class=\"tohide\">Professor(a)<\/td>\n<td>Turma<\/td>\n<td>Dia<\/td>\n<td>Hora<\/td>\n<td>Sala<\/td>\n<\/tr>\n<\/thead>\n<tbody>\n<tr>\n<td class=\"tohide\">Jo\u00e3o Carlos Costa<\/td>\n<td>11<\/td>\n<td>3.\u00aa feira<\/td>\n<td>13:30 &#8211; 14:15<\/td>\n<td>207<\/td>\n<\/tr>\n<tr>\n<td class=\"tohide\">Vera Carvalho<\/td>\n<td>12<\/td>\n<td>4.\u00aa feira<\/td>\n<td>13:30 &#8211; 15:00<\/td>\n<td>L30<\/td>\n<\/tr>\n<tr>\n<td class=\"tohide\">Eker Gomes<\/td>\n<td>13<\/td>\n<td>5.\u00aa feira<\/td>\n<td>12:30 &#8211; 13:15<\/td>\n<td>B34<\/td>\n<\/tr>\n<tr>\n<td class=\"tohide\">Maria Lu\u00edsa Gon\u00e7alves<\/td>\n<td>14<\/td>\n<td>3.\u00aa feira<\/td>\n<td>11:45 &#8211; 12:30<\/td>\n<td>414<\/td>\n<\/tr>\n<\/tbody>\n<\/table>\n<p>[\/vc_column_text][\/vc_tta_section][\/vc_tta_accordion][\/vc_column][\/vc_row][vc_row][vc_column][vc_custom_heading text=&#8221;Ci\u00eancias Socioecon\u00f3micas&#8221; use_theme_fonts=&#8221;yes&#8221;][\/vc_column][\/vc_row][vc_row][vc_column]\t\t<div class=\"wh-content-box  scp_content_box-d41d8cd98f00b204e9800998ecf8427e\">\n\t\t\t\t\t\t\t\t\t\t\t\t[vc_tta_accordion shape=&#8221;round&#8221; active_section=&#8221;99&#8243; collapsible_all=&#8221;true&#8221;][vc_tta_section i_icon_fontawesome=&#8221;far fa-calendar-alt&#8221; add_icon=&#8221;true&#8221; title=&#8221;10.\u00ba Ano&#8221; tab_id=&#8221;1729597757108-c4983c1f-9491&#8243;][vc_column_text css=&#8221;&#8221;]<a href=\"https:\/\/esffranco.edu.pt\/web\/wp-content\/uploads\/2025\/10\/APT_CS_10.pdf\" class=\"pdfemb-viewer\" style=\"\" data-width=\"max\" data-height=\"max\" data-toolbar=\"bottom\" data-toolbar-fixed=\"on\">APT_CS_10<\/a>[\/vc_column_text][\/vc_tta_section][vc_tta_section i_icon_fontawesome=&#8221;fas fa-calendar-alt&#8221; add_icon=&#8221;true&#8221; title=&#8221;11.\u00ba Ano&#8221; tab_id=&#8221;1729597757109-2cdb4bbc-f744&#8243;][vc_column_text css=&#8221;&#8221;]<a href=\"https:\/\/esffranco.edu.pt\/web\/wp-content\/uploads\/2025\/10\/APT_CS_11.pdf\" class=\"pdfemb-viewer\" style=\"\" data-width=\"max\" data-height=\"max\" data-toolbar=\"bottom\" data-toolbar-fixed=\"on\">APT_CS_11<\/a>[\/vc_column_text][\/vc_tta_section][vc_tta_section i_icon_fontawesome=&#8221;fas fa-calendar&#8221; add_icon=&#8221;true&#8221; title=&#8221;12.\u00ba Ano&#8221; tab_id=&#8221;1729597757109-0739a31e-1524&#8243;][vc_column_text css=&#8221;&#8221;]<a href=\"https:\/\/esffranco.edu.pt\/web\/wp-content\/uploads\/2025\/10\/APT_CS_12.pdf\" class=\"pdfemb-viewer\" style=\"\" data-width=\"max\" data-height=\"max\" data-toolbar=\"bottom\" data-toolbar-fixed=\"on\">APT_CS_12<\/a>[\/vc_column_text][\/vc_tta_section][\/vc_tta_accordion]\t\t<\/div>\n\t\t[\/vc_column][\/vc_row][vc_row disable_element=&#8221;yes&#8221;][vc_column][vc_tta_accordion shape=&#8221;round&#8221; active_section=&#8221;99&#8243; collapsible_all=&#8221;true&#8221;][vc_tta_section i_icon_fontawesome=&#8221;fas fa-chart-line&#8221; add_icon=&#8221;true&#8221; title=&#8221;Economia A&#8221; tab_id=&#8221;1666526839822-c362ad6f-11e1&#8243;][vc_column_text]<\/p>\n<table id=\"ECOA10CS\" class=\"table table-hover \">\n<thead>\n<tr class=\"info\">\n<td class=\"tohide\">Professor(a)<\/td>\n<td>Turma<\/td>\n<td>Dia<\/td>\n<td>Hora<\/td>\n<td>Sala<\/td>\n<\/tr>\n<\/thead>\n<tbody>\n<tr>\n<td class=\"tohide\">Helena Fernandes<\/td>\n<td>18<\/td>\n<td>4.\u00aa feira<\/td>\n<td>13:30 &#8211; 15:00<\/td>\n<td>203<\/td>\n<\/tr>\n<tr>\n<td class=\"tohide\">Helena Fernandes<\/td>\n<td>19<\/td>\n<td>4.\u00aa feira<\/td>\n<td>13:30 &#8211; 15:00<\/td>\n<td>203<\/td>\n<\/tr>\n<tr>\n<td class=\"tohide\">Pedro Miguel Pereira<\/td>\n<td>20<\/td>\n<td>4.\u00aa feira<\/td>\n<td>13:30 &#8211; 14:15<\/td>\n<td>301<\/td>\n<\/tr>\n<tr>\n<td class=\"tohide\">Pedro Miguel Pereira<\/td>\n<td>21<\/td>\n<td>2.\u00aa feira<\/td>\n<td>11:45 &#8211; 12:30<\/td>\n<td>411A<\/td>\n<\/tr>\n<\/tbody>\n<\/table>\n<p>[\/vc_column_text][\/vc_tta_section][vc_tta_section i_icon_fontawesome=&#8221;fas fa-book-reader&#8221; add_icon=&#8221;true&#8221; title=&#8221;Filosofia&#8221; tab_id=&#8221;1666526839822-df3eb25d-245e&#8221;][vc_column_text]<\/p>\n<table id=\"FILOP10CS\" class=\"table table-hover \">\n<thead>\n<tr class=\"info\">\n<td class=\"tohide\">Professor(a)<\/td>\n<td>Turma<\/td>\n<td>Dia<\/td>\n<td>Hora<\/td>\n<td>Sala<\/td>\n<\/tr>\n<\/thead>\n<tbody>\n<tr>\n<td class=\"tohide\">S\u00edlvia Do Carmo<\/td>\n<td>18<\/td>\n<td>4.\u00aa feira<\/td>\n<td>13:30 &#8211; 15:00<\/td>\n<td>305<\/td>\n<\/tr>\n<tr>\n<td class=\"tohide\">C\u00e9lia Castro<\/td>\n<td>19<\/td>\n<td>2.\u00aa feira<\/td>\n<td>13:30 &#8211; 15:00<\/td>\n<td>415<\/td>\n<\/tr>\n<tr>\n<td class=\"tohide\">Carlos Santos<\/td>\n<td>20<\/td>\n<td>4.\u00aa feira<\/td>\n<td>13:30 &#8211; 15:00<\/td>\n<td>B22<\/td>\n<\/tr>\n<\/tbody>\n<\/table>\n<p>[\/vc_column_text][\/vc_tta_section][vc_tta_section i_icon_fontawesome=&#8221;fas fa-globe-europe&#8221; add_icon=&#8221;true&#8221; title=&#8221;Geografia A&#8221; tab_id=&#8221;1666527296185-436549bc-cf88&#8243;][vc_column_text]<\/p>\n<table id=\"GEOA10CS\" class=\"table table-hover \">\n<thead>\n<tr class=\"info\">\n<td class=\"tohide\">Professor(a)<\/td>\n<td>Turma<\/td>\n<td>Dia<\/td>\n<td>Hora<\/td>\n<td>Sala<\/td>\n<\/tr>\n<\/thead>\n<tbody>\n<tr>\n<td class=\"tohide\">L\u00facia Ambr\u00f3sio<\/td>\n<td>18<\/td>\n<td>2.\u00aa feira<\/td>\n<td>13:30 &#8211; 15:00<\/td>\n<td>B22<\/td>\n<\/tr>\n<tr>\n<td class=\"tohide\">L\u00facia Ambr\u00f3sio<\/td>\n<td>18<\/td>\n<td>2.\u00aa feira<\/td>\n<td>15:15 &#8211; 16:00<\/td>\n<td>212<\/td>\n<\/tr>\n<tr>\n<td class=\"tohide\">Vera M\u00f3nica Andrade<\/td>\n<td>19<\/td>\n<td>4\u00aa feira<\/td>\n<td>13:30 &#8211; 15:00<\/td>\n<td>B30<\/td>\n<\/tr>\n<tr>\n<td class=\"tohide\">Anabela Costa<\/td>\n<td>20<\/td>\n<td>6.\u00aa feira<\/td>\n<td>11:45 &#8211; 13:15<\/td>\n<td>B22<\/td>\n<\/tr>\n<\/tbody>\n<\/table>\n<p>[\/vc_column_text][\/vc_tta_section][vc_tta_section i_icon_fontawesome=&#8221;fas fa-hourglass-half&#8221; add_icon=&#8221;true&#8221; title=&#8221;Hist\u00f3ria B&#8221; tab_id=&#8221;1666527686194-227632ac-beab&#8221;][vc_column_text]<\/p>\n<table id=\"HISTB10CS\" class=\"table table-hover \">\n<thead>\n<tr class=\"info\">\n<td class=\"tohide\">Professor(a)<\/td>\n<td>Turma<\/td>\n<td>Dia<\/td>\n<td>Hora<\/td>\n<td>Sala<\/td>\n<\/tr>\n<\/thead>\n<tbody>\n<tr>\n<td class=\"tohide\">Rosa Marques<\/td>\n<td>21<\/td>\n<td>2.\u00aa feira<\/td>\n<td>11:45 &#8211; 12:30<\/td>\n<td>414<\/td>\n<\/tr>\n<\/tbody>\n<\/table>\n<p>[\/vc_column_text][\/vc_tta_section][vc_tta_section i_icon_fontawesome=&#8221;far fa-comments&#8221; add_icon=&#8221;true&#8221; title=&#8221;Ingl\u00eas&#8221; tab_id=&#8221;1666527464430-7934e4eb-c6be&#8221;][vc_column_text]<\/p>\n<table id=\"ING10CS\" class=\"table table-hover \">\n<thead>\n<tr class=\"info\">\n<td class=\"tohide\">Professor(a)<\/td>\n<td>Turma<\/td>\n<td>Dia<\/td>\n<td>Hora<\/td>\n<td>Sala<\/td>\n<\/tr>\n<\/thead>\n<tbody>\n<tr>\n<td class=\"tohide\">Cristina Pestana<\/td>\n<td>18<\/td>\n<td>5.\u00aa feira<\/td>\n<td>13:30 &#8211; 15:00<\/td>\n<td>203<\/td>\n<\/tr>\n<tr>\n<td class=\"tohide\">Cust\u00f3dia Machado<\/td>\n<td>19<\/td>\n<td>6.\u00aa feira<\/td>\n<td>13:30 &#8211; 14:15<\/td>\n<td>411A<\/td>\n<\/tr>\n<tr>\n<td class=\"tohide\">Marta Sousa<\/td>\n<td>20<\/td>\n<td>3.\u00aa feira<\/td>\n<td>13:30 &#8211; 15:00<\/td>\n<td>411<\/td>\n<\/tr>\n<\/tbody>\n<\/table>\n<p>[\/vc_column_text][\/vc_tta_section][vc_tta_section i_icon_fontawesome=&#8221;fas fa-calculator&#8221; add_icon=&#8221;true&#8221; title=&#8221;Matem\u00e1tica A&#8221; tab_id=&#8221;1666527894201-7e95357c-edcd&#8221;][vc_column_text]<\/p>\n<table id=\"MATA10CS\" class=\"table table-hover \">\n<thead>\n<tr class=\"info\">\n<td class=\"tohide\">Professor(a)<\/td>\n<td>Turma<\/td>\n<td>Dia<\/td>\n<td>Hora<\/td>\n<td>Sala<\/td>\n<\/tr>\n<\/thead>\n<tbody>\n<tr>\n<td class=\"tohide\">Jos\u00e9 Lino<\/td>\n<td>18<\/td>\n<td>2.\u00aa feira<\/td>\n<td>13:30 &#8211; 15:00<\/td>\n<td>413<\/td>\n<\/tr>\n<tr>\n<td class=\"tohide\">Corinda N\u00f3brega<\/td>\n<td>19<\/td>\n<td>3.\u00aa feira<\/td>\n<td>11:45 &#8211; 13:15<\/td>\n<td>B22<\/td>\n<\/tr>\n<tr>\n<td class=\"tohide\">Ana Maria Freitas<\/td>\n<td>20<\/td>\n<td>2.\u00aa feira<\/td>\n<td>13:30 &#8211; 14:15<\/td>\n<td>401<\/td>\n<\/tr>\n<tr>\n<td class=\"tohide\">F\u00e1tima Jardim<\/td>\n<td>21<\/td>\n<td>5.\u00aa feira<\/td>\n<td>13:30 &#8211; 14:15<\/td>\n<td>B21<\/td>\n<\/tr>\n<\/tbody>\n<\/table>\n<p>[\/vc_column_text][\/vc_tta_section][vc_tta_section i_icon_fontawesome=&#8221;fas fa-book-open&#8221; add_icon=&#8221;true&#8221; title=&#8221;Portugu\u00eas&#8221; tab_id=&#8221;1666528091955-dcd5042e-3ea6&#8243;][vc_column_text]<\/p>\n<table id=\"PORT10CS\" class=\"table table-hover \">\n<thead>\n<tr class=\"info\">\n<td class=\"tohide\">Professor(a)<\/td>\n<td>Turma<\/td>\n<td>Dia<\/td>\n<td>Hora<\/td>\n<td>Sala<\/td>\n<\/tr>\n<\/thead>\n<tbody>\n<tr>\n<td class=\"tohide\">Ros\u00e1rio Antunes<\/td>\n<td>18<\/td>\n<td>3.\u00aa feira<\/td>\n<td>11:45 &#8211; 12:30<\/td>\n<td>205<\/td>\n<\/tr>\n<tr>\n<td class=\"tohide\">Micaela Martins<\/td>\n<td>19<\/td>\n<td>4.\u00aa feira<\/td>\n<td>15:15 &#8211; 16:45<\/td>\n<td>310<\/td>\n<\/tr>\n<tr>\n<td class=\"tohide\">Ana Maria de Freitas<\/td>\n<td>20<\/td>\n<td>2.\u00aa feira<\/td>\n<td>13:30 &#8211; 15:00<\/td>\n<td>410<\/td>\n<\/tr>\n<tr>\n<td class=\"tohide\">Helena C\u00e2ndida Ramos<\/td>\n<td>21<\/td>\n<td>4.\u00aa feira<\/td>\n<td>15:15 &#8211; 16:00<\/td>\n<td>B37<\/td>\n<\/tr>\n<\/tbody>\n<\/table>\n<p>[\/vc_column_text][\/vc_tta_section][\/vc_tta_accordion][\/vc_column][\/vc_row][vc_row disable_element=&#8221;yes&#8221;][vc_column][vc_custom_heading text=&#8221;Ci\u00eancias Socioecon\u00f3micas &#8211; 11.\u00ba Ano&#8221; use_theme_fonts=&#8221;yes&#8221;][\/vc_column][\/vc_row][vc_row disable_element=&#8221;yes&#8221;][vc_column][vc_tta_accordion shape=&#8221;round&#8221; active_section=&#8221;99&#8243; collapsible_all=&#8221;true&#8221;][vc_tta_section i_icon_fontawesome=&#8221;fas fa-chart-line&#8221; add_icon=&#8221;true&#8221; title=&#8221;Economia A&#8221; tab_id=&#8221;1666532885345-d83d2b05-a652&#8243;][vc_column_text]<\/p>\n<table id=\"ECOA11CS\" class=\"table table-hover \">\n<thead>\n<tr class=\"info\">\n<td class=\"tohide\">Professor(a)<\/td>\n<td>Turma<\/td>\n<td>Dia<\/td>\n<td>Hora<\/td>\n<td>Sala<\/td>\n<\/tr>\n<\/thead>\n<tbody>\n<tr>\n<td class=\"tohide\">Maria do Carmo Vieira<\/td>\n<td>17<\/td>\n<td>3.\u00aa feira<\/td>\n<td>13:30 &#8211; 14:15<\/td>\n<td>213<\/td>\n<\/tr>\n<tr>\n<td class=\"tohide\">Helena Fernandes<\/td>\n<td>18<\/td>\n<td>3.\u00aa feira<\/td>\n<td>13:30 &#8211; 15:00<\/td>\n<td>202<\/td>\n<\/tr>\n<tr>\n<td class=\"tohide\">Maria do Carmo Vieira<\/td>\n<td>19<\/td>\n<td>3.\u00aa feira<\/td>\n<td>13:30 &#8211; 14:15<\/td>\n<td>213<\/td>\n<\/tr>\n<tr>\n<td class=\"tohide\">Pedro Miguel Pereira<\/td>\n<td>20<\/td>\n<td>4.\u00aa feira<\/td>\n<td>13:30 &#8211; 14:15<\/td>\n<td>301<\/td>\n<\/tr>\n<\/tbody>\n<\/table>\n<p>[\/vc_column_text][\/vc_tta_section][vc_tta_section i_icon_fontawesome=&#8221;fas fa-book-reader&#8221; add_icon=&#8221;true&#8221; title=&#8221;Filosofia&#8221; tab_id=&#8221;1666532885345-38339a3e-3d1e&#8221;][vc_column_text]<\/p>\n<table id=\"FILO11CS\" class=\"table table-hover \">\n<thead>\n<tr class=\"info\">\n<td class=\"tohide\">Professor(a)<\/td>\n<td>Turma<\/td>\n<td>Dia<\/td>\n<td>Hora<\/td>\n<td>Sala<\/td>\n<\/tr>\n<\/thead>\n<tbody>\n<tr>\n<td class=\"tohide\">Susana Ramos<\/td>\n<td>17<\/td>\n<td>3.\u00aa feira<\/td>\n<td>15:15 &#8211; 16:00<\/td>\n<td>403<\/td>\n<\/tr>\n<tr>\n<td class=\"tohide\">L\u00edgia Faria<\/td>\n<td>18<\/td>\n<td>4.\u00aa feira<\/td>\n<td>13:30 &#8211; 14:15<\/td>\n<td>212<\/td>\n<\/tr>\n<tr>\n<td class=\"tohide\">Agostinha N\u00f3brega<\/td>\n<td>19<\/td>\n<td>4.\u00aa feira<\/td>\n<td>13:30 &#8211; 14:15<\/td>\n<td>210<\/td>\n<\/tr>\n<tr>\n<td class=\"tohide\">Ana Isabel C\u00e2mara<\/td>\n<td>20<\/td>\n<td>4.\u00aa feira<\/td>\n<td>15:15 &#8211; 16:45<\/td>\n<td>305<\/td>\n<\/tr>\n<\/tbody>\n<\/table>\n<p>[\/vc_column_text][\/vc_tta_section][vc_tta_section i_icon_fontawesome=&#8221;fas fa-globe-europe&#8221; add_icon=&#8221;true&#8221; title=&#8221;Geografia A&#8221; tab_id=&#8221;1666533301099-5ec238c4-8969&#8243;][vc_column_text]<\/p>\n<table id=\"GEOA11CS\" class=\"table table-hover \">\n<thead>\n<tr class=\"info\">\n<td class=\"tohide\">Professor(a)<\/td>\n<td>Turma<\/td>\n<td>Dia<\/td>\n<td>Hora<\/td>\n<td>Sala<\/td>\n<\/tr>\n<\/thead>\n<tbody>\n<tr>\n<td class=\"tohide\">Dora Agrela<\/td>\n<td>17<\/td>\n<td>4.\u00aa feira<\/td>\n<td>15:15 &#8211; 16:45<\/td>\n<td>412<\/td>\n<\/tr>\n<tr>\n<td class=\"tohide\">Lu\u00edsa G\u00f3is<\/td>\n<td>18<\/td>\n<td>4.\u00aa feira<\/td>\n<td>13:30 &#8211; 14:15<\/td>\n<td>411A<\/td>\n<\/tr>\n<tr>\n<td class=\"tohide\">Bruno Neves<\/td>\n<td>19<\/td>\n<td>4.\u00aa feira<\/td>\n<td>13:30 &#8211; 15:00<\/td>\n<td>B20<\/td>\n<\/tr>\n<\/tbody>\n<\/table>\n<p>[\/vc_column_text][\/vc_tta_section][vc_tta_section i_icon_fontawesome=&#8221;fas fa-hourglass-half&#8221; add_icon=&#8221;true&#8221; title=&#8221;Hist\u00f3ria B&#8221; tab_id=&#8221;1666533496313-098583c4-7356&#8243;][vc_column_text]<\/p>\n<table id=\"HISTB11CS\" class=\"table table-hover \">\n<thead>\n<tr class=\"info\">\n<td class=\"tohide\">Professor(a)<\/td>\n<td>Turma<\/td>\n<td>Dia<\/td>\n<td>Hora<\/td>\n<td>Sala<\/td>\n<\/tr>\n<\/thead>\n<tbody>\n<tr>\n<td class=\"tohide\">Olavo Teixeira<\/td>\n<td>20<\/td>\n<td>4.\u00aa feira<\/td>\n<td>16:00 &#8211; 16:45<\/td>\n<td>401<\/td>\n<\/tr>\n<\/tbody>\n<\/table>\n<p>[\/vc_column_text][\/vc_tta_section][vc_tta_section i_icon_fontawesome=&#8221;far fa-comments&#8221; add_icon=&#8221;true&#8221; title=&#8221;Ingl\u00eas&#8221; tab_id=&#8221;1666533692198-5d0e70ce-eacf&#8221;][vc_column_text]<\/p>\n<table id=\"ING11CS\" class=\"table table-hover \">\n<thead>\n<tr class=\"info\">\n<td class=\"tohide\">Professor(a)<\/td>\n<td>Turma<\/td>\n<td>Dia<\/td>\n<td>Hora<\/td>\n<td>Sala<\/td>\n<\/tr>\n<\/thead>\n<tbody>\n<tr>\n<td class=\"tohide\">Suzana Lobo<\/td>\n<td>17<\/td>\n<td>4.\u00aa feira<\/td>\n<td>13:30 &#8211; 15:00<\/td>\n<td>213<\/td>\n<\/tr>\n<tr>\n<td class=\"tohide\">Cl\u00e1udia Fonseca<\/td>\n<td>20<\/td>\n<td>6.\u00aa feira<\/td>\n<td>15:15 &#8211; 16:45<\/td>\n<td>L33<\/td>\n<\/tr>\n<\/tbody>\n<\/table>\n<p>[\/vc_column_text][\/vc_tta_section][vc_tta_section i_icon_fontawesome=&#8221;fas fa-calculator&#8221; add_icon=&#8221;true&#8221; title=&#8221;Matem\u00e1tica A&#8221; tab_id=&#8221;1666533897640-cba3af68-a99d&#8221;][vc_column_text]<\/p>\n<table id=\"MATA11CS\" class=\"table table-hover \">\n<thead>\n<tr class=\"info\">\n<td class=\"tohide\">Professor(a)<\/td>\n<td>Turma<\/td>\n<td>Dia<\/td>\n<td>Hora<\/td>\n<td>Sala<\/td>\n<\/tr>\n<\/thead>\n<tbody>\n<tr>\n<td class=\"tohide\">Hor\u00e1cio Drumond<\/td>\n<td>17<\/td>\n<td>4.\u00aa feira<\/td>\n<td>13:30 &#8211; 15:00<\/td>\n<td>410<\/td>\n<\/tr>\n<tr>\n<td class=\"tohide\">Aldina Abreu<\/td>\n<td>18<\/td>\n<td>5.\u00aa feira<\/td>\n<td>11:45 &#8211; 13:15<\/td>\n<td>B35<\/td>\n<\/tr>\n<tr>\n<td class=\"tohide\">David Mata<\/td>\n<td>19<\/td>\n<td>4.\u00aa feira<\/td>\n<td>15:15 &#8211; 16:45<\/td>\n<td>212<\/td>\n<\/tr>\n<tr>\n<td class=\"tohide\">Carlos Pereira<\/td>\n<td>20<\/td>\n<td>3.\u00aa feira<\/td>\n<td>11:45 &#8211; 13:15<\/td>\n<td>421A<\/td>\n<\/tr>\n<\/tbody>\n<\/table>\n<p>[\/vc_column_text][\/vc_tta_section][vc_tta_section i_icon_fontawesome=&#8221;fas fa-book-open&#8221; add_icon=&#8221;true&#8221; title=&#8221;Portugu\u00eas&#8221; tab_id=&#8221;1666534061022-be40c4f0-2f53&#8243;][vc_column_text]<\/p>\n<table id=\"POR11CS\" class=\"table table-hover \">\n<thead>\n<tr class=\"info\">\n<td class=\"tohide\">Professor(a)<\/td>\n<td>Turma<\/td>\n<td>Dia<\/td>\n<td>Hora<\/td>\n<td>Sala<\/td>\n<\/tr>\n<\/thead>\n<tbody>\n<tr>\n<td class=\"tohide\">Susana Rodrigues<\/td>\n<td>17<\/td>\n<td>6.\u00aa feira<\/td>\n<td>13:30 &#8211; 14:15<\/td>\n<td>L34<\/td>\n<\/tr>\n<tr>\n<td class=\"tohide\">Jos\u00e9 Alcino<\/td>\n<td>18<\/td>\n<td>6.\u00aa feira<\/td>\n<td>13:30 &#8211; 14:15<\/td>\n<td>404<\/td>\n<\/tr>\n<tr>\n<td class=\"tohide\">Clara Gomes<\/td>\n<td>19<\/td>\n<td>3.\u00aa feira<\/td>\n<td>13:30 &#8211; 15:00<\/td>\n<td>413<\/td>\n<\/tr>\n<tr>\n<td class=\"tohide\">Elsa Freitas<\/td>\n<td>20<\/td>\n<td>5.\u00aa feira<\/td>\n<td>11:45 &#8211; 12:30<\/td>\n<td>421A<\/td>\n<\/tr>\n<\/tbody>\n<\/table>\n<p>[\/vc_column_text][\/vc_tta_section][\/vc_tta_accordion][\/vc_column][\/vc_row][vc_row disable_element=&#8221;yes&#8221;][vc_column][vc_custom_heading text=&#8221;Ci\u00eancias Socioecon\u00f3micas &#8211; 12.\u00ba Ano&#8221; use_theme_fonts=&#8221;yes&#8221;][\/vc_column][\/vc_row][vc_row disable_element=&#8221;yes&#8221;][vc_column][vc_tta_accordion shape=&#8221;round&#8221; active_section=&#8221;99&#8243; collapsible_all=&#8221;true&#8221;][vc_tta_section i_icon_fontawesome=&#8221;fas fa-calculator&#8221; add_icon=&#8221;true&#8221; title=&#8221;Matem\u00e1tica A&#8221; tab_id=&#8221;1666534270228-ace8afca-d1bd&#8221;][vc_column_text]<\/p>\n<table id=\"MATA12CS\" class=\"table table-hover \">\n<thead>\n<tr class=\"info\">\n<td class=\"tohide\">Professor(a)<\/td>\n<td>Turma<\/td>\n<td>Dia<\/td>\n<td>Hora<\/td>\n<td>Sala<\/td>\n<\/tr>\n<\/thead>\n<tbody>\n<tr>\n<td class=\"tohide\">Aldina Abreu<\/td>\n<td>15<\/td>\n<td>4.\u00aa feira<\/td>\n<td>10:00 &#8211; 11:45<\/td>\n<td>B22<\/td>\n<\/tr>\n<tr>\n<td class=\"tohide\">Maria Paula Cr\u00f3<\/td>\n<td>16<\/td>\n<td>5.\u00aa feira<\/td>\n<td>17:00 &#8211; 18:30<\/td>\n<td>202<\/td>\n<\/tr>\n<tr>\n<td class=\"tohide\">Roberto Oliveira<\/td>\n<td>17<\/td>\n<td>2.\u00aa feira<\/td>\n<td>13:30 &#8211; 15:00<\/td>\n<td>404<\/td>\n<\/tr>\n<\/tbody>\n<\/table>\n<p>[\/vc_column_text][\/vc_tta_section][vc_tta_section i_icon_fontawesome=&#8221;fas fa-book-open&#8221; add_icon=&#8221;true&#8221; title=&#8221;Portugu\u00eas&#8221; tab_id=&#8221;1666534270228-0271ea75-788e&#8221;][vc_column_text]<\/p>\n<table id=\"POR12CS\" class=\"table table-hover \">\n<thead>\n<tr class=\"info\">\n<td class=\"tohide\">Professor(a)<\/td>\n<td>Turma<\/td>\n<td>Dia<\/td>\n<td>Hora<\/td>\n<td>Sala<\/td>\n<\/tr>\n<\/thead>\n<tbody>\n<tr>\n<td class=\"tohide\">Jo\u00e3o Carlos Costa<\/td>\n<td>15<\/td>\n<td>2.\u00aa feira<\/td>\n<td>15:15 &#8211; 16:00<\/td>\n<td>202<\/td>\n<\/tr>\n<tr>\n<td class=\"tohide\">Eker Gomes<\/td>\n<td>16<\/td>\n<td>2.\u00aa feira<\/td>\n<td>17:00 &#8211; 17:45<\/td>\n<td>301<\/td>\n<\/tr>\n<tr>\n<td class=\"tohide\">Maria Lu\u00edsa Gon\u00e7alves<\/td>\n<td>17<\/td>\n<td>3.\u00aa feira<\/td>\n<td>11:45 &#8211; 12:30<\/td>\n<td>414<\/td>\n<\/tr>\n<\/tbody>\n<\/table>\n<p>[\/vc_column_text][\/vc_tta_section][vc_tta_section i_icon_fontawesome=&#8221;fas fa-users&#8221; add_icon=&#8221;true&#8221; title=&#8221;Sociologia&#8221; tab_id=&#8221;1666534684430-996f9493-7c53&#8243;][vc_column_text]<\/p>\n<table id=\"SOC12CS\" class=\"table table-hover \">\n<thead>\n<tr class=\"info\">\n<td class=\"tohide\">Professor(a)<\/td>\n<td>Turma<\/td>\n<td>Dia<\/td>\n<td>Hora<\/td>\n<td>Sala<\/td>\n<\/tr>\n<\/thead>\n<tbody>\n<tr>\n<td class=\"tohide\">Sandra Freitas<\/td>\n<td>17<\/td>\n<td>3.\u00aa feira<\/td>\n<td>11:45 &#8211; 13:15<\/td>\n<td>B31<\/td>\n<\/tr>\n<\/tbody>\n<\/table>\n<p>[\/vc_column_text][\/vc_tta_section][\/vc_tta_accordion][\/vc_column][\/vc_row][vc_row][vc_column][vc_custom_heading text=&#8221;L\u00ednguas e Humanidades&#8221; use_theme_fonts=&#8221;yes&#8221;][\/vc_column][\/vc_row][vc_row][vc_column]\t\t<div class=\"wh-content-box  scp_content_box-d41d8cd98f00b204e9800998ecf8427e\">\n\t\t\t\t\t\t\t\t\t\t\t\t[vc_tta_accordion shape=&#8221;round&#8221; active_section=&#8221;99&#8243; collapsible_all=&#8221;true&#8221;][vc_tta_section i_icon_fontawesome=&#8221;far fa-calendar-alt&#8221; add_icon=&#8221;true&#8221; title=&#8221;10.\u00ba Ano&#8221; tab_id=&#8221;1729598014536-cc898303-265c&#8221;][vc_column_text css=&#8221;&#8221;]<a href=\"https:\/\/esffranco.edu.pt\/web\/wp-content\/uploads\/2025\/10\/APT_LH_10.pdf\" class=\"pdfemb-viewer\" style=\"\" data-width=\"max\" data-height=\"max\" data-toolbar=\"bottom\" data-toolbar-fixed=\"on\">APT_LH_10<\/a>[\/vc_column_text][\/vc_tta_section][vc_tta_section i_icon_fontawesome=&#8221;fas fa-calendar-alt&#8221; add_icon=&#8221;true&#8221; title=&#8221;11.\u00ba Ano&#8221; tab_id=&#8221;1729598014536-2b479723-6c95&#8243;][vc_column_text css=&#8221;&#8221;]<a href=\"https:\/\/esffranco.edu.pt\/web\/wp-content\/uploads\/2025\/10\/APT_LH_11.pdf\" class=\"pdfemb-viewer\" style=\"\" data-width=\"max\" data-height=\"max\" data-toolbar=\"bottom\" data-toolbar-fixed=\"on\">APT_LH_11<\/a>[\/vc_column_text][\/vc_tta_section][vc_tta_section i_icon_fontawesome=&#8221;fas fa-calendar&#8221; add_icon=&#8221;true&#8221; title=&#8221;12.\u00ba Ano&#8221; tab_id=&#8221;1729598014536-56522269-570e&#8221;][vc_column_text css=&#8221;&#8221;]<a href=\"https:\/\/esffranco.edu.pt\/web\/wp-content\/uploads\/2025\/10\/APT_LH_12.pdf\" class=\"pdfemb-viewer\" style=\"\" data-width=\"max\" data-height=\"max\" data-toolbar=\"bottom\" data-toolbar-fixed=\"on\">APT_LH_12<\/a>[\/vc_column_text][\/vc_tta_section][\/vc_tta_accordion]\t\t<\/div>\n\t\t[\/vc_column][\/vc_row][vc_row disable_element=&#8221;yes&#8221;][vc_column][vc_tta_accordion shape=&#8221;round&#8221; active_section=&#8221;99&#8243; collapsible_all=&#8221;true&#8221;][vc_tta_section i_icon_fontawesome=&#8221;far fa-comment&#8221; add_icon=&#8221;true&#8221; title=&#8221;Alem\u00e3o&#8221; tab_id=&#8221;1666534951721-9a654cce-2140&#8243;][vc_column_text]<\/p>\n<table id=\"AEAE10LH\" class=\"table table-hover \">\n<thead>\n<tr class=\"info\">\n<td class=\"tohide\">Professor(a)<\/td>\n<td>Turma<\/td>\n<td>Dia<\/td>\n<td>Hora<\/td>\n<td>Sala<\/td>\n<\/tr>\n<\/thead>\n<tbody>\n<tr>\n<td class=\"tohide\">Paula Costa<\/td>\n<td>25<\/td>\n<td>5.\u00aa feira<\/td>\n<td>17:00 &#8211; 17:45<\/td>\n<td>411<\/td>\n<\/tr>\n<\/tbody>\n<\/table>\n<p>[\/vc_column_text][\/vc_tta_section][vc_tta_section i_icon_fontawesome=&#8221;fas fa-book-reader&#8221; add_icon=&#8221;true&#8221; title=&#8221;Filosofia&#8221; tab_id=&#8221;1666535644532-646b2652-7bd4&#8243;][vc_column_text]<\/p>\n<table id=\"FILO10LH\" class=\"table table-hover\">\n<thead>\n<tr class=\"info\">\n<td class=\"tohide\">Professor(a)<\/td>\n<td>Turma<\/td>\n<td>Dia<\/td>\n<td>Hora<\/td>\n<td>Sala<\/td>\n<\/tr>\n<\/thead>\n<tbody>\n<tr>\n<td class=\"tohide\">C\u00e9lia Castro<\/td>\n<td>22<\/td>\n<td>2.\u00aa feira<\/td>\n<td>13:30 &#8211; 15:00<\/td>\n<td>415<\/td>\n<\/tr>\n<tr>\n<td class=\"tohide\">Miguel Costa<\/td>\n<td>23<\/td>\n<td>3.\u00aa feira<\/td>\n<td>17:00 &#8211; 18:30<\/td>\n<td>401<\/td>\n<\/tr>\n<tr>\n<td class=\"tohide\">Carlos Santos<\/td>\n<td>24<\/td>\n<td>3.\u00aa feira<\/td>\n<td>13:30 &#8211; 15:00<\/td>\n<td>B22<\/td>\n<\/tr>\n<\/tbody>\n<\/table>\n<p>[\/vc_column_text][\/vc_tta_section][vc_tta_section i_icon_fontawesome=&#8221;fas fa-comments&#8221; add_icon=&#8221;true&#8221; title=&#8221;Franc\u00eas&#8221; tab_id=&#8221;1666535969669-7c54b760-0ebe&#8221;][vc_column_text]<\/p>\n<table id=\"FRA10LH\" class=\"table table-hover\">\n<thead>\n<tr class=\"info\">\n<td class=\"tohide\">Professor(a)<\/td>\n<td>Turma<\/td>\n<td>Dia<\/td>\n<td>Hora<\/td>\n<td>Sala<\/td>\n<\/tr>\n<\/thead>\n<tbody>\n<tr>\n<td class=\"tohide\">Genoveva Correia<\/td>\n<td>26<\/td>\n<td>3.\u00aa feira<\/td>\n<td>13:30 &#8211; 14:15<\/td>\n<td>B21<\/td>\n<\/tr>\n<\/tbody>\n<\/table>\n<p>[\/vc_column_text][\/vc_tta_section][vc_tta_section i_icon_fontawesome=&#8221;fas fa-globe-europe&#8221; add_icon=&#8221;true&#8221; title=&#8221;Geografia A&#8221; tab_id=&#8221;1666534951722-989a3704-6e95&#8243;][vc_column_text]<\/p>\n<table id=\"GEO10LH\" class=\"table table-hover\">\n<thead>\n<tr class=\"info\">\n<td class=\"tohide\">Professor(a)<\/td>\n<td>Turma<\/td>\n<td>Dia<\/td>\n<td>Hora<\/td>\n<td>Sala<\/td>\n<\/tr>\n<\/thead>\n<tbody>\n<tr>\n<td class=\"tohide\">Vera M\u00f3nica Andrade<\/td>\n<td>22<\/td>\n<td>4.\u00aa feira<\/td>\n<td>13:30 &#8211; 15:00<\/td>\n<td>B30<\/td>\n<\/tr>\n<tr>\n<td class=\"tohide\">L\u00facia Ambr\u00f3sio<\/td>\n<td>23<\/td>\n<td>2.\u00aa feira<\/td>\n<td>13:30 &#8211; 15:00<\/td>\n<td>B22<\/td>\n<\/tr>\n<tr>\n<td class=\"tohide\">L\u00facia Ambr\u00f3sio<\/td>\n<td>23<\/td>\n<td>2.\u00aa feira<\/td>\n<td>15:15 &#8211; 16:00<\/td>\n<td>212<\/td>\n<\/tr>\n<tr>\n<td class=\"tohide\">Anabela Costa<\/td>\n<td>24<\/td>\n<td>6.\u00aa feira<\/td>\n<td>11:45 &#8211; 13:15<\/td>\n<td>B22<\/td>\n<\/tr>\n<\/tbody>\n<\/table>\n<p>[\/vc_column_text][\/vc_tta_section][vc_tta_section i_icon_fontawesome=&#8221;fas fa-landmark&#8221; add_icon=&#8221;true&#8221; title=&#8221;Hist\u00f3ria A&#8221; tab_id=&#8221;1666536491357-2bbde8ad-f919&#8243;][vc_column_text]<\/p>\n<table id=\"HISTA10LH\" class=\"table table-hover\">\n<thead>\n<tr class=\"info\">\n<td class=\"tohide\">Professor(a)<\/td>\n<td>Turma<\/td>\n<td>Dia<\/td>\n<td>Hora<\/td>\n<td>Sala<\/td>\n<\/tr>\n<\/thead>\n<tbody>\n<tr>\n<td class=\"tohide\">Fabr\u00edcia Quintal<\/td>\n<td>22<\/td>\n<td>6.\u00aa feira<\/td>\n<td>11:45 &#8211; 13:15<\/td>\n<td>B32<\/td>\n<\/tr>\n<tr>\n<td class=\"tohide\">Rosa Marques<\/td>\n<td>23<\/td>\n<td>3.\u00aa feira<\/td>\n<td>17:00 &#8211; 17:45<\/td>\n<td>412<\/td>\n<\/tr>\n<tr>\n<td class=\"tohide\">Fabr\u00edcia Quintal<\/td>\n<td>24<\/td>\n<td>6.\u00aa feira<\/td>\n<td>11:45 &#8211; 13:15<\/td>\n<td>B32<\/td>\n<\/tr>\n<tr>\n<td class=\"tohide\">Rosa Marques<\/td>\n<td>25<\/td>\n<td>3.\u00aa feira<\/td>\n<td>17:00 &#8211; 17:45<\/td>\n<td>412<\/td>\n<\/tr>\n<tr>\n<td class=\"tohide\">Fabr\u00edcia Quintal<\/td>\n<td>26<\/td>\n<td>2.\u00aa feira<\/td>\n<td>10:00 &#8211; 11:30<\/td>\n<td>418<\/td>\n<\/tr>\n<\/tbody>\n<\/table>\n<p>[\/vc_column_text][\/vc_tta_section][vc_tta_section i_icon_fontawesome=&#8221;far fa-comments&#8221; add_icon=&#8221;true&#8221; title=&#8221;Ingl\u00eas&#8221; tab_id=&#8221;1666536077807-e34c7f65-6633&#8243;][vc_column_text]<\/p>\n<table id=\"ING10LH\" class=\"table table-hover\">\n<thead>\n<tr class=\"info\">\n<td class=\"tohide\">Professor(a)<\/td>\n<td>Turma<\/td>\n<td>Dia<\/td>\n<td>Hora<\/td>\n<td>Sala<\/td>\n<\/tr>\n<\/thead>\n<tbody>\n<tr>\n<td class=\"tohide\">Manuela Fernandes<\/td>\n<td>23<\/td>\n<td>2.\u00aa feira<\/td>\n<td>15:15 &#8211; 16:00<\/td>\n<td>411A<\/td>\n<\/tr>\n<tr>\n<td class=\"tohide\">Manuela Fernandes<\/td>\n<td>24<\/td>\n<td>6.\u00aa feira<\/td>\n<td>10:00 &#8211; 10:45<\/td>\n<td>418<\/td>\n<\/tr>\n<tr>\n<td class=\"tohide\">Cristina Pestana<\/td>\n<td>26<\/td>\n<td>5.\u00aa feira<\/td>\n<td>13:30 &#8211; 15:00<\/td>\n<td>203<\/td>\n<\/tr>\n<\/tbody>\n<\/table>\n<p>[\/vc_column_text][\/vc_tta_section][vc_tta_section i_icon_fontawesome=&#8221;fas fa-user-edit&#8221; add_icon=&#8221;true&#8221; title=&#8221;Literatura Portuguesa&#8221; tab_id=&#8221;1666536367522-012f8cbc-e598&#8243;][vc_column_text]<\/p>\n<table id=\"LP10LH\" class=\"table table-hover\">\n<thead>\n<tr class=\"info\">\n<td class=\"tohide\">Professor(a)<\/td>\n<td>Turma<\/td>\n<td>Dia<\/td>\n<td>Hora<\/td>\n<td>Sala<\/td>\n<\/tr>\n<\/thead>\n<tbody>\n<tr>\n<td class=\"tohide\">M\u00e1rcia Ferreira<\/td>\n<td>25<\/td>\n<td>4.\u00aa feira<\/td>\n<td>13:30 &#8211; 14:15<\/td>\n<td>L22<\/td>\n<\/tr>\n<tr>\n<td class=\"tohide\">M\u00e1rcia Ferreira<\/td>\n<td>26<\/td>\n<td>4.\u00aa feira<\/td>\n<td>13:30 &#8211; 14:15<\/td>\n<td>L22<\/td>\n<\/tr>\n<\/tbody>\n<\/table>\n<p>[\/vc_column_text][\/vc_tta_section][vc_tta_section i_icon_fontawesome=&#8221;fas fa-infinity&#8221; add_icon=&#8221;true&#8221; title=&#8221;Matem\u00e1tica Aplicada \u00e0s Ci\u00eancias Sociais&#8221; tab_id=&#8221;1666536974674-1bd6e6e9-5ed5&#8243;][vc_column_text]<\/p>\n<table id=\"MACS10LH\" class=\"table table-hover\">\n<thead>\n<tr class=\"info\">\n<td class=\"tohide\">Professor(a)<\/td>\n<td>Turma<\/td>\n<td>Dia<\/td>\n<td>Hora<\/td>\n<td>Sala<\/td>\n<\/tr>\n<\/thead>\n<tbody>\n<tr>\n<td class=\"tohide\">Anabela Botelho<\/td>\n<td>22<\/td>\n<td>3.\u00aa feira<\/td>\n<td>11:45 &#8211; 12:30<\/td>\n<td>B37<\/td>\n<\/tr>\n<tr>\n<td class=\"tohide\">Anabela Botelho<\/td>\n<td>23<\/td>\n<td>3.\u00aa feira<\/td>\n<td>11:45 &#8211; 12:30<\/td>\n<td>B37<\/td>\n<\/tr>\n<tr>\n<td class=\"tohide\">Anabela Botelho<\/td>\n<td>24<\/td>\n<td>2.\u00aa feira<\/td>\n<td>13:30 &#8211; 14:15<\/td>\n<td>B33<\/td>\n<\/tr>\n<\/tbody>\n<\/table>\n<p>[\/vc_column_text][\/vc_tta_section][vc_tta_section i_icon_fontawesome=&#8221;fas fa-book-open&#8221; add_icon=&#8221;true&#8221; title=&#8221;Portugu\u00eas&#8221; tab_id=&#8221;1666537252246-3edb9698-5649&#8243;][vc_column_text]<\/p>\n<table id=\"POR10LH\" class=\"table table-hover\">\n<thead>\n<tr class=\"info\">\n<td class=\"tohide\">Professor(a)<\/td>\n<td>Turma<\/td>\n<td>Dia<\/td>\n<td>Hora<\/td>\n<td>Sala<\/td>\n<\/tr>\n<\/thead>\n<tbody>\n<tr>\n<td class=\"tohide\">Ros\u00e1rio Antunes<\/td>\n<td>22<\/td>\n<td>3.\u00aa feira<\/td>\n<td>11:45 &#8211; 12:30<\/td>\n<td>205<\/td>\n<\/tr>\n<tr>\n<td class=\"tohide\">Ana Maria de Freitas<\/td>\n<td>23<\/td>\n<td>2.\u00aa feira<\/td>\n<td>13:30 &#8211; 15:00<\/td>\n<td>410<\/td>\n<\/tr>\n<tr>\n<td class=\"tohide\">Helena C\u00e2ndida Ramos<\/td>\n<td>24<\/td>\n<td>2.\u00aa feira<\/td>\n<td>13:30 &#8211; 14:15<\/td>\n<td>B31<\/td>\n<\/tr>\n<tr>\n<td class=\"tohide\">Vera Carvalho<\/td>\n<td>25<\/td>\n<td>4.\u00aa feira<\/td>\n<td>13:30 &#8211; 15:00<\/td>\n<td>L30<\/td>\n<\/tr>\n<\/tbody>\n<\/table>\n<p>[\/vc_column_text][\/vc_tta_section][\/vc_tta_accordion][\/vc_column][\/vc_row][vc_row disable_element=&#8221;yes&#8221;][vc_column][vc_custom_heading text=&#8221;L\u00ednguas e Humanidades &#8211; 11.\u00ba Ano&#8221; use_theme_fonts=&#8221;yes&#8221;][\/vc_column][\/vc_row][vc_row disable_element=&#8221;yes&#8221;][vc_column][vc_tta_accordion shape=&#8221;round&#8221; active_section=&#8221;99&#8243; collapsible_all=&#8221;true&#8221;][vc_tta_section i_icon_fontawesome=&#8221;far fa-comment&#8221; add_icon=&#8221;true&#8221; title=&#8221;Alem\u00e3o&#8221; tab_id=&#8221;1666538090372-ba133dc4-df9d&#8221;][vc_column_text]<\/p>\n<table id=\"ALE11LH\" class=\"table table-hover\">\n<thead>\n<tr class=\"info\">\n<td class=\"tohide\">Professor(a)<\/td>\n<td>Turma<\/td>\n<td>Dia<\/td>\n<td>Hora<\/td>\n<td>Sala<\/td>\n<\/tr>\n<\/thead>\n<tbody>\n<tr>\n<td class=\"tohide\">Humberta Correia<\/td>\n<td>25<\/td>\n<td>3.\u00aa feira<\/td>\n<td>13:30 &#8211; 14:15<\/td>\n<td>423A<\/td>\n<\/tr>\n<\/tbody>\n<\/table>\n<p>[\/vc_column_text][\/vc_tta_section][vc_tta_section i_icon_fontawesome=&#8221;fas fa-book-reader&#8221; add_icon=&#8221;true&#8221; title=&#8221;Filosofia&#8221; tab_id=&#8221;1666538090373-bff48384-aa01&#8243;][vc_column_text]<\/p>\n<table id=\"FILO11LH\" class=\"table table-hover\">\n<thead>\n<tr class=\"info\">\n<td class=\"tohide\">Professor(a)<\/td>\n<td>Turma<\/td>\n<td>Dia<\/td>\n<td>Hora<\/td>\n<td>Sala<\/td>\n<\/tr>\n<\/thead>\n<tbody>\n<tr>\n<td class=\"tohide\">Paula Gon\u00e7alves<\/td>\n<td>21<\/td>\n<td>2.\u00aa feira<\/td>\n<td>13:30 &#8211; 15:00<\/td>\n<td>411A<\/td>\n<\/tr>\n<tr>\n<td class=\"tohide\">Agostinha N\u00f3brega<\/td>\n<td>22<\/td>\n<td>4.\u00aa feira<\/td>\n<td>13:30 &#8211; 14:15<\/td>\n<td>210<\/td>\n<\/tr>\n<tr>\n<td class=\"tohide\">L\u00edgia Faria<\/td>\n<td>23<\/td>\n<td>4.\u00aa feira<\/td>\n<td>13:30 &#8211; 14:15<\/td>\n<td>212<\/td>\n<\/tr>\n<tr>\n<td class=\"tohide\">Ana Isabel C\u00e2mara<\/td>\n<td>24<\/td>\n<td>4.\u00aa feira<\/td>\n<td>15:15 &#8211; 16:45<\/td>\n<td>305<\/td>\n<\/tr>\n<tr>\n<td class=\"tohide\">Gorete Franco<\/td>\n<td>25<\/td>\n<td>6.\u00aa feira<\/td>\n<td>15:15 &#8211; 16:45<\/td>\n<td>212<\/td>\n<\/tr>\n<\/tbody>\n<\/table>\n<p>[\/vc_column_text][\/vc_tta_section][vc_tta_section i_icon_fontawesome=&#8221;fas fa-comments&#8221; add_icon=&#8221;true&#8221; title=&#8221;Franc\u00eas&#8221; tab_id=&#8221;1666538735908-3c902b7a-090c&#8221;][vc_column_text]<\/p>\n<table id=\"FRA11LH\" class=\"table table-hover\">\n<thead>\n<tr class=\"info\">\n<td class=\"tohide\">Professor(a)<\/td>\n<td>Turma<\/td>\n<td>Dia<\/td>\n<td>Hora<\/td>\n<td>Sala<\/td>\n<\/tr>\n<\/thead>\n<tbody>\n<tr>\n<td class=\"tohide\">Maria Teresa Sousa<\/td>\n<td>26<\/td>\n<td>4.\u00aa feira<\/td>\n<td>13:30 &#8211; 15:00<\/td>\n<td>B21<\/td>\n<\/tr>\n<\/tbody>\n<\/table>\n<p>[\/vc_column_text][\/vc_tta_section][vc_tta_section i_icon_fontawesome=&#8221;fas fa-globe-europe&#8221; add_icon=&#8221;true&#8221; title=&#8221;Geografia A&#8221; tab_id=&#8221;1666538854254-e5891a2f-1dfb&#8221;][vc_column_text]<\/p>\n<table id=\"GEOA11LH\" class=\"table table-hover\">\n<thead>\n<tr class=\"info\">\n<td class=\"tohide\">Professor(a)<\/td>\n<td>Turma<\/td>\n<td>Dia<\/td>\n<td>Hora<\/td>\n<td>Sala<\/td>\n<\/tr>\n<\/thead>\n<tbody>\n<tr>\n<td class=\"tohide\">Lu\u00edsa G\u00f3is<\/td>\n<td>21<\/td>\n<td>4\u00aa feira<\/td>\n<td>13:30 &#8211; 14:15<\/td>\n<td>411A<\/td>\n<\/tr>\n<tr>\n<td class=\"tohide\">Dora Agrela<\/td>\n<td>22<\/td>\n<td>4.\u00aa feira<\/td>\n<td>15:15 &#8211; 16:45<\/td>\n<td>412<\/td>\n<\/tr>\n<tr>\n<td class=\"tohide\">Dora Agrela<\/td>\n<td>23<\/td>\n<td>4.\u00aa feira<\/td>\n<td>15:15 &#8211; 16:45<\/td>\n<td>412<\/td>\n<\/tr>\n<tr>\n<td class=\"tohide\">Bruno Neves<\/td>\n<td>24<\/td>\n<td>4.\u00aa feira<\/td>\n<td>13:30 &#8211; 15:00<\/td>\n<td>B20<\/td>\n<\/tr>\n<\/tbody>\n<\/table>\n<p>[\/vc_column_text][\/vc_tta_section][vc_tta_section i_icon_fontawesome=&#8221;fas fa-landmark&#8221; add_icon=&#8221;true&#8221; title=&#8221;Hist\u00f3ria A&#8221; tab_id=&#8221;1666539062524-0fa68c9e-8143&#8243;][vc_column_text]<\/p>\n<table id=\"HISTA11LH\" class=\"table table-hover\">\n<thead>\n<tr class=\"info\">\n<td class=\"tohide\">Professor(a)<\/td>\n<td>Turma<\/td>\n<td>Dia<\/td>\n<td>Hora<\/td>\n<td>Sala<\/td>\n<\/tr>\n<\/thead>\n<tbody>\n<tr>\n<td class=\"tohide\">Felicidade C\u00e2mara<\/td>\n<td>21<\/td>\n<td>4.\u00aa feira<\/td>\n<td>15:15 &#8211; 16:45<\/td>\n<td>B36<\/td>\n<\/tr>\n<tr>\n<td class=\"tohide\">Felicidade C\u00e2mara<\/td>\n<td>22<\/td>\n<td>4.\u00aa feira<\/td>\n<td>15:15 &#8211; 16:45<\/td>\n<td>B36<\/td>\n<\/tr>\n<tr>\n<td class=\"tohide\">Eug\u00e9nia Esc\u00f3rcio<\/td>\n<td>24<\/td>\n<td>4.\u00aa feira<\/td>\n<td>15:15 &#8211; 16:45<\/td>\n<td>B20<\/td>\n<\/tr>\n<tr>\n<td class=\"tohide\">Eug\u00e9nia Esc\u00f3rcio<\/td>\n<td>25<\/td>\n<td>4.\u00aa feira<\/td>\n<td>15:15 &#8211; 16:45<\/td>\n<td>B20<\/td>\n<\/tr>\n<tr>\n<td class=\"tohide\">Eug\u00e9nia Esc\u00f3rcio<\/td>\n<td>26<\/td>\n<td>5.\u00aa feira<\/td>\n<td>15:15 &#8211; 16:45<\/td>\n<td>B23<\/td>\n<\/tr>\n<\/tbody>\n<\/table>\n<p>[\/vc_column_text][\/vc_tta_section][vc_tta_section i_icon_fontawesome=&#8221;far fa-comments&#8221; add_icon=&#8221;true&#8221; title=&#8221;Ingl\u00eas&#8221; tab_id=&#8221;1666539375610-d2add66c-4c14&#8243;][vc_column_text]<\/p>\n<table id=\"ING11LH\" class=\"table table-hover\">\n<thead>\n<tr class=\"info\">\n<td class=\"tohide\">Professor(a)<\/td>\n<td>Turma<\/td>\n<td>Dia<\/td>\n<td>Hora<\/td>\n<td>Sala<\/td>\n<\/tr>\n<\/thead>\n<tbody>\n<tr>\n<td class=\"tohide\">Cl\u00e1udia Fonseca<\/td>\n<td>21<\/td>\n<td>6.\u00aa feira<\/td>\n<td>15:15 &#8211; 16:45<\/td>\n<td>L33<\/td>\n<\/tr>\n<tr>\n<td class=\"tohide\">Gilda Figueira<\/td>\n<td>22<\/td>\n<td>4.\u00aa feira<\/td>\n<td>13:30 &#8211; 15:00<\/td>\n<td>413<\/td>\n<\/tr>\n<tr>\n<td class=\"tohide\">Ricardo F\u00e9lix<\/td>\n<td>23<\/td>\n<td>5.\u00aa feira<\/td>\n<td>13:30 &#8211; 15:00<\/td>\n<td>421A<\/td>\n<\/tr>\n<tr>\n<td class=\"tohide\">Gilda Figueira<\/td>\n<td>24<\/td>\n<td>4.\u00aa feira<\/td>\n<td>13:30 &#8211; 15:00<\/td>\n<td>413<\/td>\n<\/tr>\n<tr>\n<td class=\"tohide\">Gilda Figueira<\/td>\n<td>25<\/td>\n<td>4.\u00aa feira<\/td>\n<td>13:30 &#8211; 15:00<\/td>\n<td>413<\/td>\n<\/tr>\n<tr>\n<td class=\"tohide\">Gilda Figueira<\/td>\n<td>26<\/td>\n<td>4.\u00aa feira<\/td>\n<td>13:30 &#8211; 15:00<\/td>\n<td>413<\/td>\n<\/tr>\n<\/tbody>\n<\/table>\n<p>[\/vc_column_text][\/vc_tta_section][vc_tta_section i_icon_fontawesome=&#8221;fas fa-user-edit&#8221; add_icon=&#8221;true&#8221; title=&#8221;Literatura Portuguesa&#8221; tab_id=&#8221;1666539687656-53277cb3-b492&#8243;][vc_column_text]<\/p>\n<table id=\"LP11LH\" class=\"table table-hover\">\n<thead>\n<tr class=\"info\">\n<td class=\"tohide\">Professor(a)<\/td>\n<td>Turma<\/td>\n<td>Dia<\/td>\n<td>Hora<\/td>\n<td>Sala<\/td>\n<\/tr>\n<\/thead>\n<tbody>\n<tr>\n<td class=\"tohide\">Ana Jos\u00e9 Ferreira<\/td>\n<td>25<\/td>\n<td>6.\u00aa feira<\/td>\n<td>13:30 &#8211; 14:15<\/td>\n<td>B23<\/td>\n<\/tr>\n<tr>\n<td class=\"tohide\">Ana Jos\u00e9 Ferreira<\/td>\n<td>26<\/td>\n<td>6.\u00aa feira<\/td>\n<td>13:30 &#8211; 14:15<\/td>\n<td>B23<\/td>\n<\/tr>\n<\/tbody>\n<\/table>\n<p>[\/vc_column_text][\/vc_tta_section][vc_tta_section i_icon_fontawesome=&#8221;fas fa-infinity&#8221; add_icon=&#8221;true&#8221; title=&#8221;Matem\u00e1tica Aplicada \u00e0s Ci\u00eancias Sociais&#8221; tab_id=&#8221;1666539855386-92248865-4065&#8243;][vc_column_text]<\/p>\n<table id=\"MACS11LH\" class=\"table table-hover\">\n<thead>\n<tr class=\"info\">\n<td class=\"tohide\">Professor(a)<\/td>\n<td>Turma<\/td>\n<td>Dia<\/td>\n<td>Hora<\/td>\n<td>Sala<\/td>\n<\/tr>\n<\/thead>\n<tbody>\n<tr>\n<td class=\"tohide\">\u00c1lvaro Velosa<\/td>\n<td>21<\/td>\n<td>5.\u00aa feira<\/td>\n<td>11:45 &#8211; 12:30<\/td>\n<td>411<\/td>\n<\/tr>\n<tr>\n<td class=\"tohide\">\u00c1lvaro Velosa<\/td>\n<td>22<\/td>\n<td>5.\u00aa feira<\/td>\n<td>11:45 &#8211; 12:30<\/td>\n<td>411<\/td>\n<\/tr>\n<tr>\n<td class=\"tohide\">\u00c1lvaro Velosa<\/td>\n<td>23<\/td>\n<td>2.\u00aa feira<\/td>\n<td>13:30 &#8211; 14:15<\/td>\n<td>B33<\/td>\n<\/tr>\n<tr>\n<td class=\"tohide\">\u00c1lvaro Velosa<\/td>\n<td>24<\/td>\n<td>2.\u00aa feira<\/td>\n<td>11:45 &#8211; 12:30<\/td>\n<td>415<\/td>\n<\/tr>\n<\/tbody>\n<\/table>\n<p>[\/vc_column_text][\/vc_tta_section][vc_tta_section i_icon_fontawesome=&#8221;fas fa-book-open&#8221; add_icon=&#8221;true&#8221; title=&#8221;Portugu\u00eas&#8221; tab_id=&#8221;1666540053483-350a6e24-9b78&#8243;][vc_column_text]<\/p>\n<table id=\"POR11LH\" class=\"table table-hover\">\n<thead>\n<tr class=\"info\">\n<td class=\"tohide\">Professor(a)<\/td>\n<td>Turma<\/td>\n<td>Dia<\/td>\n<td>Hora<\/td>\n<td>Sala<\/td>\n<\/tr>\n<\/thead>\n<tbody>\n<tr>\n<td class=\"tohide\">Vanda Sousa<\/td>\n<td>21<\/td>\n<td>4.\u00aa feira<\/td>\n<td>15:15 &#8211; 16:45<\/td>\n<td>311<\/td>\n<\/tr>\n<tr>\n<td class=\"tohide\">\u00c2ngela Carvalho<\/td>\n<td>22<\/td>\n<td>3.\u00aa feira<\/td>\n<td>13:30 &#8211; 14:15<\/td>\n<td>B33<\/td>\n<\/tr>\n<tr>\n<td class=\"tohide\">Clara Gomes<\/td>\n<td>24<\/td>\n<td>3.\u00aa feira<\/td>\n<td>13:30 &#8211; 15:00<\/td>\n<td>413<\/td>\n<\/tr>\n<tr>\n<td class=\"tohide\">Cl\u00e1udia Viveiros<\/td>\n<td>25<\/td>\n<td>6.\u00aa feira<\/td>\n<td>15:15 &#8211; 16:45<\/td>\n<td>B37<\/td>\n<\/tr>\n<tr>\n<td class=\"tohide\">\u00c2ngela Carvalho<\/td>\n<td>26<\/td>\n<td>5.\u00aa feira<\/td>\n<td>13:30 &#8211; 14:15<\/td>\n<td>403<\/td>\n<\/tr>\n<\/tbody>\n<\/table>\n<p>[\/vc_column_text][\/vc_tta_section][\/vc_tta_accordion][\/vc_column][\/vc_row][vc_row disable_element=&#8221;yes&#8221;][vc_column][vc_custom_heading text=&#8221;L\u00ednguas e Humanidades &#8211; 12.\u00ba Ano&#8221; use_theme_fonts=&#8221;yes&#8221;][\/vc_column][\/vc_row][vc_row disable_element=&#8221;yes&#8221;][vc_column][vc_tta_accordion shape=&#8221;round&#8221; active_section=&#8221;99&#8243; collapsible_all=&#8221;true&#8221;][vc_tta_section i_icon_fontawesome=&#8221;fas fa-landmark&#8221; add_icon=&#8221;true&#8221; title=&#8221;Hist\u00f3ria A&#8221; tab_id=&#8221;1666540327311-619c21ac-90e0&#8243;][vc_column_text]<\/p>\n<table id=\"HISTA12LH\" class=\"table table-hover\">\n<thead>\n<tr class=\"info\">\n<td class=\"tohide\">Professor(a)<\/td>\n<td>Turma<\/td>\n<td>Dia<\/td>\n<td>Hora<\/td>\n<td>Sala<\/td>\n<\/tr>\n<\/thead>\n<tbody>\n<tr>\n<td class=\"tohide\">Rui Mendon\u00e7a<\/td>\n<td>18<\/td>\n<td>4.\u00aa feira<\/td>\n<td>13:30 &#8211; 14:15<\/td>\n<td>216<\/td>\n<\/tr>\n<tr>\n<td class=\"tohide\">Rui Mendon\u00e7a<\/td>\n<td>19<\/td>\n<td>5.\u00aa feira<\/td>\n<td>17:00 &#8211; 17:45<\/td>\n<td>B37<\/td>\n<\/tr>\n<tr>\n<td class=\"tohide\">Olavo Teixeira<\/td>\n<td>20<\/td>\n<td>4.\u00aa feira<\/td>\n<td>15:15 &#8211; 16:00<\/td>\n<td>401<\/td>\n<\/tr>\n<tr>\n<td class=\"tohide\">Rui Pedro Amador<\/td>\n<td>21<\/td>\n<td>3.\u00aa feira<\/td>\n<td>17:00 &#8211; 18:30<\/td>\n<td>411A<\/td>\n<\/tr>\n<tr>\n<td class=\"tohide\">Rui Pedro Amador<\/td>\n<td>22<\/td>\n<td>3.\u00aa feira<\/td>\n<td>17:00 &#8211; 18:30<\/td>\n<td>411A<\/td>\n<\/tr>\n<\/tbody>\n<\/table>\n<p>[\/vc_column_text][\/vc_tta_section][vc_tta_section i_icon_fontawesome=&#8221;fas fa-user&#8221; add_icon=&#8221;true&#8221; title=&#8221;Psicologia B&#8221; tab_id=&#8221;1666540684723-db529ce7-1373&#8243;][vc_column_text]<\/p>\n<table id=\"PSIB12LH\" class=\"table table-hover\">\n<thead>\n<tr class=\"info\">\n<td class=\"tohide\">Professor(a)<\/td>\n<td>Turma<\/td>\n<td>Dia<\/td>\n<td>Hora<\/td>\n<td>Sala<\/td>\n<\/tr>\n<\/thead>\n<tbody>\n<tr>\n<td class=\"tohide\">Isabel Agrela<\/td>\n<td>18<\/td>\n<td>5.\u00aa feira<\/td>\n<td>17:00 &#8211; 17:45<\/td>\n<td>302<\/td>\n<\/tr>\n<tr>\n<td class=\"tohide\">M\u00e1rio Melim<\/td>\n<td>19<\/td>\n<td>5.\u00aa feira<\/td>\n<td>17:00 &#8211; 17:45<\/td>\n<td>401<\/td>\n<\/tr>\n<tr>\n<td class=\"tohide\">T\u00e2nia Velosa<\/td>\n<td>20<\/td>\n<td>4.\u00aa feira<\/td>\n<td>13:30 &#8211; 15:00<\/td>\n<td>B36<\/td>\n<\/tr>\n<tr>\n<td class=\"tohide\">T\u00e2nia Velosa<\/td>\n<td>22<\/td>\n<td>4.\u00aa feira<\/td>\n<td>13:30 &#8211; 15:00<\/td>\n<td>B36<\/td>\n<\/tr>\n<\/tbody>\n<\/table>\n<p>[\/vc_column_text][\/vc_tta_section][vc_tta_section i_icon_fontawesome=&#8221;fas fa-book-open&#8221; add_icon=&#8221;true&#8221; title=&#8221;Portugu\u00eas&#8221; tab_id=&#8221;1666540849178-8026213a-75a8&#8243;][vc_column_text]<\/p>\n<table id=\"PORT12LH\" class=\"table table-hover\">\n<thead>\n<tr class=\"info\">\n<td class=\"tohide\">Professor(a)<\/td>\n<td>Turma<\/td>\n<td>Dia<\/td>\n<td>Hora<\/td>\n<td>Sala<\/td>\n<\/tr>\n<\/thead>\n<tbody>\n<tr>\n<td class=\"tohide\">Jo\u00e3o Carlos Costa<\/td>\n<td>18<\/td>\n<td>3.\u00aa feira<\/td>\n<td>13:30 &#8211; 14:15<\/td>\n<td>207<\/td>\n<\/tr>\n<tr>\n<td class=\"tohide\">Jo\u00e3o Manuel Sousa<\/td>\n<td>19<\/td>\n<td>6.\u00aa feira<\/td>\n<td>13:30 &#8211; 14:15<\/td>\n<td>411<\/td>\n<\/tr>\n<tr>\n<td class=\"tohide\">Susana Rodrigues<\/td>\n<td>20<\/td>\n<td>4.\u00aa feira<\/td>\n<td>13:30 &#8211; 14:15<\/td>\n<td>207<\/td>\n<\/tr>\n<tr>\n<td class=\"tohide\">Eker Gomes<\/td>\n<td>21<\/td>\n<td>5.\u00aa feira<\/td>\n<td>12:30 &#8211; 13:15<\/td>\n<td>B34<\/td>\n<\/tr>\n<tr>\n<td class=\"tohide\">Jo\u00e3o Manuel Sousa<\/td>\n<td>22<\/td>\n<td>4.\u00aa feira<\/td>\n<td>13:30 &#8211; 14:15<\/td>\n<td>209<\/td>\n<\/tr>\n<\/tbody>\n<\/table>\n<p>[\/vc_column_text][\/vc_tta_section][vc_tta_section i_icon_fontawesome=&#8221;fas fa-users&#8221; add_icon=&#8221;true&#8221; title=&#8221;Sociologia&#8221; tab_id=&#8221;1666540327312-495ccfce-a761&#8243;][vc_column_text]<\/p>\n<table id=\"SOC12LH\" class=\"table table-hover\">\n<thead>\n<tr class=\"info\">\n<td class=\"tohide\">Professor(a)<\/td>\n<td>Turma<\/td>\n<td>Dia<\/td>\n<td>Hora<\/td>\n<td>Sala<\/td>\n<\/tr>\n<\/thead>\n<tbody>\n<tr>\n<td class=\"tohide\">Sandra Freitas<\/td>\n<td>18<\/td>\n<td>3.\u00aa feira<\/td>\n<td>11:45 &#8211; 13:15<\/td>\n<td>B31<\/td>\n<\/tr>\n<tr>\n<td class=\"tohide\">Sandra Freitas<\/td>\n<td>19<\/td>\n<td>3.\u00aa feira<\/td>\n<td>11:45 &#8211; 13:15<\/td>\n<td>B31<\/td>\n<\/tr>\n<tr>\n<td class=\"tohide\">Anabela Machado<\/td>\n<td>20<\/td>\n<td>3.\u00aa feira<\/td>\n<td>11:45 &#8211; 13:15<\/td>\n<td>213<\/td>\n<\/tr>\n<tr>\n<td class=\"tohide\">Anabela Machado<\/td>\n<td>21<\/td>\n<td>3.\u00aa feira<\/td>\n<td>11:45 &#8211; 13:15<\/td>\n<td>213<\/td>\n<\/tr>\n<\/tbody>\n<\/table>\n<p>[\/vc_column_text][\/vc_tta_section][\/vc_tta_accordion][\/vc_column][\/vc_row][vc_row][vc_column][vc_custom_heading text=&#8221;Educa\u00e7\u00e3o F\u00edsica&#8221; use_theme_fonts=&#8221;yes&#8221;][\/vc_column][\/vc_row][vc_row][vc_column]\t\t<div class=\"wh-content-box  scp_content_box-d41d8cd98f00b204e9800998ecf8427e\">\n\t\t\t\t\t\t\t\t\t\t\t\t[vc_tta_accordion shape=&#8221;round&#8221; active_section=&#8221;99&#8243; collapsible_all=&#8221;true&#8221;][vc_tta_section i_icon_fontawesome=&#8221;fas fa-running&#8221; add_icon=&#8221;true&#8221; title=&#8221;Geral&#8221; tab_id=&#8221;1729598397063-d0da4f26-80a6&#8243;][vc_column_text css=&#8221;&#8221;]<a href=\"https:\/\/esffranco.edu.pt\/web\/wp-content\/uploads\/2025\/10\/EDF.pdf\" class=\"pdfemb-viewer\" style=\"\" data-width=\"max\" data-height=\"max\" data-toolbar=\"bottom\" data-toolbar-fixed=\"on\">EDF<\/a>[\/vc_column_text][\/vc_tta_section][vc_tta_section i_icon_fontawesome=&#8221;fas fa-dumbbell&#8221; add_icon=&#8221;true&#8221; title=&#8221;Gin\u00e1sio&#8221; tab_id=&#8221;1768735414948-7d195236-d22a&#8221;][vc_column_text css=&#8221;&#8221;]<a href=\"https:\/\/esffranco.edu.pt\/web\/wp-content\/uploads\/2026\/01\/GinasioMusculacao.pdf\" class=\"pdfemb-viewer\" style=\"\" data-width=\"max\" data-height=\"max\" data-toolbar=\"bottom\" data-toolbar-fixed=\"on\">Gin\u00e1sioMuscula\u00e7\u00e3o<\/a>[\/vc_column_text][\/vc_tta_section][\/vc_tta_accordion]\t\t<\/div>\n\t\t[\/vc_column][\/vc_row][vc_row disable_element=&#8221;yes&#8221;][vc_column][vc_tta_accordion shape=&#8221;round&#8221; active_section=&#8221;99&#8243; collapsible_all=&#8221;true&#8221;][vc_tta_section i_icon_fontawesome=&#8221;far fa-calendar&#8221; add_icon=&#8221;true&#8221; title=&#8221;2.\u00aa Feira&#8221; tab_id=&#8221;1666554161193-84713339-b72c&#8221;][vc_column_text]<\/p>\n<table id=\"EDFG2\" class=\"table table-hover\">\n<thead>\n<tr class=\"info\">\n<td>Professor(a)<\/td>\n<td>Hora<\/td>\n<\/tr>\n<\/thead>\n<tbody>\n<tr>\n<td>Jo\u00e3o Paulo<\/td>\n<td>10:00 &#8211; 11:30<\/td>\n<\/tr>\n<tr>\n<td>Ana Lu\u00edsa<\/td>\n<td>10:00 &#8211; 11:30<\/td>\n<\/tr>\n<tr>\n<td>Carina Silva<\/td>\n<td>11:45 &#8211; 13:15<\/td>\n<\/tr>\n<tr>\n<td>Gilberto Andrade<\/td>\n<td>13:30 &#8211; 15:00<\/td>\n<\/tr>\n<tr>\n<td>Duarte Correia<\/td>\n<td>15:15 &#8211; 16:45<\/td>\n<\/tr>\n<\/tbody>\n<\/table>\n<p>[\/vc_column_text][\/vc_tta_section][vc_tta_section i_icon_fontawesome=&#8221;far fa-calendar&#8221; add_icon=&#8221;true&#8221; title=&#8221;3.\u00aa Feira&#8221; tab_id=&#8221;1666554161193-129f4d51-8d04&#8243;][vc_column_text]<\/p>\n<table id=\"EDFG3\" class=\"table table-hover\">\n<thead>\n<tr class=\"info\">\n<td>Professor(a)<\/td>\n<td>Hora<\/td>\n<\/tr>\n<\/thead>\n<tbody>\n<tr>\n<td>Jos\u00e9 Carlos<\/td>\n<td>10:00 &#8211; 11:30<\/td>\n<\/tr>\n<tr>\n<td>Jos\u00e9 Carlos<\/td>\n<td>11:45 &#8211; 12:30<\/td>\n<\/tr>\n<tr>\n<td>Fernando Rodrigues<\/td>\n<td>11:45 &#8211; 13:15<\/td>\n<\/tr>\n<tr>\n<td>Carina Silva<\/td>\n<td>13:30 &#8211; 15:00<\/td>\n<\/tr>\n<tr>\n<td>Armando Correia<\/td>\n<td>15:15 &#8211; 16:00<\/td>\n<\/tr>\n<\/tbody>\n<\/table>\n<p>[\/vc_column_text][\/vc_tta_section][vc_tta_section i_icon_fontawesome=&#8221;far fa-calendar&#8221; add_icon=&#8221;true&#8221; title=&#8221;4.\u00aa Feira&#8221; tab_id=&#8221;1666555370012-72f45867-b4f7&#8243;][vc_column_text]<\/p>\n<table id=\"EDFG4\" class=\"table table-hover\">\n<thead>\n<tr class=\"info\">\n<td>Professor(a)<\/td>\n<td>Hora<\/td>\n<\/tr>\n<\/thead>\n<tbody>\n<tr>\n<td>David Ferreira<\/td>\n<td>10:00 &#8211; 10:45<\/td>\n<\/tr>\n<tr>\n<td>Ana Lu\u00edsa<\/td>\n<td>10:00 &#8211; 11:30<\/td>\n<\/tr>\n<tr>\n<td>Carla Pestana<\/td>\n<td>10:00 &#8211; 11:30<\/td>\n<\/tr>\n<tr>\n<td>Duarte Correia<\/td>\n<td>11:45 &#8211; 12:30<\/td>\n<\/tr>\n<tr>\n<td>Gilberto Andrade<\/td>\n<td>13:30 &#8211; 15:00<\/td>\n<\/tr>\n<tr>\n<td>Lu\u00eds Castro<\/td>\n<td>15:15 &#8211; 16:45<\/td>\n<\/tr>\n<\/tbody>\n<\/table>\n<p>[\/vc_column_text][\/vc_tta_section][vc_tta_section i_icon_fontawesome=&#8221;far fa-calendar&#8221; add_icon=&#8221;true&#8221; title=&#8221;5.\u00aa Feira&#8221; tab_id=&#8221;1666555511265-80371beb-c08b&#8221;][vc_column_text]<\/p>\n<table id=\"EDFG5\" class=\"table table-hover\">\n<thead>\n<tr class=\"info\">\n<td>Professor(a)<\/td>\n<td>Hora<\/td>\n<\/tr>\n<\/thead>\n<tbody>\n<tr>\n<td>C\u00e9sar Nicola<\/td>\n<td>10:00 &#8211; 11:30<\/td>\n<\/tr>\n<tr>\n<td>Pedro Pereira<\/td>\n<td>11:45 &#8211; 13:15<\/td>\n<\/tr>\n<tr>\n<td>C\u00e9sar Nicola<\/td>\n<td>11:45 &#8211; 12:30<\/td>\n<\/tr>\n<tr>\n<td>Carina Silva<\/td>\n<td>11:45 &#8211; 13:15<\/td>\n<\/tr>\n<tr>\n<td>Rui Andrade<\/td>\n<td>11:45 &#8211; 13:15<\/td>\n<\/tr>\n<tr>\n<td>Miguel Costa<\/td>\n<td>17:00 &#8211; 18:30<\/td>\n<\/tr>\n<\/tbody>\n<\/table>\n<p>[\/vc_column_text][\/vc_tta_section][vc_tta_section i_icon_fontawesome=&#8221;far fa-calendar&#8221; add_icon=&#8221;true&#8221; title=&#8221;6.\u00aa Feira&#8221; tab_id=&#8221;1666555610210-88bdc9c1-dd2b&#8221;][vc_column_text]<\/p>\n<table id=\"EDFG6\" class=\"table table-hover\">\n<thead>\n<tr class=\"info\">\n<td>Professor(a)<\/td>\n<td>Hora<\/td>\n<\/tr>\n<\/thead>\n<tbody>\n<tr>\n<td>Fernando Rodrigues<\/td>\n<td>10:00 &#8211; 10:45<\/td>\n<\/tr>\n<tr>\n<td>Carina Silva<\/td>\n<td>11:45 &#8211; 13:15<\/td>\n<\/tr>\n<\/tbody>\n<\/table>\n<p>[\/vc_column_text][\/vc_tta_section][\/vc_tta_accordion][\/vc_column][\/vc_row][vc_row disable_element=&#8221;yes&#8221;][vc_column][vc_custom_heading text=&#8221;Educa\u00e7\u00e3o F\u00edsica &#8211; Gabinete&#8221; use_theme_fonts=&#8221;yes&#8221;][\/vc_column][\/vc_row][vc_row disable_element=&#8221;yes&#8221;][vc_column][vc_tta_accordion shape=&#8221;round&#8221; active_section=&#8221;99&#8243; collapsible_all=&#8221;true&#8221;][vc_tta_section i_icon_fontawesome=&#8221;far fa-calendar&#8221; add_icon=&#8221;true&#8221; title=&#8221;2.\u00aa Feira&#8221; tab_id=&#8221;1666622232213-4984beee-6f65&#8243;][vc_column_text]<\/p>\n<table id=\"EDFGa2\" class=\"table table-hover\">\n<thead>\n<tr class=\"info\">\n<td>Professor(a)<\/td>\n<td>Hora<\/td>\n<\/tr>\n<\/thead>\n<tbody>\n<tr>\n<td>David Ferreira<\/td>\n<td>10:00 &#8211; 10:45<\/td>\n<\/tr>\n<tr>\n<td>Armando Carreira<\/td>\n<td>15:15 &#8211; 16:45<\/td>\n<\/tr>\n<\/tbody>\n<\/table>\n<p>[\/vc_column_text][\/vc_tta_section][vc_tta_section i_icon_fontawesome=&#8221;far fa-calendar&#8221; add_icon=&#8221;true&#8221; title=&#8221;3.\u00aa Feira&#8221; tab_id=&#8221;1666622232213-fc4f8212-994f&#8221;][vc_column_text]<\/p>\n<table id=\"EDFGa3\" class=\"table table-hover\">\n<thead>\n<tr class=\"info\">\n<td>Professor(a)<\/td>\n<td>Hora<\/td>\n<\/tr>\n<\/thead>\n<tbody>\n<tr>\n<td>Jorge Camacho<\/td>\n<td>15:15 &#8211; 16:00<\/td>\n<\/tr>\n<\/tbody>\n<\/table>\n<p>[\/vc_column_text][\/vc_tta_section][vc_tta_section i_icon_fontawesome=&#8221;far fa-calendar&#8221; add_icon=&#8221;true&#8221; title=&#8221;4.\u00aa Feira&#8221; tab_id=&#8221;1666622958502-ecc51e7c-713e&#8221;][vc_column_text]<\/p>\n<table id=\"EDFGa4\" class=\"table table-hover\">\n<thead>\n<tr class=\"info\">\n<td>Professor(a)<\/td>\n<td>Hora<\/td>\n<\/tr>\n<\/thead>\n<tbody>\n<tr>\n<td>Carla Pestana<\/td>\n<td>11:45 &#8211; 12:30<\/td>\n<\/tr>\n<\/tbody>\n<\/table>\n<p>[\/vc_column_text][\/vc_tta_section][vc_tta_section i_icon_fontawesome=&#8221;far fa-calendar&#8221; add_icon=&#8221;true&#8221; title=&#8221;5.\u00aa Feira&#8221; tab_id=&#8221;1666623125843-b52455f2-0b7c&#8221;][vc_column_text]<\/p>\n<table id=\"EDFGa5\" class=\"table table-hover\">\n<thead>\n<tr class=\"info\">\n<td>Professor(a)<\/td>\n<td>Hora<\/td>\n<\/tr>\n<\/thead>\n<tbody>\n<tr>\n<td>Rui Andrade<\/td>\n<td>11:45 &#8211; 12:30<\/td>\n<\/tr>\n<tr>\n<td>Gilberto Andrade<\/td>\n<td>15:15 &#8211; 16:45<\/td>\n<\/tr>\n<\/tbody>\n<\/table>\n<p>[\/vc_column_text][\/vc_tta_section][vc_tta_section i_icon_fontawesome=&#8221;far fa-calendar&#8221; add_icon=&#8221;true&#8221; title=&#8221;6.\u00aa Feira&#8221; tab_id=&#8221;1666623245995-4e55f682-b6dc&#8221;][vc_column_text]<\/p>\n<table id=\"EDFGa6\" class=\"table table-hover\">\n<thead>\n<tr class=\"info\">\n<td>Professor(a)<\/td>\n<td>Hora<\/td>\n<\/tr>\n<\/thead>\n<tbody>\n<tr>\n<td>Ant\u00f3nio Andrade<\/td>\n<td>08:15 &#8211; 09:45<\/td>\n<\/tr>\n<\/tbody>\n<\/table>\n<p>[\/vc_column_text][\/vc_tta_section][\/vc_tta_accordion][\/vc_column][\/vc_row][vc_row][vc_column][vc_custom_heading text=&#8221;Cursos Profissionais&#8221; use_theme_fonts=&#8221;yes&#8221; css=&#8221;&#8221; el_id=&#8221;CP1&#8243;][\/vc_column][\/vc_row][vc_row][vc_column][vc_tta_accordion shape=&#8221;round&#8221; active_section=&#8221;99&#8243; collapsible_all=&#8221;true&#8221;][vc_tta_section i_icon_fontawesome=&#8221;fas fa-book&#8221; add_icon=&#8221;true&#8221; title=&#8221;Geral&#8221; tab_id=&#8221;1666626429480-a243d349-266e&#8221;][vc_column_text css=&#8221;&#8221;]<a href=\"https:\/\/esffranco.edu.pt\/web\/wp-content\/uploads\/2025\/10\/CP_Geral.pdf\" class=\"pdfemb-viewer\" style=\"\" data-width=\"max\" data-height=\"max\" data-toolbar=\"bottom\" data-toolbar-fixed=\"on\">CP_Geral<\/a>[\/vc_column_text][\/vc_tta_section][vc_tta_section i_icon_fontawesome=&#8221;fas fa-tv&#8221; add_icon=&#8221;true&#8221; title=&#8221;T\u00e9cnicas 1&#8243; tab_id=&#8221;1666626222369-2e289476-6a0f&#8221;][vc_column_text css=&#8221;&#8221;]<a href=\"https:\/\/esffranco.edu.pt\/web\/wp-content\/uploads\/2025\/10\/CP_TecnicasA.pdf\" class=\"pdfemb-viewer\" style=\"\" data-width=\"max\" data-height=\"max\" data-toolbar=\"bottom\" data-toolbar-fixed=\"on\">CP_TecnicasA<\/a>[\/vc_column_text][\/vc_tta_section][vc_tta_section i_icon_fontawesome=&#8221;fas fa-microscope&#8221; add_icon=&#8221;true&#8221; title=&#8221;T\u00e9cnicas 2&#8243; tab_id=&#8221;1666624795823-22f8a526-8c2a&#8221;][vc_column_text css=&#8221;&#8221;]<a href=\"https:\/\/esffranco.edu.pt\/web\/wp-content\/uploads\/2025\/10\/CP_TecnicasB.pdf\" class=\"pdfemb-viewer\" style=\"\" data-width=\"max\" data-height=\"max\" data-toolbar=\"bottom\" data-toolbar-fixed=\"on\">CP_TecnicasB<\/a>[\/vc_column_text][\/vc_tta_section][\/vc_tta_accordion][\/vc_column][\/vc_row][vc_row disable_element=&#8221;yes&#8221;][vc_column][vc_tta_accordion shape=&#8221;round&#8221; active_section=&#8221;99&#8243; collapsible_all=&#8221;true&#8221;][vc_tta_section i_icon_fontawesome=&#8221;fas fa-user-friends&#8221; add_icon=&#8221;true&#8221; title=&#8221;\u00c1rea de Integra\u00e7\u00e3o&#8221; tab_id=&#8221;1729598616782-66e41477-99df&#8221;][vc_column_text]<\/p>\n<table id=\"AI10CP\" class=\"table table-hover\">\n<thead>\n<tr class=\"info\">\n<td class=\"tohide\">Professor(a)<\/td>\n<td>Ano<\/td>\n<td>Dia<\/td>\n<td>Hora<\/td>\n<td>Sala<\/td>\n<\/tr>\n<\/thead>\n<tbody>\n<tr>\n<td class=\"tohide\">Maria Teresa Freitas<\/td>\n<td>11<\/td>\n<td>2.\u00aa feira<\/td>\n<td>11:45 &#8211; 12:30<\/td>\n<td>314i<\/td>\n<\/tr>\n<tr>\n<td class=\"tohide\">Maria Elisa Seixas<\/td>\n<td>11<\/td>\n<td>2.\u00aa feira<\/td>\n<td>13:30 &#8211; 15:00<\/td>\n<td>210<\/td>\n<\/tr>\n<tr>\n<td class=\"tohide\">Maria Teresa Freitas<\/td>\n<td>12<\/td>\n<td>2.\u00aa feira<\/td>\n<td>11:45 &#8211; 12:30<\/td>\n<td>314i<\/td>\n<\/tr>\n<tr>\n<td class=\"tohide\">Gra\u00e7a Reis<\/td>\n<td>12<\/td>\n<td>5.\u00aa feira<\/td>\n<td>11:45 &#8211; 13:15<\/td>\n<td>212<\/td>\n<\/tr>\n<\/tbody>\n<\/table>\n<p>[\/vc_column_text][\/vc_tta_section][vc_tta_section i_icon_fontawesome=&#8221;fas fa-vials&#8221; add_icon=&#8221;true&#8221; title=&#8221;F\u00edsica e Qu\u00edmica | F\u00edsica&#8221; tab_id=&#8221;1729598616782-40124834-9663&#8243;][vc_column_text]<\/p>\n<table id=\"FQF10CP\" class=\"table table-hover\">\n<thead>\n<tr class=\"info\">\n<td class=\"tohide\">Professor(a)<\/td>\n<td>Ano<\/td>\n<td>Dia<\/td>\n<td>Hora<\/td>\n<td>Sala<\/td>\n<\/tr>\n<\/thead>\n<tbody>\n<tr>\n<td class=\"tohide\">Teresa Mendon\u00e7a<\/td>\n<td>10<\/td>\n<td>2.\u00aa feira<\/td>\n<td>13:30 &#8211; 15:00<\/td>\n<td>L22<\/td>\n<\/tr>\n<\/tbody>\n<\/table>\n<p>[\/vc_column_text][\/vc_tta_section][vc_tta_section i_icon_fontawesome=&#8221;fas fa-comment-alt&#8221; add_icon=&#8221;true&#8221; title=&#8221;Franc\u00eas&#8221; tab_id=&#8221;1729598616782-45405f74-4499&#8243;][vc_column_text]<\/p>\n<table id=\"FRA10CP\" class=\"table table-hover\">\n<thead>\n<tr class=\"info\">\n<td class=\"tohide\">Professor(a)<\/td>\n<td>Ano<\/td>\n<td>Dia<\/td>\n<td>Hora<\/td>\n<td>Sala<\/td>\n<\/tr>\n<\/thead>\n<tbody>\n<tr>\n<td class=\"tohide\">Genoneva Rosa<\/td>\n<td>10<\/td>\n<td>3.\u00aa feira<\/td>\n<td>13:30 &#8211; 14:15<\/td>\n<td>B21<\/td>\n<\/tr>\n<tr>\n<td class=\"tohide\">Genoneva Rosa<\/td>\n<td>11<\/td>\n<td>3.\u00aa feira<\/td>\n<td>13:30 &#8211; 14:15<\/td>\n<td>B21<\/td>\n<\/tr>\n<\/tbody>\n<\/table>\n<p>[\/vc_column_text][\/vc_tta_section][vc_tta_section i_icon_fontawesome=&#8221;fas fa-globe-europe&#8221; add_icon=&#8221;true&#8221; title=&#8221;Geografia&#8221; tab_id=&#8221;1729598616783-a4bdc13d-c3df&#8221;][vc_column_text]<\/p>\n<table id=\"FRA10CP\" class=\"table table-hover\">\n<thead>\n<tr class=\"info\">\n<td class=\"tohide\">Professor(a)<\/td>\n<td>Ano<\/td>\n<td>Dia<\/td>\n<td>Hora<\/td>\n<td>Sala<\/td>\n<\/tr>\n<\/thead>\n<tbody>\n<tr>\n<td class=\"tohide\">Bruno Neves<\/td>\n<td>11<\/td>\n<td>4.\u00aa feira<\/td>\n<td>10:00 &#8211; 11:30<\/td>\n<td>212<\/td>\n<\/tr>\n<\/tbody>\n<\/table>\n<p>[\/vc_column_text][\/vc_tta_section][vc_tta_section i_icon_fontawesome=&#8221;far fa-comment-alt&#8221; add_icon=&#8221;true&#8221; title=&#8221;Ingl\u00eas&#8221; tab_id=&#8221;1729598616783-db696f9d-d026&#8243;][vc_column_text]<\/p>\n<table id=\"ING10CP\" class=\"table table-hover\">\n<thead>\n<tr class=\"info\">\n<td class=\"tohide\">Professor(a)<\/td>\n<td>Ano<\/td>\n<td>Dia<\/td>\n<td>Hora<\/td>\n<td>Sala<\/td>\n<\/tr>\n<\/thead>\n<tbody>\n<tr>\n<td class=\"tohide\">Liliana Gomes<\/td>\n<td>11<\/td>\n<td>5.\u00aa feira<\/td>\n<td>17:00 &#8211; 18:30<\/td>\n<td>L30<\/td>\n<\/tr>\n<\/tbody>\n<\/table>\n<p>[\/vc_column_text][\/vc_tta_section][vc_tta_section i_icon_fontawesome=&#8221;fas fa-not-equal&#8221; add_icon=&#8221;true&#8221; title=&#8221;Matem\u00e1tica&#8221; tab_id=&#8221;1729598616783-b64df53b-46bc&#8221;][vc_column_text]<\/p>\n<table id=\"MAT0CP\" class=\"table table-hover\">\n<thead>\n<tr class=\"info\">\n<td class=\"tohide\">Professor(a)<\/td>\n<td>Ano<\/td>\n<td>Dia<\/td>\n<td>Hora<\/td>\n<td>Sala<\/td>\n<\/tr>\n<\/thead>\n<tbody>\n<tr>\n<td class=\"tohide\">V\u00edtor Jer\u00f3nimo<\/td>\n<td>10<\/td>\n<td>5.\u00aa feira<\/td>\n<td>13:30 &#8211; 14:15<\/td>\n<td>B22<\/td>\n<\/tr>\n<tr>\n<td class=\"tohide\">Maria Susana Abreu<\/td>\n<td>10<\/td>\n<td>3.\u00aa feira<\/td>\n<td>11:45 &#8211; 13:15<\/td>\n<td>212<\/td>\n<\/tr>\n<tr>\n<td class=\"tohide\">Maria Susana Abreu<\/td>\n<td>10<\/td>\n<td>5.\u00aa feira<\/td>\n<td>11:45 &#8211; 12:30<\/td>\n<td>B37<\/td>\n<\/tr>\n<tr>\n<td class=\"tohide\">Ana Paula Baptista<\/td>\n<td>11<\/td>\n<td>5.\u00aa feira<\/td>\n<td>11:45 &#8211; 12:30<\/td>\n<td>B20<\/td>\n<\/tr>\n<tr>\n<td class=\"tohide\">Leonel Oliveira<\/td>\n<td>11<\/td>\n<td>3.\u00aa feira<\/td>\n<td>11:45 &#8211; 12:30<\/td>\n<td>210<\/td>\n<\/tr>\n<tr>\n<td class=\"tohide\">Ana Paula Baptista<\/td>\n<td>12<\/td>\n<td>5.\u00aa feira<\/td>\n<td>11:45 &#8211; 12:30<\/td>\n<td>B20<\/td>\n<\/tr>\n<\/tbody>\n<\/table>\n<p>[\/vc_column_text][\/vc_tta_section][vc_tta_section i_icon_fontawesome=&#8221;fas fa-book&#8221; add_icon=&#8221;true&#8221; title=&#8221;Portugu\u00eas&#8221; tab_id=&#8221;1729598616784-14f0e6b7-bfbb&#8221;][vc_column_text]<\/p>\n<table id=\"POR10CP\" class=\"table table-hover\">\n<thead>\n<tr class=\"info\">\n<td class=\"tohide\">Professor(a)<\/td>\n<td>Ano<\/td>\n<td>Dia<\/td>\n<td>Hora<\/td>\n<td>Sala<\/td>\n<\/tr>\n<\/thead>\n<tbody>\n<tr>\n<td class=\"tohide\">Teresa da Costa<\/td>\n<td>10<\/td>\n<td>2.\u00aa feira<\/td>\n<td>13:30 &#8211; 15:00<\/td>\n<td>B32<\/td>\n<\/tr>\n<tr>\n<td class=\"tohide\">Teresa da Costa<\/td>\n<td>10<\/td>\n<td>5.\u00aa feira<\/td>\n<td>13:30 &#8211; 15:00<\/td>\n<td>210<\/td>\n<\/tr>\n<tr>\n<td class=\"tohide\">Helena Paula Marques<\/td>\n<td>11<\/td>\n<td>5.\u00aa feira<\/td>\n<td>11:45 &#8211; 13:15<\/td>\n<td>212<\/td>\n<\/tr>\n<tr>\n<td class=\"tohide\">Maria Adriana Sousa<\/td>\n<td>12<\/td>\n<td>3.\u00aa feira<\/td>\n<td>13:30 &#8211; 14:15<\/td>\n<td>212<\/td>\n<\/tr>\n<\/tbody>\n<\/table>\n<p>[\/vc_column_text][\/vc_tta_section][vc_tta_section i_icon_fontawesome=&#8221;fas fa-tv&#8221; add_icon=&#8221;true&#8221; title=&#8221;Tecnologias da Informa\u00e7\u00e3o e Comunica\u00e7\u00e3o&#8221; tab_id=&#8221;1729598616784-1d3397a8-2d60&#8243;][vc_column_text]<\/p>\n<table id=\"TIC10CP\" class=\"table table-hover\">\n<thead>\n<tr class=\"info\">\n<td class=\"tohide\">Professor(a)<\/td>\n<td>Ano<\/td>\n<td>Dia<\/td>\n<td>Hora<\/td>\n<td>Sala<\/td>\n<\/tr>\n<\/thead>\n<tbody>\n<tr>\n<td class=\"tohide\">Enchtungalag Faria<\/td>\n<td>10<\/td>\n<td>3.\u00aa feira<\/td>\n<td>13:30 &#8211; 14:15<\/td>\n<td>B41<\/td>\n<\/tr>\n<tr>\n<td class=\"tohide\">Helena Camacho<\/td>\n<td>10<\/td>\n<td>4.\u00aa feira<\/td>\n<td>11:45 &#8211; 12:30<\/td>\n<td>B42<\/td>\n<\/tr>\n<tr>\n<td class=\"tohide\">Paula Alexandrina Martins<\/td>\n<td>10<\/td>\n<td>4.\u00aa feira<\/td>\n<td>\u00a011:45 &#8211; 13:15<\/td>\n<td>B46<\/td>\n<\/tr>\n<\/tbody>\n<\/table>\n<p>[\/vc_column_text][\/vc_tta_section][\/vc_tta_accordion][\/vc_column][\/vc_row][vc_row disable_element=&#8221;yes&#8221;][vc_column][vc_custom_heading text=&#8221;Cursos Profissionais &#8211; T\u00e9cnicas&#8221; use_theme_fonts=&#8221;yes&#8221;][\/vc_column][\/vc_row][vc_row disable_element=&#8221;yes&#8221;][vc_column][vc_tta_accordion shape=&#8221;round&#8221; active_section=&#8221;99&#8243; collapsible_all=&#8221;true&#8221;][vc_tta_section i_icon_fontawesome=&#8221;fas fa-laptop&#8221; add_icon=&#8221;true&#8221; title=&#8221;APISE&#8221; tab_id=&#8221;1666627122613-28608d36-9297&#8243;][vc_column_text]<\/p>\n<table id=\"APISECP\" class=\"table table-hover\">\n<thead>\n<tr class=\"info\">\n<td class=\"tohide\">Professor(a)<\/td>\n<td>Ano<\/td>\n<td>Dia<\/td>\n<td>Hora<\/td>\n<td>Sala<\/td>\n<\/tr>\n<\/thead>\n<tbody>\n<tr>\n<td class=\"tohide\">Helena Camacho<\/td>\n<td>10<\/td>\n<td>2.\u00aa feira<\/td>\n<td>13:30 &#8211; 14:15<\/td>\n<td>B44<\/td>\n<\/tr>\n<tr>\n<td class=\"tohide\">Gianni Teixeira<\/td>\n<td>11<\/td>\n<td>6.\u00aa feira<\/td>\n<td>11:45 &#8211; 13:15<\/td>\n<td>SGR<\/td>\n<\/tr>\n<\/tbody>\n<\/table>\n<p>[\/vc_column_text][\/vc_tta_section][vc_tta_section i_icon_fontawesome=&#8221;fas fa-leaf&#8221; add_icon=&#8221;true&#8221; title=&#8221;Biologia&#8221; tab_id=&#8221;1666628714286-75f1b522-c285&#8243;][vc_column_text]<\/p>\n<table id=\"BIOCP\" class=\"table table-hover\">\n<thead>\n<tr class=\"info\">\n<td class=\"tohide\">Professor(a)<\/td>\n<td>Ano<\/td>\n<td>Dia<\/td>\n<td>Hora<\/td>\n<td>Sala<\/td>\n<\/tr>\n<\/thead>\n<tbody>\n<tr>\n<td class=\"tohide\">F\u00e1tima G\u00f3is<\/td>\n<td>10<\/td>\n<td>2.\u00aa feira<\/td>\n<td>13:30 &#8211; 15:00<\/td>\n<td>L42<\/td>\n<\/tr>\n<\/tbody>\n<\/table>\n<p>[\/vc_column_text][\/vc_tta_section][vc_tta_section i_icon_fontawesome=&#8221;fas fa-microchip&#8221; add_icon=&#8221;true&#8221; title=&#8221;CODA|SIDAC&#8221; tab_id=&#8221;1666627122613-ed65559c-e932&#8243;][vc_column_text]<\/p>\n<table id=\"CODASIDACCP\" class=\"table table-hover\">\n<thead>\n<tr class=\"info\">\n<td class=\"tohide\">Professor(a)<\/td>\n<td>Ano<\/td>\n<td>Dia<\/td>\n<td>Hora<\/td>\n<td>Sala<\/td>\n<\/tr>\n<\/thead>\n<tbody>\n<tr>\n<td class=\"tohide\">Gianni Teixeira<\/td>\n<td>10<\/td>\n<td>6.\u00aa feira<\/td>\n<td>11:45 &#8211; 13:15<\/td>\n<td>SGR<\/td>\n<\/tr>\n<tr>\n<td class=\"tohide\">Lu\u00eds Lima<\/td>\n<td>10<\/td>\n<td>4.\u00aa feira<\/td>\n<td>11:45 &#8211; 13:15<\/td>\n<td>B41<\/td>\n<\/tr>\n<tr>\n<td class=\"tohide\">Gianni Teixeira<\/td>\n<td>11<\/td>\n<td>6.\u00aa feira<\/td>\n<td>11:45 &#8211; 13:15<\/td>\n<td>SGR<\/td>\n<\/tr>\n<\/tbody>\n<\/table>\n<p>[\/vc_column_text][\/vc_tta_section][vc_tta_section i_icon_fontawesome=&#8221;fas fa-user-friends&#8221; add_icon=&#8221;true&#8221; title=&#8221;CORI&#8221; tab_id=&#8221;1666643959095-6ecc0477-5f20&#8243;][vc_column_text]<\/p>\n<table id=\"CORICP\" class=\"table table-hover\">\n<thead>\n<tr class=\"info\">\n<td class=\"tohide\">Professor(a)<\/td>\n<td>Ano<\/td>\n<td>Dia<\/td>\n<td>Hora<\/td>\n<td>Sala<\/td>\n<\/tr>\n<\/thead>\n<tbody>\n<tr>\n<td class=\"tohide\">Teresa Canha<\/td>\n<td>12<\/td>\n<td>2.\u00aa feira<\/td>\n<td>17:00 &#8211; 18:30<\/td>\n<td>L43A<\/td>\n<\/tr>\n<\/tbody>\n<\/table>\n<p>[\/vc_column_text][\/vc_tta_section][vc_tta_section i_icon_fontawesome=&#8221;fas fa-money-bill-wave&#8221; add_icon=&#8221;true&#8221; title=&#8221;Economia&#8221; tab_id=&#8221;1666629615475-4976842a-12f4&#8243;][vc_column_text]<\/p>\n<table id=\"ECOCP\" class=\"table table-hover\">\n<thead>\n<tr class=\"info\">\n<td class=\"tohide\">Professor(a)<\/td>\n<td>Ano<\/td>\n<td>Dia<\/td>\n<td>Hora<\/td>\n<td>Sala<\/td>\n<\/tr>\n<\/thead>\n<tbody>\n<tr>\n<td class=\"tohide\">Maria Jos\u00e9 Rodrigues<\/td>\n<td>10<\/td>\n<td>4.\u00aa feira<\/td>\n<td>11:45 &#8211; 12:30<\/td>\n<td>418<\/td>\n<\/tr>\n<tr>\n<td class=\"tohide\">Maria Jos\u00e9 Rodrigues<\/td>\n<td>11<\/td>\n<td>4.\u00aa feira<\/td>\n<td>11:45 &#8211; 12:30<\/td>\n<td>418<\/td>\n<\/tr>\n<\/tbody>\n<\/table>\n<p>[\/vc_column_text][\/vc_tta_section][vc_tta_section i_icon_fontawesome=&#8221;fas fa-users-cog&#8221; add_icon=&#8221;true&#8221; title=&#8221;GMARH&#8221; tab_id=&#8221;1666644216901-2b0ba6c2-8637&#8243;][vc_column_text]<\/p>\n<table id=\"GMAARHCP\" class=\"table table-hover\">\n<thead>\n<tr class=\"info\">\n<td class=\"tohide\">Professor(a)<\/td>\n<td>Ano<\/td>\n<td>Dia<\/td>\n<td>Hora<\/td>\n<td>Sala<\/td>\n<\/tr>\n<\/thead>\n<tbody>\n<tr>\n<td class=\"tohide\">Alexandre Rodrigues<\/td>\n<td>11<\/td>\n<td>5.\u00aa feira<\/td>\n<td>11:45 &#8211; 12:30<\/td>\n<td>210<\/td>\n<\/tr>\n<\/tbody>\n<\/table>\n<p>[\/vc_column_text][\/vc_tta_section][vc_tta_section i_icon_fontawesome=&#8221;fas fa-medkit&#8221; add_icon=&#8221;true&#8221; title=&#8221;GOSCS&#8221; tab_id=&#8221;1666645713238-93b48661-98e7&#8243;][vc_column_text]<\/p>\n<table id=\"GOSCSCP\" class=\"table table-hover\">\n<thead>\n<tr class=\"info\">\n<td class=\"tohide\">Professor(a)<\/td>\n<td>Ano<\/td>\n<td>Dia<\/td>\n<td>Hora<\/td>\n<td>Sala<\/td>\n<\/tr>\n<\/thead>\n<tbody>\n<tr>\n<td class=\"tohide\">Lurdes Tom\u00e1s<\/td>\n<td>10<\/td>\n<td>2.\u00aa feira<\/td>\n<td>11:45 &#8211; 13:15<\/td>\n<td>L31<\/td>\n<\/tr>\n<tr>\n<td class=\"tohide\">Fl\u00e1via Gon\u00e7alves<\/td>\n<td>12<\/td>\n<td>5.\u00aa feira<\/td>\n<td>11:45 &#8211; 13:15<\/td>\n<td>L43A<\/td>\n<\/tr>\n<\/tbody>\n<\/table>\n<p>[\/vc_column_text][\/vc_tta_section][vc_tta_section i_icon_fontawesome=&#8221;fas fa-paint-brush&#8221; add_icon=&#8221;true&#8221; title=&#8221;HCA&#8221; tab_id=&#8221;1666629387496-aa190c08-0b1d&#8221;][vc_column_text]<\/p>\n<table id=\"HCACP\" class=\"table table-hover\">\n<thead>\n<tr class=\"info\">\n<td class=\"tohide\">Professor(a)<\/td>\n<td>Ano<\/td>\n<td>Dia<\/td>\n<td>Hora<\/td>\n<td>Sala<\/td>\n<\/tr>\n<\/thead>\n<tbody>\n<tr>\n<td class=\"tohide\">M. Concei\u00e7\u00e3o Gon\u00e7alves<\/td>\n<td>10<\/td>\n<td>4.\u00aa feira<\/td>\n<td>11:45 &#8211; 12:30<\/td>\n<td>423A<\/td>\n<\/tr>\n<tr>\n<td class=\"tohide\">M. Concei\u00e7\u00e3o Gon\u00e7alves<\/td>\n<td>11<\/td>\n<td>4.\u00aa feira<\/td>\n<td>11:45 &#8211; 12:30<\/td>\n<td>423A<\/td>\n<\/tr>\n<\/tbody>\n<\/table>\n<p>[\/vc_column_text][\/vc_tta_section][vc_tta_section i_icon_fontawesome=&#8221;fas fa-laptop-medical&#8221; add_icon=&#8221;true&#8221; title=&#8221;HSCG&#8221; tab_id=&#8221;1666644952257-7e24318c-3b3c&#8221;][vc_column_text]<\/p>\n<table id=\"HSCGCP\" class=\"table table-hover\">\n<thead>\n<tr class=\"info\">\n<td class=\"tohide\">Professor(a)<\/td>\n<td>Ano<\/td>\n<td>Dia<\/td>\n<td>Hora<\/td>\n<td>Sala<\/td>\n<\/tr>\n<\/thead>\n<tbody>\n<tr>\n<td class=\"tohide\">F\u00e1tima G\u00f3is<\/td>\n<td>10<\/td>\n<td>6.\u00aa feira<\/td>\n<td>13:30 &#8211; 15:00<\/td>\n<td>L42<\/td>\n<\/tr>\n<tr>\n<td class=\"tohide\">Fl\u00e1via Gon\u00e7alves<\/td>\n<td>11<\/td>\n<td>5.\u00aa feira<\/td>\n<td>11:45 &#8211; 13:15<\/td>\n<td>L43A<\/td>\n<\/tr>\n<\/tbody>\n<\/table>\n<p>[\/vc_column_text][\/vc_tta_section][vc_tta_section i_icon_fontawesome=&#8221;far fa-file-code&#8221; add_icon=&#8221;true&#8221; title=&#8221;LIPR&#8221; tab_id=&#8221;1666627849464-20d98ec5-35ff&#8221;][vc_column_text]<\/p>\n<table id=\"LIPRCP\" class=\"table table-hover\">\n<thead>\n<tr class=\"info\">\n<td class=\"tohide\">Professor(a)<\/td>\n<td>Ano<\/td>\n<td>Dia<\/td>\n<td>Hora<\/td>\n<td>Sala<\/td>\n<\/tr>\n<\/thead>\n<tbody>\n<tr>\n<td class=\"tohide\">Enchtungalag Faria<\/td>\n<td>10<\/td>\n<td>3.\u00aa feira<\/td>\n<td>13:15 &#8211; 14:15<\/td>\n<td>B41<\/td>\n<\/tr>\n<\/tbody>\n<\/table>\n<p>[\/vc_column_text][\/vc_tta_section][vc_tta_section i_icon_fontawesome=&#8221;fas fa-chart-pie&#8221; add_icon=&#8221;true&#8221; title=&#8221;OGE&#8221; tab_id=&#8221;1666643740295-c747c500-818b&#8221;][vc_column_text]<\/p>\n<table id=\"OGEGCP\" class=\"table table-hover\">\n<thead>\n<tr class=\"info\">\n<td class=\"tohide\">Professor(a)<\/td>\n<td>Ano<\/td>\n<td>Dia<\/td>\n<td>Hora<\/td>\n<td>Sala<\/td>\n<\/tr>\n<\/thead>\n<tbody>\n<tr>\n<td class=\"tohide\">Sandra Vieira<\/td>\n<td>10<\/td>\n<td>6.\u00aa feira<\/td>\n<td>11:45 &#8211; 13:15<\/td>\n<td>B45<\/td>\n<\/tr>\n<tr>\n<td class=\"tohide\">Sandra Vieira<\/td>\n<td>11<\/td>\n<td>6.\u00aa feira<\/td>\n<td>11:45 &#8211; 13:15<\/td>\n<td>B45<\/td>\n<\/tr>\n<\/tbody>\n<\/table>\n<p>[\/vc_column_text][\/vc_tta_section][vc_tta_section i_icon_fontawesome=&#8221;fas fa-receipt&#8221; add_icon=&#8221;true&#8221; title=&#8221;OREAG&#8221; tab_id=&#8221;1666628867433-8860c450-1485&#8243;][vc_column_text]<\/p>\n<table id=\"OREAGCP\" class=\"table table-hover\">\n<thead>\n<tr class=\"info\">\n<td class=\"tohide\">Professor(a)<\/td>\n<td>Ano<\/td>\n<td>Dia<\/td>\n<td>Hora<\/td>\n<td>Sala<\/td>\n<\/tr>\n<\/thead>\n<tbody>\n<tr>\n<td class=\"tohide\">Maria do C\u00e9u Gomes<\/td>\n<td>10<\/td>\n<td>3.\u00aa feira<\/td>\n<td>13:30 &#8211; 15:00<\/td>\n<td>B46<\/td>\n<\/tr>\n<tr>\n<td class=\"tohide\">Maria do C\u00e9u Gomes<\/td>\n<td>11<\/td>\n<td>3.\u00aa feira<\/td>\n<td>13:30 &#8211; 15:00<\/td>\n<td>B46<\/td>\n<\/tr>\n<tr>\n<td class=\"tohide\">Maria do C\u00e9u Gomes<\/td>\n<td>12<\/td>\n<td>3.\u00aa feira<\/td>\n<td>13:30 &#8211; 15:00<\/td>\n<td>B46<\/td>\n<\/tr>\n<\/tbody>\n<\/table>\n<p>[\/vc_column_text][\/vc_tta_section][vc_tta_section i_icon_fontawesome=&#8221;fas fa-broadcast-tower&#8221; add_icon=&#8221;true&#8221; title=&#8221;PET&#8221; tab_id=&#8221;1666644738493-0c4b9ed8-34a9&#8243;][vc_column_text]<\/p>\n<table id=\"PETCP\" class=\"table table-hover\">\n<thead>\n<tr class=\"info\">\n<td class=\"tohide\">Professor(a)<\/td>\n<td>Ano<\/td>\n<td>Dia<\/td>\n<td>Hora<\/td>\n<td>Sala<\/td>\n<\/tr>\n<\/thead>\n<tbody>\n<tr>\n<td class=\"tohide\">H\u00e9lder Nunes<\/td>\n<td>10<\/td>\n<td>6.\u00aa feira<\/td>\n<td>13:30 &#8211; 15:00<\/td>\n<td>315<\/td>\n<\/tr>\n<tr>\n<td class=\"tohide\">H\u00e9lder Nunes<\/td>\n<td>11<\/td>\n<td>6.\u00aa feira<\/td>\n<td>13:30 &#8211; 15:00<\/td>\n<td>315<\/td>\n<\/tr>\n<\/tbody>\n<\/table>\n<p>[\/vc_column_text][\/vc_tta_section][vc_tta_section i_icon_fontawesome=&#8221;fas fa-cogs&#8221; add_icon=&#8221;true&#8221; title=&#8221;ROB|EGA&#8221; tab_id=&#8221;1666645332348-0ecd8377-380b&#8221;][vc_column_text]<\/p>\n<table id=\"ROBEGACP\" class=\"table table-hover\">\n<thead>\n<tr class=\"info\">\n<td class=\"tohide\">Professor(a)<\/td>\n<td>Ano<\/td>\n<td>Dia<\/td>\n<td>Hora<\/td>\n<td>Sala<\/td>\n<\/tr>\n<\/thead>\n<tbody>\n<tr>\n<td class=\"tohide\">H\u00e9lder Nunes<\/td>\n<td>11<\/td>\n<td>6.\u00aa feira<\/td>\n<td>13:30 &#8211; 15:00<\/td>\n<td>315<\/td>\n<\/tr>\n<\/tbody>\n<\/table>\n<p>[\/vc_column_text][\/vc_tta_section][vc_tta_section i_icon_fontawesome=&#8221;fas fa-keyboard&#8221; add_icon=&#8221;true&#8221; title=&#8221;SISIN|INMEI&#8221; tab_id=&#8221;1666627600542-42ed66fb-60a9&#8243;][vc_column_text]<\/p>\n<table id=\"SISININMEICP\" class=\"table table-hover\">\n<thead>\n<tr class=\"info\">\n<td class=\"tohide\">Professor(a)<\/td>\n<td>Ano<\/td>\n<td>Dia<\/td>\n<td>Hora<\/td>\n<td>Sala<\/td>\n<\/tr>\n<\/thead>\n<tbody>\n<tr>\n<td class=\"tohide\">Paula Alexandrina Martins<\/td>\n<td>10<\/td>\n<td>6.\u00aa feira<\/td>\n<td>11:45 &#8211; 13:15<\/td>\n<td>B41<\/td>\n<\/tr>\n<tr>\n<td class=\"tohide\">Lu\u00eds Lima<\/td>\n<td>10<\/td>\n<td>4.\u00aa feira<\/td>\n<td>11:45 &#8211; 13:15<\/td>\n<td>B41<\/td>\n<\/tr>\n<tr>\n<td class=\"tohide\">Gianni Teixeira<\/td>\n<td>11<\/td>\n<td>6.\u00aa feira<\/td>\n<td>11:45 &#8211; 13:15<\/td>\n<td>SGR<\/td>\n<\/tr>\n<\/tbody>\n<\/table>\n<p>[\/vc_column_text][\/vc_tta_section][vc_tta_section i_icon_fontawesome=&#8221;fas fa-concierge-bell&#8221; add_icon=&#8221;true&#8221; title=&#8221;TAA|TTG|ADR&#8221; tab_id=&#8221;1666644467222-e246d114-d659&#8243;][vc_column_text]<\/p>\n<table id=\"TAATTGADRCP\" class=\"table table-hover\">\n<thead>\n<tr class=\"info\">\n<td class=\"tohide\">Professor(a)<\/td>\n<td>Ano<\/td>\n<td>Dia<\/td>\n<td>Hora<\/td>\n<td>Sala<\/td>\n<\/tr>\n<\/thead>\n<tbody>\n<tr>\n<td class=\"tohide\">Roberto Fernandes<\/td>\n<td>11<\/td>\n<td>3.\u00aa feira<\/td>\n<td>13:30 &#8211; 15:00<\/td>\n<td>B20<\/td>\n<\/tr>\n<tr>\n<td class=\"tohide\">Andr\u00e9 Chaves<\/td>\n<td>11<\/td>\n<td>6.\u00aa feira<\/td>\n<td>13:30 &#8211; 15:00<\/td>\n<td>314<\/td>\n<\/tr>\n<tr>\n<td class=\"tohide\">Roberto Fernandes<\/td>\n<td>12<\/td>\n<td>3.\u00aa feira<\/td>\n<td>13:30 &#8211; 15:00<\/td>\n<td>B20<\/td>\n<\/tr>\n<tr>\n<td class=\"tohide\">Andr\u00e9 Chaves<\/td>\n<td>12<\/td>\n<td>6.\u00aa feira<\/td>\n<td>13:30 &#8211; 15:00<\/td>\n<td>314<\/td>\n<\/tr>\n<\/tbody>\n<\/table>\n<p>[\/vc_column_text][\/vc_tta_section][vc_tta_section i_icon_fontawesome=&#8221;far fa-images&#8221; add_icon=&#8221;true&#8221; title=&#8221;TEMU|DECA&#8221; tab_id=&#8221;1666628298953-f00dbce1-5382&#8243;][vc_column_text]<\/p>\n<table id=\"TEMUDECACP\" class=\"table table-hover\">\n<thead>\n<tr class=\"info\">\n<td class=\"tohide\">Professor(a)<\/td>\n<td>Ano<\/td>\n<td>Dia<\/td>\n<td>Hora<\/td>\n<td>Sala<\/td>\n<\/tr>\n<\/thead>\n<tbody>\n<tr>\n<td class=\"tohide\">Cl\u00e1udia Saldanha<\/td>\n<td>10<\/td>\n<td>4.\u00aa feira<\/td>\n<td>11:45 &#8211; 13:15<\/td>\n<td>423<\/td>\n<\/tr>\n<tr>\n<td class=\"tohide\">Silvano Rodrigues<\/td>\n<td>10<\/td>\n<td>4.\u00aa feira<\/td>\n<td>11:45 &#8211; 12:30<\/td>\n<td>422<\/td>\n<\/tr>\n<tr>\n<td class=\"tohide\">Silvano Rodrigues<\/td>\n<td>11<\/td>\n<td>4.\u00aa feira<\/td>\n<td>12:30 &#8211; 13:15<\/td>\n<td>422<\/td>\n<\/tr>\n<tr>\n<td class=\"tohide\">D\u00e9bora Figueira<\/td>\n<td>11<\/td>\n<td>3.\u00aa feira<\/td>\n<td>11:45 &#8211; 13:15<\/td>\n<td>423A<\/td>\n<\/tr>\n<tr>\n<td class=\"tohide\">D\u00e9bora Figueira<\/td>\n<td>12<\/td>\n<td>3.\u00aa feira<\/td>\n<td>11:45 &#8211; 13:15<\/td>\n<td>423A<\/td>\n<\/tr>\n<\/tbody>\n<\/table>\n<p>[\/vc_column_text][\/vc_tta_section][vc_tta_section i_icon_fontawesome=&#8221;fas fa-stethoscope&#8221; add_icon=&#8221;true&#8221; title=&#8221;Sa\u00fade&#8221; tab_id=&#8221;1666628083838-2c95f8b2-06ee&#8221;][vc_column_text]<\/p>\n<table id=\"SAUMCP\" class=\"table table-hover\">\n<thead>\n<tr class=\"info\">\n<td class=\"tohide\">Professor(a)<\/td>\n<td>Ano<\/td>\n<td>Dia<\/td>\n<td>Hora<\/td>\n<td>Sala<\/td>\n<\/tr>\n<\/thead>\n<tbody>\n<tr>\n<td class=\"tohide\">F\u00e1tima G\u00f3is<\/td>\n<td>10<\/td>\n<td>6.\u00aa feira<\/td>\n<td>13:30 &#8211; 15:00<\/td>\n<td>L42<\/td>\n<\/tr>\n<tr>\n<td class=\"tohide\">Lurdes Tom\u00e1s<\/td>\n<td>12<\/td>\n<td>4.\u00aa feira<\/td>\n<td>11:45 &#8211; 13:15<\/td>\n<td>L31<\/td>\n<\/tr>\n<\/tbody>\n<\/table>\n<p>[\/vc_column_text][\/vc_tta_section][\/vc_tta_accordion][\/vc_column][\/vc_row][vc_row][vc_column][vc_custom_heading text=&#8221;Cursos Educa\u00e7\u00e3o e Forma\u00e7\u00e3o&#8221; use_theme_fonts=&#8221;yes&#8221;][\/vc_column][\/vc_row][vc_row][vc_column]\t\t<div class=\"wh-content-box  scp_content_box-d41d8cd98f00b204e9800998ecf8427e\">\n\t\t\t\t\t\t\t\t\t\t\t\t[vc_tta_accordion shape=&#8221;round&#8221; active_section=&#8221;99&#8243; collapsible_all=&#8221;true&#8221;][vc_tta_section i_icon_fontawesome=&#8221;fas fa-book-open&#8221; add_icon=&#8221;true&#8221; title=&#8221;Geral&#8221; tab_id=&#8221;1730665962807-cbfc76d9-260b&#8221;][vc_column_text css=&#8221;&#8221;]<a href=\"https:\/\/esffranco.edu.pt\/web\/wp-content\/uploads\/2025\/10\/CEF.pdf\" class=\"pdfemb-viewer\" style=\"\" data-width=\"max\" data-height=\"max\" data-toolbar=\"bottom\" data-toolbar-fixed=\"on\">CEF<\/a>[\/vc_column_text][\/vc_tta_section][\/vc_tta_accordion]\t\t<\/div>\n\t\t[\/vc_column][\/vc_row][vc_row][vc_column][vc_custom_heading text=&#8221;Projeto Exames&#8221; use_theme_fonts=&#8221;yes&#8221;][\/vc_column][\/vc_row][vc_row][vc_column]\t\t<div class=\"wh-content-box  scp_content_box-d41d8cd98f00b204e9800998ecf8427e\">\n\t\t\t\t\t\t\t\t\t\t\t\t[vc_tta_accordion shape=&#8221;round&#8221; active_section=&#8221;99&#8243; collapsible_all=&#8221;true&#8221;][vc_tta_section i_icon_fontawesome=&#8221;fas fa-book-reader&#8221; add_icon=&#8221;true&#8221; title=&#8221;Geral&#8221; tab_id=&#8221;1729598956660-c90b1026-d252&#8243;][vc_column_text css=&#8221;&#8221;]<a href=\"https:\/\/esffranco.edu.pt\/web\/wp-content\/uploads\/2025\/10\/ProjetoExames.pdf\" class=\"pdfemb-viewer\" style=\"\" data-width=\"max\" data-height=\"max\" data-toolbar=\"bottom\" data-toolbar-fixed=\"on\">ProjetoExames<\/a>[\/vc_column_text][\/vc_tta_section][\/vc_tta_accordion]\t\t<\/div>\n\t\t[\/vc_column][\/vc_row][vc_row disable_element=&#8221;yes&#8221;][vc_column][vc_tta_accordion active_section=&#8221;99&#8243; collapsible_all=&#8221;true&#8221;][vc_tta_section i_icon_fontawesome=&#8221;fas fa-temperature-low&#8221; add_icon=&#8221;true&#8221; title=&#8221;ANF&#8221; tab_id=&#8221;1666717516708-fe6d7f5b-ab3e&#8221;][vc_column_text]<\/p>\n<table id=\"ANFCEF\" class=\"table table-hover\">\n<thead>\n<tr class=\"info\">\n<td class=\"tohide\">Professor(a)<\/td>\n<td>Ano<\/td>\n<td>Dia<\/td>\n<td>Hora<\/td>\n<td>Sala<\/td>\n<\/tr>\n<\/thead>\n<tbody>\n<tr>\n<td class=\"tohide\">Estela N\u00f3brega<\/td>\n<td>12<\/td>\n<td>2.\u00aa feira<\/td>\n<td>11:45 &#8211; 13:15<\/td>\n<td>B22<\/td>\n<\/tr>\n<\/tbody>\n<\/table>\n<p>[\/vc_column_text][\/vc_tta_section][vc_tta_section i_icon_fontawesome=&#8221;fas fa-folder-open&#8221; add_icon=&#8221;true&#8221; title=&#8221;DIP&#8221; tab_id=&#8221;1698509078200-35375a83-3735&#8243;][vc_column_text]<\/p>\n<table id=\"DIPCEF\" class=\"table table-hover\">\n<thead>\n<tr class=\"info\">\n<td class=\"tohide\">Professor(a)<\/td>\n<td>Ano<\/td>\n<td>Dia<\/td>\n<td>Hora<\/td>\n<td>Sala<\/td>\n<\/tr>\n<\/thead>\n<tbody>\n<tr>\n<td class=\"tohide\">Sara Borges<\/td>\n<td>12<\/td>\n<td>5.\u00aa feira<\/td>\n<td>11:45 &#8211; 12:30<\/td>\n<td>419<\/td>\n<\/tr>\n<\/tbody>\n<\/table>\n<p>[\/vc_column_text][\/vc_tta_section][vc_tta_section i_icon_fontawesome=&#8221;far fa-comment-dots&#8221; add_icon=&#8221;true&#8221; title=&#8221;Ingl\u00eas&#8221; tab_id=&#8221;1666716539762-881fe93e-bf56&#8243;][vc_column_text]<\/p>\n<table id=\"INGCEF\" class=\"table table-hover\">\n<thead>\n<tr class=\"info\">\n<td class=\"tohide\">Professor(a)<\/td>\n<td>Ano<\/td>\n<td>Dia<\/td>\n<td>Hora<\/td>\n<td>Sala<\/td>\n<\/tr>\n<\/thead>\n<tbody>\n<tr>\n<td class=\"tohide\">Cust\u00f3dia Machado<\/td>\n<td>11<\/td>\n<td>6.\u00aa feira<\/td>\n<td>13:30 &#8211; 14:15<\/td>\n<td>411A<\/td>\n<\/tr>\n<\/tbody>\n<\/table>\n<p>[\/vc_column_text][\/vc_tta_section][vc_tta_section i_icon_fontawesome=&#8221;fas fa-calculator&#8221; add_icon=&#8221;true&#8221; title=&#8221;Matem\u00e1tica&#8221; tab_id=&#8221;1666716539763-c18907f8-6bd6&#8243;][vc_column_text]<\/p>\n<table id=\"MATCEF\" class=\"table table-hover\">\n<thead>\n<tr class=\"info\">\n<td class=\"tohide\">Professor(a)<\/td>\n<td>Ano<\/td>\n<td>Dia<\/td>\n<td>Hora<\/td>\n<td>Sala<\/td>\n<\/tr>\n<\/thead>\n<tbody>\n<tr>\n<td class=\"tohide\">Susana Abreu<\/td>\n<td>10<\/td>\n<td>5.\u00aa feira<\/td>\n<td>11:45 &#8211; 12:30<\/td>\n<td>B37<\/td>\n<\/tr>\n<tr>\n<td class=\"tohide\">Leonor Oliveira<\/td>\n<td>11<\/td>\n<td>2.\u00aa feira<\/td>\n<td>11:45 &#8211; 12:30<\/td>\n<td>213<\/td>\n<\/tr>\n<\/tbody>\n<\/table>\n<p>[\/vc_column_text][\/vc_tta_section][vc_tta_section i_icon_fontawesome=&#8221;far fa-credit-card&#8221; add_icon=&#8221;true&#8221; title=&#8221;OGE\/COGF&#8221; tab_id=&#8221;1698509478081-0855632d-23fd&#8221;][vc_column_text]<\/p>\n<table id=\"OGECOGFCEF\" class=\"table table-hover\">\n<thead>\n<tr class=\"info\">\n<td class=\"tohide\">Professor(a)<\/td>\n<td>Ano<\/td>\n<td>Dia<\/td>\n<td>Hora<\/td>\n<td>Sala<\/td>\n<\/tr>\n<\/thead>\n<tbody>\n<tr>\n<td class=\"tohide\">Margarida Reis<\/td>\n<td>11<\/td>\n<td>3.\u00aa feira<\/td>\n<td>13:30 &#8211; 15:00<\/td>\n<td>B47<\/td>\n<\/tr>\n<\/tbody>\n<\/table>\n<p>[\/vc_column_text][\/vc_tta_section][vc_tta_section i_icon_fontawesome=&#8221;fas fa-project-diagram&#8221; add_icon=&#8221;true&#8221; title=&#8221;PLCO&#8221; tab_id=&#8221;1698509631332-4a7e9a3c-c615&#8243;][vc_column_text]<\/p>\n<table id=\"PLCOCEF\" class=\"table table-hover\">\n<thead>\n<tr class=\"info\">\n<td class=\"tohide\">Professor(a)<\/td>\n<td>Ano<\/td>\n<td>Dia<\/td>\n<td>Hora<\/td>\n<td>Sala<\/td>\n<\/tr>\n<\/thead>\n<tbody>\n<tr>\n<td class=\"tohide\">Sandra Vieira<\/td>\n<td>11<\/td>\n<td>2.\u00aa feira<\/td>\n<td>13:30 &#8211; 15:00<\/td>\n<td>B46<\/td>\n<\/tr>\n<\/tbody>\n<\/table>\n<p>[\/vc_column_text][\/vc_tta_section][vc_tta_section i_icon_fontawesome=&#8221;fas fa-pen-alt&#8221; add_icon=&#8221;true&#8221; title=&#8221;Portugu\u00eas&#8221; tab_id=&#8221;1666717365979-8e81221e-bdf2&#8243;][vc_column_text]<\/p>\n<table id=\"PORCEF\" class=\"table table-hover\">\n<thead>\n<tr class=\"info\">\n<td class=\"tohide\">Professor(a)<\/td>\n<td>Ano<\/td>\n<td>Dia<\/td>\n<td>Hora<\/td>\n<td>Sala<\/td>\n<\/tr>\n<\/thead>\n<tbody>\n<tr>\n<td class=\"tohide\">Magda Santos<\/td>\n<td>11<\/td>\n<td>2.\u00aa feira<\/td>\n<td>13:30 &#8211; 14:15<\/td>\n<td>419<\/td>\n<\/tr>\n<\/tbody>\n<\/table>\n<p>[\/vc_column_text][\/vc_tta_section][vc_tta_section i_icon_fontawesome=&#8221;fas fa-user-friends&#8221; add_icon=&#8221;true&#8221; title=&#8221;TAARP&#8221; tab_id=&#8221;1698509846368-c6c9b813-187d&#8221;][vc_column_text]<\/p>\n<table id=\"TAARPCEF\" class=\"table table-hover\">\n<thead>\n<tr class=\"info\">\n<td class=\"tohide\">Professor(a)<\/td>\n<td>Ano<\/td>\n<td>Dia<\/td>\n<td>Hora<\/td>\n<td>Sala<\/td>\n<\/tr>\n<\/thead>\n<tbody>\n<tr>\n<td class=\"tohide\">Dulce Diogo<\/td>\n<td>12<\/td>\n<td>5.\u00aa feira<\/td>\n<td>11:45 &#8211; 12:30<\/td>\n<td>314<\/td>\n<\/tr>\n<\/tbody>\n<\/table>\n<p>[\/vc_column_text][\/vc_tta_section][\/vc_tta_accordion][\/vc_column][\/vc_row]<\/p>\n<\/div>","protected":false},"excerpt":{"rendered":"<p>[vc_row][vc_column][vc_custom_heading text=&#8221;Ci\u00eancias e Tecnologias&#8221; use_theme_fonts=&#8221;yes&#8221;][\/vc_column][\/vc_row][vc_row][vc_column][\/vc_column][\/vc_row][vc_row disable_element=&#8221;yes&#8221;][vc_column][\/vc_column][\/vc_row][vc_row disable_element=&#8221;yes&#8221;][vc_column][vc_custom_heading text=&#8221;Ci\u00eancias e Tecnologias &#8211; 11.\u00ba Ano&#8221; use_theme_fonts=&#8221;yes&#8221;][\/vc_column][\/vc_row][vc_row disable_element=&#8221;yes&#8221;][vc_column][vc_tta_accordion shape=&#8221;round&#8221; active_section=&#8221;99&#8243; collapsible_all=&#8221;true&#8221;][vc_tta_section i_icon_fontawesome=&#8221;fas fa-microscope&#8221;&nbsp;<a href=\"https:\/\/esffranco.edu.pt\/web\/alunos\/apoio-pedagogico\/\">&hellip;<\/a><\/p>\n","protected":false},"author":1,"featured_media":0,"parent":309,"menu_order":2,"comment_status":"closed","ping_status":"closed","template":"template-sidebar-right-childpages.php","meta":{"footnotes":""},"folder":[],"class_list":["post-856","page","type-page","status-publish","hentry","odd"],"_links":{"self":[{"href":"https:\/\/esffranco.edu.pt\/web\/wp-json\/wp\/v2\/pages\/856","targetHints":{"allow":["GET"]}}],"collection":[{"href":"https:\/\/esffranco.edu.pt\/web\/wp-json\/wp\/v2\/pages"}],"about":[{"href":"https:\/\/esffranco.edu.pt\/web\/wp-json\/wp\/v2\/types\/page"}],"author":[{"embeddable":true,"href":"https:\/\/esffranco.edu.pt\/web\/wp-json\/wp\/v2\/users\/1"}],"replies":[{"embeddable":true,"href":"https:\/\/esffranco.edu.pt\/web\/wp-json\/wp\/v2\/comments?post=856"}],"version-history":[{"count":116,"href":"https:\/\/esffranco.edu.pt\/web\/wp-json\/wp\/v2\/pages\/856\/revisions"}],"predecessor-version":[{"id":8588,"href":"https:\/\/esffranco.edu.pt\/web\/wp-json\/wp\/v2\/pages\/856\/revisions\/8588"}],"up":[{"embeddable":true,"href":"https:\/\/esffranco.edu.pt\/web\/wp-json\/wp\/v2\/pages\/309"}],"wp:attachment":[{"href":"https:\/\/esffranco.edu.pt\/web\/wp-json\/wp\/v2\/media?parent=856"}],"wp:term":[{"taxonomy":"folder","embeddable":true,"href":"https:\/\/esffranco.edu.pt\/web\/wp-json\/wp\/v2\/folder?post=856"}],"curies":[{"name":"wp","href":"https:\/\/api.w.org\/{rel}","templated":true}]}}