{"id":357,"date":"2022-01-16T19:14:05","date_gmt":"2022-01-16T19:14:05","guid":{"rendered":"https:\/\/esffranco.edu.pt\/web\/?page_id=357"},"modified":"2025-09-11T18:17:04","modified_gmt":"2025-09-11T17:17:04","slug":"horarios","status":"publish","type":"page","link":"https:\/\/esffranco.edu.pt\/web\/alunos\/horarios\/","title":{"rendered":"Hor\u00e1rios"},"content":{"rendered":"<div class=\"wpb-content-wrapper\"><p>[vc_section full_width=&#8221;stretch_row&#8221; content_placement=&#8221;middle&#8221;][vc_row disable_element=&#8221;yes&#8221;][vc_column][vc_custom_heading text=&#8221;Os apoios (APT) assinalados s\u00e3o de car\u00e1ter facultativo.&#8221; font_container=&#8221;tag:h5|text_align:center&#8221; use_theme_fonts=&#8221;yes&#8221; css_animation=&#8221;none&#8221;][\/vc_column][\/vc_row][vc_row][vc_column][vc_custom_heading text=&#8221;Cursos Cient\u00edficos human\u00edsticos &#8211; 10.\u00ba Ano&#8221; font_container=&#8221;tag:h2|text_align:center&#8221; use_theme_fonts=&#8221;yes&#8221;][vc_separator css_animation=&#8221;fadeInLeft&#8221; css=&#8221;.vc_custom_1642879361088{background-color: #1e73be !important;}&#8221;][\/vc_column][\/vc_row][vc_row][vc_column][vc_tta_accordion active_section=&#8221;99&#8243; collapsible_all=&#8221;true&#8221;][vc_tta_section title=&#8221;Ci\u00eancias e Tecnologias&#8221; tab_id=&#8221;ct10&#8243;][vc_row_inner][vc_column_inner width=&#8221;1\/5&#8243;]\n\t\t\t\t\t<a\n\t\t\t\thref=\"https:\/\/esffranco.edu.pt\/web\/files\/horarios\/10_01.pdf\"\n\t\t\t\tclass=\"wh-theme-icon  scp_theme_icon-980c715097856b3d6b78ee42c45bf64b\"\n\t\t\t\t\t\t\t\t\t\t\t\t\ttarget=\"_blank\"\n\t\t\t\t\t\t\t\t><i class=\"icon-edic_picture_as_pdf\"><\/i><\/a>\n\t\t\t\t[vc_custom_heading text=&#8221;Turma 10 01&#8243; font_container=&#8221;tag:p|text_align:left&#8221; use_theme_fonts=&#8221;yes&#8221; css=&#8221;.vc_custom_1694517067010{margin-top: -37px !important;margin-left: 45px !important;}&#8221; link=&#8221;url:https%3A%2F%2Fesffranco.edu.pt%2Fweb%2Ffiles%2Fhorarios%2F10_01.pdf|target:_blank&#8221;][\/vc_column_inner][vc_column_inner width=&#8221;1\/5&#8243;]\n\t\t\t\t\t<a\n\t\t\t\thref=\"https:\/\/esffranco.edu.pt\/web\/files\/hor\u00e1rios\/10_02.pdf\"\n\t\t\t\tclass=\"wh-theme-icon  scp_theme_icon-7c680b83defd3306a6429571e1eb2053\"\n\t\t\t\t\t\t\t\t\t\t\t\t\ttarget=\"_blank\"\n\t\t\t\t\t\t\t\t><i class=\"icon-edic_picture_as_pdf\"><\/i><\/a>\n\t\t\t\t[vc_custom_heading text=&#8221;Turma 10 02&#8243; font_container=&#8221;tag:p|text_align:left&#8221; use_theme_fonts=&#8221;yes&#8221; css=&#8221;.vc_custom_1665315955800{margin-top: -37px !important;margin-left: 45px !important;}&#8221; link=&#8221;url:https%3A%2F%2Fesffranco.edu.pt%2Fweb%2Ffiles%2Fhorarios%2F10_02.pdf|target:_blank&#8221;][\/vc_column_inner][vc_column_inner width=&#8221;1\/5&#8243;]\n\t\t\t\t\t<a\n\t\t\t\thref=\"https:\/\/esffranco.edu.pt\/web\/files\/horarios\/10_03.pdf\"\n\t\t\t\tclass=\"wh-theme-icon  scp_theme_icon-dfeaa30bfe751af8335ccac3002863f8\"\n\t\t\t\t\t\t\t\t\t\t\t\t\ttarget=\"_blank\"\n\t\t\t\t\t\t\t\t><i class=\"icon-edic_picture_as_pdf\"><\/i><\/a>\n\t\t\t\t[vc_custom_heading text=&#8221;Turma 10 03&#8243; font_container=&#8221;tag:p|text_align:left&#8221; use_theme_fonts=&#8221;yes&#8221; css=&#8221;.vc_custom_1665245699806{margin-top: -37px !important;margin-left: 45px !important;}&#8221; link=&#8221;url:https%3A%2F%2Fesffranco.edu.pt%2Fweb%2Ffiles%2Fhorarios%2F10_03.pdf|target:_blank&#8221;][\/vc_column_inner][vc_column_inner width=&#8221;1\/5&#8243;]\n\t\t\t\t\t<a\n\t\t\t\thref=\"https:\/\/esffranco.edu.pt\/web\/files\/horarios\/10_04.pdf\"\n\t\t\t\tclass=\"wh-theme-icon  scp_theme_icon-1ad8bac3a5b65260cc77eeaf57e60e09\"\n\t\t\t\t\t\t\t\t\t\t\t\t\ttarget=\"_blank\"\n\t\t\t\t\t\t\t\t><i class=\"icon-edic_picture_as_pdf\"><\/i><\/a>\n\t\t\t\t[vc_custom_heading text=&#8221;Turma 10 04&#8243; font_container=&#8221;tag:p|text_align:left&#8221; use_theme_fonts=&#8221;yes&#8221; css=&#8221;.vc_custom_1665245707859{margin-top: -37px !important;margin-left: 45px !important;}&#8221; link=&#8221;url:https%3A%2F%2Fesffranco.edu.pt%2Fweb%2Ffiles%2Fhorarios%2F10_04.pdf|target:_blank&#8221;][\/vc_column_inner][vc_column_inner width=&#8221;1\/5&#8243;]\n\t\t\t\t\t<a\n\t\t\t\thref=\"https:\/\/esffranco.edu.pt\/web\/files\/horarios\/10_05.pdf\"\n\t\t\t\tclass=\"wh-theme-icon  scp_theme_icon-3ad67afd23b3f866fc6ae10c911d31d3\"\n\t\t\t\t\t\t\t\t\t\t\t\t\ttarget=\"_blank\"\n\t\t\t\t\t\t\t\t><i class=\"icon-edic_picture_as_pdf\"><\/i><\/a>\n\t\t\t\t[vc_custom_heading text=&#8221;Turma 10 05&#8243; font_container=&#8221;tag:p|text_align:left&#8221; use_theme_fonts=&#8221;yes&#8221; css=&#8221;.vc_custom_1665245715511{margin-top: -37px !important;margin-left: 45px !important;}&#8221; link=&#8221;url:https%3A%2F%2Fesffranco.edu.pt%2Fweb%2Ffiles%2Fhorarios%2F10_05.pdf|target:_blank&#8221;][\/vc_column_inner][\/vc_row_inner][vc_row_inner][vc_column_inner width=&#8221;1\/5&#8243;]\n\t\t\t\t\t<a\n\t\t\t\thref=\"https:\/\/esffranco.edu.pt\/web\/files\/horarios\/10_06.pdf\"\n\t\t\t\tclass=\"wh-theme-icon  scp_theme_icon-63e8bca0a7146661240f285cdb17323d\"\n\t\t\t\t\t\t\t\t\t\t\t\t\ttarget=\"_blank\"\n\t\t\t\t\t\t\t\t><i class=\"icon-edic_picture_as_pdf\"><\/i><\/a>\n\t\t\t\t[vc_custom_heading text=&#8221;Turma 10 06&#8243; font_container=&#8221;tag:p|text_align:left&#8221; use_theme_fonts=&#8221;yes&#8221; css=&#8221;.vc_custom_1665245729018{margin-top: -37px !important;margin-left: 45px !important;}&#8221; link=&#8221;url:https%3A%2F%2Fesffranco.edu.pt%2Fweb%2Ffiles%2Fhorarios%2F10_06.pdf|target:_blank&#8221;][\/vc_column_inner][vc_column_inner width=&#8221;1\/5&#8243;]\n\t\t\t\t\t<a\n\t\t\t\thref=\"https:\/\/esffranco.edu.pt\/web\/files\/horarios\/10_07.pdf\"\n\t\t\t\tclass=\"wh-theme-icon  scp_theme_icon-490d671568f7322e152f1aff74cf351b\"\n\t\t\t\t\t\t\t\t\t\t\t\t\ttarget=\"_blank\"\n\t\t\t\t\t\t\t\t><i class=\"icon-edic_picture_as_pdf\"><\/i><\/a>\n\t\t\t\t[vc_custom_heading text=&#8221;Turma 10 07&#8243; font_container=&#8221;tag:p|text_align:left&#8221; use_theme_fonts=&#8221;yes&#8221; css=&#8221;.vc_custom_1665245736095{margin-top: -37px !important;margin-left: 45px !important;}&#8221; link=&#8221;url:https%3A%2F%2Fesffranco.edu.pt%2Fweb%2Ffiles%2Fhorarios%2F10_07.pdf|title:Pedagogia%20Sist%C3%A9mica|target:_blank&#8221;][\/vc_column_inner][vc_column_inner width=&#8221;1\/5&#8243;]\n\t\t\t\t\t<a\n\t\t\t\thref=\"https:\/\/esffranco.edu.pt\/web\/files\/horarios\/10_08.pdf\"\n\t\t\t\tclass=\"wh-theme-icon  scp_theme_icon-9145e090b2f4ff0ec45e633f8b287aaf\"\n\t\t\t\t\t\t\t\t\t\t\t\t\ttarget=\"_blank\"\n\t\t\t\t\t\t\t\t><i class=\"icon-edic_picture_as_pdf\"><\/i><\/a>\n\t\t\t\t[vc_custom_heading text=&#8221;Turma 10 08&#8243; font_container=&#8221;tag:p|text_align:left&#8221; use_theme_fonts=&#8221;yes&#8221; css=&#8221;.vc_custom_1665245742454{margin-top: -37px !important;margin-left: 45px !important;}&#8221; link=&#8221;url:https%3A%2F%2Fesffranco.edu.pt%2Fweb%2Ffiles%2Fhorarios%2F10_08.pdf|target:_blank&#8221;][\/vc_column_inner][vc_column_inner width=&#8221;1\/5&#8243;]\n\t\t\t\t\t<a\n\t\t\t\thref=\"https:\/\/esffranco.edu.pt\/web\/files\/horarios\/10_09.pdf\"\n\t\t\t\tclass=\"wh-theme-icon  scp_theme_icon-e8c80938e0c355b6adcea97704226435\"\n\t\t\t\t\t\t\t\t\t\t\t\t\ttarget=\"_blank\"\n\t\t\t\t\t\t\t\t><i class=\"icon-edic_picture_as_pdf\"><\/i><\/a>\n\t\t\t\t[vc_custom_heading text=&#8221;Turma 10 09&#8243; font_container=&#8221;tag:p|text_align:left&#8221; use_theme_fonts=&#8221;yes&#8221; css=&#8221;.vc_custom_1665245748659{margin-top: -37px !important;margin-left: 45px !important;}&#8221; link=&#8221;url:https%3A%2F%2Fesffranco.edu.pt%2Fweb%2Ffiles%2Fhorarios%2F10_09.pdf|target:_blank&#8221;][\/vc_column_inner][vc_column_inner width=&#8221;1\/5&#8243;]\n\t\t\t\t\t<a\n\t\t\t\thref=\"https:\/\/esffranco.edu.pt\/web\/files\/horarios\/10_10.pdf\"\n\t\t\t\tclass=\"wh-theme-icon  scp_theme_icon-ce6f9315e2b8ab294863d21b5204a30c\"\n\t\t\t\t\t\t\t\t\t\t\t\t\ttarget=\"_blank\"\n\t\t\t\t\t\t\t\t><i class=\"icon-edic_picture_as_pdf\"><\/i><\/a>\n\t\t\t\t[vc_custom_heading text=&#8221;Turma 10 10&#8243; font_container=&#8221;tag:p|text_align:left&#8221; use_theme_fonts=&#8221;yes&#8221; css=&#8221;.vc_custom_1665245755479{margin-top: -37px !important;margin-left: 45px !important;}&#8221; link=&#8221;url:https%3A%2F%2Fesffranco.edu.pt%2Fweb%2Ffiles%2Fhorarios%2F10_10.pdf|target:_blank&#8221;][\/vc_column_inner][\/vc_row_inner][vc_row_inner][vc_column_inner width=&#8221;1\/5&#8243;]\n\t\t\t\t\t<a\n\t\t\t\thref=\"https:\/\/esffranco.edu.pt\/web\/files\/horarios\/10_11.pdf\"\n\t\t\t\tclass=\"wh-theme-icon  scp_theme_icon-c825385853ddc09e35eec76f0537c973\"\n\t\t\t\t\t\t\t\t\t\t\t\t\ttarget=\"_blank\"\n\t\t\t\t\t\t\t\t><i class=\"icon-edic_picture_as_pdf\"><\/i><\/a>\n\t\t\t\t[vc_custom_heading text=&#8221;Turma 10 11&#8243; font_container=&#8221;tag:p|text_align:left&#8221; use_theme_fonts=&#8221;yes&#8221; css=&#8221;.vc_custom_1694517243230{margin-top: -37px !important;margin-left: 45px !important;}&#8221; link=&#8221;url:https%3A%2F%2Fesffranco.edu.pt%2Fweb%2Ffiles%2Fhorarios%2F10_11.pdf|target:_blank&#8221;][\/vc_column_inner][vc_column_inner width=&#8221;1\/5&#8243;]\n\t\t\t\t\t<a\n\t\t\t\thref=\"https:\/\/esffranco.edu.pt\/web\/files\/horarios\/10_12.pdf\"\n\t\t\t\tclass=\"wh-theme-icon  scp_theme_icon-f45a68a082fe7b73813ab0a7ed7dd0df\"\n\t\t\t\t\t\t\t\t\t\t\t\t\ttarget=\"_blank\"\n\t\t\t\t\t\t\t\t><i class=\"icon-edic_picture_as_pdf\"><\/i><\/a>\n\t\t\t\t[vc_custom_heading text=&#8221;Turma 10 12&#8243; font_container=&#8221;tag:p|text_align:left&#8221; use_theme_fonts=&#8221;yes&#8221; css=&#8221;.vc_custom_1665245773850{margin-top: -37px !important;margin-left: 45px !important;}&#8221; link=&#8221;url:https%3A%2F%2Fesffranco.edu.pt%2Fweb%2Ffiles%2Fhorarios%2F10_12.pdf|target:_blank&#8221;][\/vc_column_inner][vc_column_inner width=&#8221;1\/5&#8243;]\n\t\t\t\t\t<a\n\t\t\t\thref=\"https:\/\/esffranco.edu.pt\/web\/files\/horarios\/10_12.pdf\"\n\t\t\t\tclass=\"wh-theme-icon  scp_theme_icon-f45a68a082fe7b73813ab0a7ed7dd0df\"\n\t\t\t\t\t\t\t\t\t\t\t\t\ttarget=\"_blank\"\n\t\t\t\t\t\t\t\t><i class=\"icon-edic_picture_as_pdf\"><\/i><\/a>\n\t\t\t\t[vc_custom_heading text=&#8221;Turma 1013&#8243; font_container=&#8221;tag:p|text_align:left&#8221; use_theme_fonts=&#8221;yes&#8221; css=&#8221;.vc_custom_1756830012259{margin-top: -35px !important;margin-left: 45px !important;}&#8221; link=&#8221;url:https%3A%2F%2Fesffranco.edu.pt%2Fweb%2Ffiles%2Fhorarios%2F10_13.pdf|target:_blank&#8221;][\/vc_column_inner][vc_column_inner width=&#8221;1\/5&#8243;][\/vc_column_inner][vc_column_inner width=&#8221;1\/5&#8243;][\/vc_column_inner][\/vc_row_inner][\/vc_tta_section][vc_tta_section title=&#8221;Artes Visuais&#8221; tab_id=&#8221;av10&#8243;][vc_row_inner][vc_column_inner width=&#8221;1\/5&#8243;]\n\t\t\t\t\t<a\n\t\t\t\thref=\"https:\/\/esffranco.edu.pt\/web\/files\/horarios\/10_14.pdf\"\n\t\t\t\tclass=\"wh-theme-icon  scp_theme_icon-4c246617373cad3e08da55b4a6edecb9\"\n\t\t\t\t\t\t\t\t\t\t\t\t\ttarget=\"_blank\"\n\t\t\t\t\t\t\t\t><i class=\"icon-edic_picture_as_pdf\"><\/i><\/a>\n\t\t\t\t[vc_custom_heading text=&#8221;Turma 10 14&#8243; font_container=&#8221;tag:p|text_align:left&#8221; use_theme_fonts=&#8221;yes&#8221; css=&#8221;.vc_custom_1722440786600{margin-top: -37px !important;margin-left: 45px !important;}&#8221; link=&#8221;url:https%3A%2F%2Fesffranco.edu.pt%2Fweb%2Ffiles%2Fhorarios%2F10_14.pdf|target:_blank&#8221;][\/vc_column_inner][vc_column_inner width=&#8221;1\/5&#8243;]\n\t\t\t\t\t<a\n\t\t\t\thref=\"https:\/\/esffranco.edu.pt\/web\/files\/horarios\/10_15.pdf\"\n\t\t\t\tclass=\"wh-theme-icon  scp_theme_icon-187ae08b8f041dcde4283aafffadef66\"\n\t\t\t\t\t\t\t\t\t\t\t\t\ttarget=\"_blank\"\n\t\t\t\t\t\t\t\t><i class=\"icon-edic_picture_as_pdf\"><\/i><\/a>\n\t\t\t\t[vc_custom_heading text=&#8221;Turma 10 15&#8243; font_container=&#8221;tag:p|text_align:left&#8221; use_theme_fonts=&#8221;yes&#8221; css=&#8221;.vc_custom_1722440805324{margin-top: -37px !important;margin-left: 45px !important;}&#8221; link=&#8221;url:https%3A%2F%2Fesffranco.edu.pt%2Fweb%2Ffiles%2Fhorarios%2F10_15.pdf|target:_blank&#8221;][\/vc_column_inner][vc_column_inner width=&#8221;1\/5&#8243;]\n\t\t\t\t\t<a\n\t\t\t\thref=\"https:\/\/esffranco.edu.pt\/web\/files\/horarios\/10_16.pdf\"\n\t\t\t\tclass=\"wh-theme-icon  scp_theme_icon-ad743cb141367231d3fa6482ba233a80\"\n\t\t\t\t\t\t\t\t\t\t\t\t\ttarget=\"_blank\"\n\t\t\t\t\t\t\t\t><i class=\"icon-edic_picture_as_pdf\"><\/i><\/a>\n\t\t\t\t[vc_custom_heading text=&#8221;Turma 10 16&#8243; font_container=&#8221;tag:p|text_align:left&#8221; use_theme_fonts=&#8221;yes&#8221; css=&#8221;.vc_custom_1722440821138{margin-top: -37px !important;margin-left: 45px !important;}&#8221; link=&#8221;url:https%3A%2F%2Fesffranco.edu.pt%2Fweb%2Ffiles%2Fhorarios%2F10_16.pdf|target:_blank&#8221;][\/vc_column_inner][vc_column_inner width=&#8221;1\/5&#8243;]\n\t\t\t\t\t<a\n\t\t\t\thref=\"https:\/\/esffranco.edu.pt\/web\/files\/horarios\/10_17.pdf\"\n\t\t\t\tclass=\"wh-theme-icon  scp_theme_icon-2a6266c416544ac3ea532c9253a8c577\"\n\t\t\t\t\t\t\t\t\t\t\t\t\ttarget=\"_blank\"\n\t\t\t\t\t\t\t\t><i class=\"icon-edic_picture_as_pdf\"><\/i><\/a>\n\t\t\t\t[vc_custom_heading text=&#8221;Turma 10 17&#8243; font_container=&#8221;tag:p|text_align:left&#8221; use_theme_fonts=&#8221;yes&#8221; css=&#8221;.vc_custom_1722440939454{margin-top: -37px !important;margin-left: 45px !important;}&#8221; link=&#8221;url:https%3A%2F%2Fesffranco.edu.pt%2Fweb%2Ffiles%2Fhorarios%2F10_17.pdf|target:_blank&#8221;][\/vc_column_inner][vc_column_inner width=&#8221;1\/5&#8243;]\n\t\t\t\t\t<a\n\t\t\t\thref=\"https:\/\/esffranco.edu.pt\/web\/files\/horarios\/10_17.pdf\"\n\t\t\t\tclass=\"wh-theme-icon  scp_theme_icon-2a6266c416544ac3ea532c9253a8c577\"\n\t\t\t\t\t\t\t\t\t\t\t\t\ttarget=\"_blank\"\n\t\t\t\t\t\t\t\t><i class=\"icon-edic_picture_as_pdf\"><\/i><\/a>\n\t\t\t\t[vc_custom_heading text=&#8221;Turma 10 33&#8243; font_container=&#8221;tag:p|text_align:left&#8221; use_theme_fonts=&#8221;yes&#8221; css=&#8221;.vc_custom_1757610977192{margin-top: -37px !important;margin-left: 45px !important;}&#8221; link=&#8221;url:https%3A%2F%2Fesffranco.edu.pt%2Fweb%2Ffiles%2Fhorarios%2F10_33.pdf|target:_blank&#8221;][\/vc_column_inner][\/vc_row_inner][\/vc_tta_section][vc_tta_section title=&#8221;Ci\u00eancias Socioecon\u00f3micas&#8221; tab_id=&#8221;CS10&#8243;][vc_row_inner][vc_column_inner width=&#8221;1\/5&#8243;]\n\t\t\t\t\t<a\n\t\t\t\thref=\"https:\/\/esffranco.edu.pt\/web\/files\/horarios\/10_18.pdf\"\n\t\t\t\tclass=\"wh-theme-icon  scp_theme_icon-145470c1257bc694cb3e4ff5fdb4b861\"\n\t\t\t\t\t\t\t\t\t\t\t\t\ttarget=\"_blank\"\n\t\t\t\t\t\t\t\t><i class=\"icon-edic_picture_as_pdf\"><\/i><\/a>\n\t\t\t\t[vc_custom_heading text=&#8221;Turma 10 18&#8243; font_container=&#8221;tag:p|text_align:left&#8221; use_theme_fonts=&#8221;yes&#8221; css=&#8221;.vc_custom_1665246650699{margin-top: -37px !important;margin-left: 45px !important;}&#8221; link=&#8221;url:https%3A%2F%2Fesffranco.edu.pt%2Fweb%2Ffiles%2Fhorarios%2F10_18.pdf|target:_blank&#8221;][\/vc_column_inner][vc_column_inner width=&#8221;1\/5&#8243;]\n\t\t\t\t\t<a\n\t\t\t\thref=\"https:\/\/esffranco.edu.pt\/web\/files\/horarios\/10_19.pdf\"\n\t\t\t\tclass=\"wh-theme-icon  scp_theme_icon-3e0ff1ab199c384449b89b97e02c2514\"\n\t\t\t\t\t\t\t\t\t\t\t\t\ttarget=\"_blank\"\n\t\t\t\t\t\t\t\t><i class=\"icon-edic_picture_as_pdf\"><\/i><\/a>\n\t\t\t\t[vc_custom_heading text=&#8221;Turma 10 19&#8243; font_container=&#8221;tag:p|text_align:left&#8221; use_theme_fonts=&#8221;yes&#8221; css=&#8221;.vc_custom_1665247384627{margin-top: -37px !important;margin-left: 45px !important;}&#8221; link=&#8221;url:https%3A%2F%2Fesffranco.edu.pt%2Fweb%2Ffiles%2Fhorarios%2F10_19.pdf|target:_blank&#8221;][\/vc_column_inner][vc_column_inner width=&#8221;1\/5&#8243;]\n\t\t\t\t\t<a\n\t\t\t\thref=\"https:\/\/esffranco.edu.pt\/web\/files\/horarios\/10_20.pdf\"\n\t\t\t\tclass=\"wh-theme-icon  scp_theme_icon-36e9657b91d2150535a2fee6ca66b1d2\"\n\t\t\t\t\t\t\t\t\t\t\t\t\ttarget=\"_blank\"\n\t\t\t\t\t\t\t\t><i class=\"icon-edic_picture_as_pdf\"><\/i><\/a>\n\t\t\t\t[vc_custom_heading text=&#8221;Turma 10 20&#8243; font_container=&#8221;tag:p|text_align:left&#8221; use_theme_fonts=&#8221;yes&#8221; css=&#8221;.vc_custom_1665247428182{margin-top: -37px !important;margin-left: 45px !important;}&#8221; link=&#8221;url:https%3A%2F%2Fesffranco.edu.pt%2Fweb%2Ffiles%2Fhorarios%2F10_20.pdf|target:_blank&#8221;][\/vc_column_inner][vc_column_inner width=&#8221;1\/5&#8243;]\n\t\t\t\t\t<a\n\t\t\t\thref=\"https:\/\/esffranco.edu.pt\/web\/files\/horarios\/10_21.pdf\"\n\t\t\t\tclass=\"wh-theme-icon  scp_theme_icon-16a7cb1d62de119cf6ca0676f15ccf13\"\n\t\t\t\t\t\t\t\t\t\t\t\t\ttarget=\"_blank\"\n\t\t\t\t\t\t\t\t><i class=\"icon-edic_picture_as_pdf\"><\/i><\/a>\n\t\t\t\t[vc_custom_heading text=&#8221;Turma 10 21&#8243; font_container=&#8221;tag:p|text_align:left&#8221; use_theme_fonts=&#8221;yes&#8221; css=&#8221;.vc_custom_1722441086893{margin-top: -37px !important;margin-left: 45px !important;}&#8221; link=&#8221;url:https%3A%2F%2Fesffranco.edu.pt%2Fweb%2Ffiles%2Fhorarios%2F10_21.pdf|target:_blank&#8221;][\/vc_column_inner][vc_column_inner width=&#8221;1\/5&#8243;][\/vc_column_inner][\/vc_row_inner][\/vc_tta_section][vc_tta_section title=&#8221;L\u00ednguas e Humanidades&#8221; tab_id=&#8221;lh10&#8243;][vc_row_inner][vc_column_inner width=&#8221;1\/5&#8243;]\n\t\t\t\t\t<a\n\t\t\t\thref=\"https:\/\/esffranco.edu.pt\/web\/files\/horarios\/10_22.pdf\"\n\t\t\t\tclass=\"wh-theme-icon  scp_theme_icon-0da7ed2530d14f873c17f3245746c8ab\"\n\t\t\t\t\t\t\t\t\t\t\t\t\ttarget=\"_blank\"\n\t\t\t\t\t\t\t\t><i class=\"icon-edic_picture_as_pdf\"><\/i><\/a>\n\t\t\t\t[vc_custom_heading text=&#8221;Turma 10 22&#8243; font_container=&#8221;tag:p|text_align:left&#8221; use_theme_fonts=&#8221;yes&#8221; css=&#8221;.vc_custom_1665251689494{margin-top: -37px !important;margin-left: 45px !important;}&#8221; link=&#8221;url:https%3A%2F%2Fesffranco.edu.pt%2Fweb%2Ffiles%2Fhorarios%2F10_22.pdf|target:_blank&#8221;][\/vc_column_inner][vc_column_inner width=&#8221;1\/5&#8243;]\n\t\t\t\t\t<a\n\t\t\t\thref=\"https:\/\/esffranco.edu.pt\/web\/files\/horarios\/10_23.pdf\"\n\t\t\t\tclass=\"wh-theme-icon  scp_theme_icon-01ec15e712f80c43e6f8683472904de8\"\n\t\t\t\t\t\t\t\t\t\t\t\t\ttarget=\"_blank\"\n\t\t\t\t\t\t\t\t><i class=\"icon-edic_picture_as_pdf\"><\/i><\/a>\n\t\t\t\t[vc_custom_heading text=&#8221;Turma 10 23&#8243; font_container=&#8221;tag:p|text_align:left&#8221; use_theme_fonts=&#8221;yes&#8221; css=&#8221;.vc_custom_1665249037991{margin-top: -37px !important;margin-left: 45px !important;}&#8221; link=&#8221;url:https%3A%2F%2Fesffranco.edu.pt%2Fweb%2Ffiles%2Fhorarios%2F10_23.pdf|target:_blank&#8221;][\/vc_column_inner][vc_column_inner width=&#8221;1\/5&#8243;]\n\t\t\t\t\t<a\n\t\t\t\thref=\"https:\/\/esffranco.edu.pt\/web\/files\/horarios\/10_24.pdf\"\n\t\t\t\tclass=\"wh-theme-icon  scp_theme_icon-5e4414ed0bb97feb8c57178bbec03e60\"\n\t\t\t\t\t\t\t\t\t\t\t\t\ttarget=\"_blank\"\n\t\t\t\t\t\t\t\t><i class=\"icon-edic_picture_as_pdf\"><\/i><\/a>\n\t\t\t\t[vc_custom_heading text=&#8221;Turma 10 24&#8243; font_container=&#8221;tag:p|text_align:left&#8221; use_theme_fonts=&#8221;yes&#8221; css=&#8221;.vc_custom_1665248684849{margin-top: -37px !important;margin-left: 45px !important;}&#8221; link=&#8221;url:https%3A%2F%2Fesffranco.edu.pt%2Fweb%2Ffiles%2Fhorarios%2F10_24.pdf|target:_blank&#8221;][\/vc_column_inner][vc_column_inner width=&#8221;1\/5&#8243;]\n\t\t\t\t\t<a\n\t\t\t\thref=\"https:\/\/esffranco.edu.pt\/web\/files\/horarios\/10_25.pdf\"\n\t\t\t\tclass=\"wh-theme-icon  scp_theme_icon-f6bb99401714388e9fbee03de94904df\"\n\t\t\t\t\t\t\t\t\t\t\t\t\ttarget=\"_blank\"\n\t\t\t\t\t\t\t\t><i class=\"icon-edic_picture_as_pdf\"><\/i><\/a>\n\t\t\t\t[vc_custom_heading text=&#8221;Turma 10 25&#8243; font_container=&#8221;tag:p|text_align:left&#8221; use_theme_fonts=&#8221;yes&#8221; css=&#8221;.vc_custom_1665248729470{margin-top: -37px !important;margin-left: 45px !important;}&#8221; link=&#8221;url:https%3A%2F%2Fesffranco.edu.pt%2Fweb%2Ffiles%2Fhorarios%2F10_25.pdf|target:_blank&#8221;][\/vc_column_inner][vc_column_inner width=&#8221;1\/5&#8243;]\n\t\t\t\t\t<a\n\t\t\t\thref=\"https:\/\/esffranco.edu.pt\/web\/files\/horarios\/10_26.pdf\"\n\t\t\t\tclass=\"wh-theme-icon  scp_theme_icon-7cc2d73d09c37245f8bd95760fbc8caa\"\n\t\t\t\t\t\t\t\t\t\t\t\t\ttarget=\"_blank\"\n\t\t\t\t\t\t\t\t><i class=\"icon-edic_picture_as_pdf\"><\/i><\/a>\n\t\t\t\t[vc_custom_heading text=&#8221;Turma 10 26&#8243; font_container=&#8221;tag:p|text_align:left&#8221; use_theme_fonts=&#8221;yes&#8221; css=&#8221;.vc_custom_1665248771221{margin-top: -37px !important;margin-left: 45px !important;}&#8221; link=&#8221;url:https%3A%2F%2Fesffranco.edu.pt%2Fweb%2Ffiles%2Fhorarios%2F10_26.pdf|target:_blank&#8221;][\/vc_column_inner][\/vc_row_inner][vc_row_inner][vc_column_inner width=&#8221;1\/5&#8243;]\n\t\t\t\t\t<a\n\t\t\t\thref=\"https:\/\/esffranco.edu.pt\/web\/files\/horarios\/10_22.pdf\"\n\t\t\t\tclass=\"wh-theme-icon  scp_theme_icon-0da7ed2530d14f873c17f3245746c8ab\"\n\t\t\t\t\t\t\t\t\t\t\t\t\ttarget=\"_blank\"\n\t\t\t\t\t\t\t\t><i class=\"icon-edic_picture_as_pdf\"><\/i><\/a>\n\t\t\t\t[vc_custom_heading text=&#8221;Turma 10 27&#8243; font_container=&#8221;tag:p|text_align:left&#8221; use_theme_fonts=&#8221;yes&#8221; css=&#8221;.vc_custom_1722442035886{margin-top: -37px !important;margin-left: 45px !important;}&#8221; link=&#8221;url:https%3A%2F%2Fesffranco.edu.pt%2Fweb%2Ffiles%2Fhorarios%2F10_27.pdf|target:_blank&#8221;][\/vc_column_inner][vc_column_inner width=&#8221;1\/5&#8243;][\/vc_column_inner][vc_column_inner width=&#8221;1\/5&#8243;][\/vc_column_inner][vc_column_inner width=&#8221;1\/5&#8243;][\/vc_column_inner][vc_column_inner width=&#8221;1\/5&#8243;][\/vc_column_inner][\/vc_row_inner][\/vc_tta_section][\/vc_tta_accordion][\/vc_column][\/vc_row][vc_row][vc_column css=&#8221;.vc_custom_1665311310257{padding-top: 5px !important;}&#8221;][vc_custom_heading text=&#8221;Cursos Cient\u00edficos human\u00edsticos &#8211; 11.\u00ba Ano&#8221; font_container=&#8221;tag:h2|text_align:center&#8221; use_theme_fonts=&#8221;yes&#8221;][vc_separator css_animation=&#8221;fadeInLeft&#8221; css=&#8221;.vc_custom_1642879361088{background-color: #1e73be !important;}&#8221;][\/vc_column][\/vc_row][vc_row][vc_column][vc_tta_accordion active_section=&#8221;99&#8243; collapsible_all=&#8221;true&#8221;][vc_tta_section title=&#8221;Ci\u00eancias e Tecnologias&#8221; tab_id=&#8221;ct11&#8243;][vc_row_inner][vc_column_inner width=&#8221;1\/5&#8243;]\n\t\t\t\t\t<a\n\t\t\t\thref=\"https:\/\/esffranco.edu.pt\/web\/files\/horarios\/11_01.pdf\"\n\t\t\t\tclass=\"wh-theme-icon  scp_theme_icon-2d36253cf3b977f9ad7ef9b87df3b245\"\n\t\t\t\t\t\t\t\t\t\t\t\t\ttarget=\"_blank\"\n\t\t\t\t\t\t\t\t><i class=\"icon-edic_picture_as_pdf\"><\/i><\/a>\n\t\t\t\t[vc_custom_heading text=&#8221;Turma 11 01&#8243; font_container=&#8221;tag:p|text_align:left&#8221; use_theme_fonts=&#8221;yes&#8221; css=&#8221;.vc_custom_1665249838479{margin-top: -37px !important;margin-left: 45px !important;}&#8221; link=&#8221;url:https%3A%2F%2Fesffranco.edu.pt%2Fweb%2Ffiles%2Fhorarios%2F11_01.pdf|target:_blank&#8221;][\/vc_column_inner][vc_column_inner width=&#8221;1\/5&#8243;]\n\t\t\t\t\t<a\n\t\t\t\thref=\"https:\/\/esffranco.edu.pt\/web\/files\/horarios\/11_02.pdf\"\n\t\t\t\tclass=\"wh-theme-icon  scp_theme_icon-7fdc238bcb63fa9e92e21ab47dd4a039\"\n\t\t\t\t\t\t\t\t\t\t\t\t\ttarget=\"_blank\"\n\t\t\t\t\t\t\t\t><i class=\"icon-edic_picture_as_pdf\"><\/i><\/a>\n\t\t\t\t[vc_custom_heading text=&#8221;Turma 11 02&#8243; font_container=&#8221;tag:p|text_align:left&#8221; use_theme_fonts=&#8221;yes&#8221; css=&#8221;.vc_custom_1694518828106{margin-top: -37px !important;margin-left: 45px !important;}&#8221; link=&#8221;url:https%3A%2F%2Fesffranco.edu.pt%2Fweb%2Ffiles%2Fhorarios%2F11_02.pdf|target:_blank&#8221;][\/vc_column_inner][vc_column_inner width=&#8221;1\/5&#8243;]\n\t\t\t\t\t<a\n\t\t\t\thref=\"https:\/\/esffranco.edu.pt\/web\/files\/horarios\/11_03.pdf\"\n\t\t\t\tclass=\"wh-theme-icon  scp_theme_icon-a3fc00a92c4219f89d864462ccf28e93\"\n\t\t\t\t\t\t\t\t\t\t\t\t\ttarget=\"_blank\"\n\t\t\t\t\t\t\t\t><i class=\"icon-edic_picture_as_pdf\"><\/i><\/a>\n\t\t\t\t[vc_custom_heading text=&#8221;Turma 11 03&#8243; font_container=&#8221;tag:p|text_align:left&#8221; use_theme_fonts=&#8221;yes&#8221; css=&#8221;.vc_custom_1665249917291{margin-top: -37px !important;margin-left: 45px !important;}&#8221; link=&#8221;url:https%3A%2F%2Fesffranco.edu.pt%2Fweb%2Ffiles%2Fhorarios%2F11_03.pdf|target:_blank&#8221;][\/vc_column_inner][vc_column_inner width=&#8221;1\/5&#8243;]\n\t\t\t\t\t<a\n\t\t\t\thref=\"https:\/\/esffranco.edu.pt\/web\/files\/horarios\/11_04.pdf\"\n\t\t\t\tclass=\"wh-theme-icon  scp_theme_icon-491fbf2c79f4c94db9c4d720c5e4a4d4\"\n\t\t\t\t\t\t\t\t\t\t\t\t\ttarget=\"_blank\"\n\t\t\t\t\t\t\t\t><i class=\"icon-edic_picture_as_pdf\"><\/i><\/a>\n\t\t\t\t[vc_custom_heading text=&#8221;Turma 11 04&#8243; font_container=&#8221;tag:p|text_align:left&#8221; use_theme_fonts=&#8221;yes&#8221; css=&#8221;.vc_custom_1665249971197{margin-top: -37px !important;margin-left: 45px !important;}&#8221; link=&#8221;url:https%3A%2F%2Fesffranco.edu.pt%2Fweb%2Ffiles%2Fhorarios%2F11_04.pdf|target:_blank&#8221;][\/vc_column_inner][vc_column_inner width=&#8221;1\/5&#8243;]\n\t\t\t\t\t<a\n\t\t\t\thref=\"https:\/\/esffranco.edu.pt\/web\/files\/horarios\/11_05.pdf\"\n\t\t\t\tclass=\"wh-theme-icon  scp_theme_icon-5526948eeee8791cdb3c1ffcc3e065e2\"\n\t\t\t\t\t\t\t\t\t\t\t\t\ttarget=\"_blank\"\n\t\t\t\t\t\t\t\t><i class=\"icon-edic_picture_as_pdf\"><\/i><\/a>\n\t\t\t\t[vc_custom_heading text=&#8221;Turma 11 05&#8243; font_container=&#8221;tag:p|text_align:left&#8221; use_theme_fonts=&#8221;yes&#8221; css=&#8221;.vc_custom_1665250003709{margin-top: -37px !important;margin-left: 45px !important;}&#8221; link=&#8221;url:https%3A%2F%2Fesffranco.edu.pt%2Fweb%2Ffiles%2Fhorarios%2F11_05.pdf|target:_blank&#8221;][\/vc_column_inner][\/vc_row_inner][vc_row_inner][vc_column_inner width=&#8221;1\/5&#8243;]\n\t\t\t\t\t<a\n\t\t\t\thref=\"https:\/\/esffranco.edu.pt\/web\/files\/horarios\/11_06.pdf\"\n\t\t\t\tclass=\"wh-theme-icon  scp_theme_icon-04c05153af49de80fc0fedbbb203a11c\"\n\t\t\t\t\t\t\t\t\t\t\t\t\ttarget=\"_blank\"\n\t\t\t\t\t\t\t\t><i class=\"icon-edic_picture_as_pdf\"><\/i><\/a>\n\t\t\t\t[vc_custom_heading text=&#8221;Turma 11 06&#8243; font_container=&#8221;tag:p|text_align:left&#8221; use_theme_fonts=&#8221;yes&#8221; css=&#8221;.vc_custom_1665250387374{margin-top: -37px !important;margin-left: 45px !important;}&#8221; link=&#8221;url:https%3A%2F%2Fesffranco.edu.pt%2Fweb%2Ffiles%2Fhorarios%2F11_06.pdf|target:_blank&#8221;][\/vc_column_inner][vc_column_inner width=&#8221;1\/5&#8243;]\n\t\t\t\t\t<a\n\t\t\t\thref=\"https:\/\/esffranco.edu.pt\/web\/files\/horarios\/11_07.pdf\"\n\t\t\t\tclass=\"wh-theme-icon  scp_theme_icon-2542481bce4f5a0a7f2eb93646ef668a\"\n\t\t\t\t\t\t\t\t\t\t\t\t\ttarget=\"_blank\"\n\t\t\t\t\t\t\t\t><i class=\"icon-edic_picture_as_pdf\"><\/i><\/a>\n\t\t\t\t[vc_custom_heading text=&#8221;Turma 11 07&#8243; font_container=&#8221;tag:p|text_align:left&#8221; use_theme_fonts=&#8221;yes&#8221; css=&#8221;.vc_custom_1665250408935{margin-top: -37px !important;margin-left: 45px !important;}&#8221; link=&#8221;url:https%3A%2F%2Fesffranco.edu.pt%2Fweb%2Ffiles%2Fhorarios%2F11_07.pdf|target:_blank&#8221;][\/vc_column_inner][vc_column_inner width=&#8221;1\/5&#8243;]\n\t\t\t\t\t<a\n\t\t\t\thref=\"https:\/\/esffranco.edu.pt\/web\/files\/horarios\/11_08.pdf\"\n\t\t\t\tclass=\"wh-theme-icon  scp_theme_icon-c829dbcf1f4690a822c3b38445c774f8\"\n\t\t\t\t\t\t\t\t\t\t\t\t\ttarget=\"_blank\"\n\t\t\t\t\t\t\t\t><i class=\"icon-edic_picture_as_pdf\"><\/i><\/a>\n\t\t\t\t[vc_custom_heading text=&#8221;Turma 11 08&#8243; font_container=&#8221;tag:p|text_align:left&#8221; use_theme_fonts=&#8221;yes&#8221; css=&#8221;.vc_custom_1665250430437{margin-top: -37px !important;margin-left: 45px !important;}&#8221; link=&#8221;url:https%3A%2F%2Fesffranco.edu.pt%2Fweb%2Ffiles%2Fhorarios%2F11_08.pdf|target:_blank&#8221;][\/vc_column_inner][vc_column_inner width=&#8221;1\/5&#8243;]\n\t\t\t\t\t<a\n\t\t\t\thref=\"https:\/\/esffranco.edu.pt\/web\/files\/horarios\/11_09.pdf\"\n\t\t\t\tclass=\"wh-theme-icon  scp_theme_icon-beea2a924d6947b67c8fe71ddc2a5539\"\n\t\t\t\t\t\t\t\t\t\t\t\t\ttarget=\"_blank\"\n\t\t\t\t\t\t\t\t><i class=\"icon-edic_picture_as_pdf\"><\/i><\/a>\n\t\t\t\t[vc_custom_heading text=&#8221;Turma 11 09&#8243; font_container=&#8221;tag:p|text_align:left&#8221; use_theme_fonts=&#8221;yes&#8221; css=&#8221;.vc_custom_1665250465661{margin-top: -37px !important;margin-left: 45px !important;}&#8221; link=&#8221;url:https%3A%2F%2Fesffranco.edu.pt%2Fweb%2Ffiles%2Fhorarios%2F11_09.pdf|target:_blank&#8221;][\/vc_column_inner][vc_column_inner width=&#8221;1\/5&#8243;]\n\t\t\t\t\t<a\n\t\t\t\thref=\"https:\/\/esffranco.edu.pt\/web\/files\/horarios\/11_10.pdf\"\n\t\t\t\tclass=\"wh-theme-icon  scp_theme_icon-03b1839117939426879fb8b29a2a21a9\"\n\t\t\t\t\t\t\t\t\t\t\t\t\ttarget=\"_blank\"\n\t\t\t\t\t\t\t\t><i class=\"icon-edic_picture_as_pdf\"><\/i><\/a>\n\t\t\t\t[vc_custom_heading text=&#8221;Turma 11 10&#8243; font_container=&#8221;tag:p|text_align:left&#8221; use_theme_fonts=&#8221;yes&#8221; css=&#8221;.vc_custom_1665250498272{margin-top: -37px !important;margin-left: 45px !important;}&#8221; link=&#8221;url:https%3A%2F%2Fesffranco.edu.pt%2Fweb%2Ffiles%2Fhorarios%2F11_10.pdf|target:_blank&#8221;][\/vc_column_inner][\/vc_row_inner][vc_row_inner][vc_column_inner width=&#8221;1\/5&#8243;]\n\t\t\t\t\t<a\n\t\t\t\thref=\"https:\/\/esffranco.edu.pt\/web\/files\/horarios\/11_11.pdf\"\n\t\t\t\tclass=\"wh-theme-icon  scp_theme_icon-25c58f489bd89c90f6639228dac82b77\"\n\t\t\t\t\t\t\t\t\t\t\t\t\ttarget=\"_blank\"\n\t\t\t\t\t\t\t\t><i class=\"icon-edic_picture_as_pdf\"><\/i><\/a>\n\t\t\t\t[vc_custom_heading text=&#8221;Turma 11 11&#8243; font_container=&#8221;tag:p|text_align:left&#8221; use_theme_fonts=&#8221;yes&#8221; css=&#8221;.vc_custom_1665250545257{margin-top: -37px !important;margin-left: 45px !important;}&#8221; link=&#8221;url:https%3A%2F%2Fesffranco.edu.pt%2Fweb%2Ffiles%2Fhorarios%2F11_11.pdf|target:_blank&#8221;][\/vc_column_inner][vc_column_inner width=&#8221;1\/5&#8243;][\/vc_column_inner][vc_column_inner width=&#8221;1\/5&#8243;][\/vc_column_inner][vc_column_inner width=&#8221;1\/5&#8243;][\/vc_column_inner][vc_column_inner width=&#8221;1\/5&#8243;][\/vc_column_inner][\/vc_row_inner][\/vc_tta_section][vc_tta_section title=&#8221;Artes Visuais&#8221; tab_id=&#8221;av11&#8243;][vc_row_inner][vc_column_inner width=&#8221;1\/5&#8243;]\n\t\t\t\t\t<a\n\t\t\t\thref=\"https:\/\/esffranco.edu.pt\/web\/files\/horarios\/11_14.pdf\"\n\t\t\t\tclass=\"wh-theme-icon  scp_theme_icon-7c15bd5281ee545c7b02c3cc350ccd25\"\n\t\t\t\t\t\t\t\t\t\t\t\t\ttarget=\"_blank\"\n\t\t\t\t\t\t\t\t><i class=\"icon-edic_picture_as_pdf\"><\/i><\/a>\n\t\t\t\t[vc_custom_heading text=&#8221;Turma 11 12&#8243; font_container=&#8221;tag:p|text_align:left&#8221; use_theme_fonts=&#8221;yes&#8221; css=&#8221;.vc_custom_1665250745112{margin-top: -37px !important;margin-left: 45px !important;}&#8221; link=&#8221;url:https%3A%2F%2Fesffranco.edu.pt%2Fweb%2Ffiles%2Fhorarios%2F11_12.pdf|target:_blank&#8221;][\/vc_column_inner][vc_column_inner width=&#8221;1\/5&#8243;]\n\t\t\t\t\t<a\n\t\t\t\thref=\"https:\/\/esffranco.edu.pt\/web\/files\/horarios\/11_14.pdf\"\n\t\t\t\tclass=\"wh-theme-icon  scp_theme_icon-7c15bd5281ee545c7b02c3cc350ccd25\"\n\t\t\t\t\t\t\t\t\t\t\t\t\ttarget=\"_blank\"\n\t\t\t\t\t\t\t\t><i class=\"icon-edic_picture_as_pdf\"><\/i><\/a>\n\t\t\t\t[vc_custom_heading text=&#8221;Turma 11 13&#8243; font_container=&#8221;tag:p|text_align:left&#8221; use_theme_fonts=&#8221;yes&#8221; css=&#8221;.vc_custom_1722441219256{margin-top: -37px !important;margin-left: 45px !important;}&#8221; link=&#8221;url:https%3A%2F%2Fesffranco.edu.pt%2Fweb%2Ffiles%2Fhorarios%2F11_13.pdf|target:_blank&#8221;][\/vc_column_inner][vc_column_inner width=&#8221;1\/5&#8243;]\n\t\t\t\t\t<a\n\t\t\t\thref=\"https:\/\/esffranco.edu.pt\/web\/files\/horarios\/11_15.pdf\"\n\t\t\t\tclass=\"wh-theme-icon  scp_theme_icon-be9fff10e509064ab24bc010d8a111d7\"\n\t\t\t\t\t\t\t\t\t\t\t\t\ttarget=\"_blank\"\n\t\t\t\t\t\t\t\t><i class=\"icon-edic_picture_as_pdf\"><\/i><\/a>\n\t\t\t\t[vc_custom_heading text=&#8221;Turma 11 14&#8243; font_container=&#8221;tag:p|text_align:left&#8221; use_theme_fonts=&#8221;yes&#8221; css=&#8221;.vc_custom_1665250852511{margin-top: -37px !important;margin-left: 45px !important;}&#8221; link=&#8221;url:https%3A%2F%2Fesffranco.edu.pt%2Fweb%2Ffiles%2Fhorarios%2F11_14.pdf|target:_blank&#8221;][\/vc_column_inner][vc_column_inner width=&#8221;1\/5&#8243;][\/vc_column_inner][vc_column_inner width=&#8221;1\/5&#8243;][\/vc_column_inner][\/vc_row_inner][\/vc_tta_section][vc_tta_section title=&#8221;Ci\u00eancias Socioecon\u00f3micas&#8221; tab_id=&#8221;cs11&#8243;][vc_row_inner][vc_column_inner width=&#8221;1\/5&#8243;]\n\t\t\t\t\t<a\n\t\t\t\thref=\"https:\/\/esffranco.edu.pt\/web\/files\/horarios\/11_17.pdf\"\n\t\t\t\tclass=\"wh-theme-icon  scp_theme_icon-ba1600a3b4de4536de442c330ccfafb9\"\n\t\t\t\t\t\t\t\t\t\t\t\t\ttarget=\"_blank\"\n\t\t\t\t\t\t\t\t><i class=\"icon-edic_picture_as_pdf\"><\/i><\/a>\n\t\t\t\t[vc_custom_heading text=&#8221;Turma 11 15&#8243; font_container=&#8221;tag:p|text_align:left&#8221; use_theme_fonts=&#8221;yes&#8221; css=&#8221;.vc_custom_1665250985047{margin-top: -37px !important;margin-left: 45px !important;}&#8221; link=&#8221;url:https%3A%2F%2Fesffranco.edu.pt%2Fweb%2Ffiles%2Fhorarios%2F11_15.pdf|target:_blank&#8221;][\/vc_column_inner][vc_column_inner width=&#8221;1\/5&#8243;]\n\t\t\t\t\t<a\n\t\t\t\thref=\"https:\/\/esffranco.edu.pt\/web\/files\/horarios\/11_19.pdf\"\n\t\t\t\tclass=\"wh-theme-icon  scp_theme_icon-5d47d11e148944c146da594b157362a8\"\n\t\t\t\t\t\t\t\t\t\t\t\t\ttarget=\"_blank\"\n\t\t\t\t\t\t\t\t><i class=\"icon-edic_picture_as_pdf\"><\/i><\/a>\n\t\t\t\t[vc_custom_heading text=&#8221;Turma 11 16&#8243; font_container=&#8221;tag:p|text_align:left&#8221; use_theme_fonts=&#8221;yes&#8221; css=&#8221;.vc_custom_1665251017531{margin-top: -37px !important;margin-left: 45px !important;}&#8221; link=&#8221;url:https%3A%2F%2Fesffranco.edu.pt%2Fweb%2Ffiles%2Fhorarios%2F11_16.pdf|target:_blank&#8221;][\/vc_column_inner][vc_column_inner width=&#8221;1\/5&#8243;]\n\t\t\t\t\t<a\n\t\t\t\thref=\"https:\/\/esffranco.edu.pt\/web\/files\/horarios\/11_18.pdf\"\n\t\t\t\tclass=\"wh-theme-icon  scp_theme_icon-a748b973df413fea78da767cb2ff5942\"\n\t\t\t\t\t\t\t\t\t\t\t\t\ttarget=\"_blank\"\n\t\t\t\t\t\t\t\t><i class=\"icon-edic_picture_as_pdf\"><\/i><\/a>\n\t\t\t\t[vc_custom_heading text=&#8221;Turma 11 17&#8243; font_container=&#8221;tag:p|text_align:left&#8221; use_theme_fonts=&#8221;yes&#8221; css=&#8221;.vc_custom_1722441350721{margin-top: -37px !important;margin-left: 45px !important;}&#8221; link=&#8221;url:https%3A%2F%2Fesffranco.edu.pt%2Fweb%2Ffiles%2Fhorarios%2F11_17.pdf|target:_blank&#8221;][\/vc_column_inner][vc_column_inner width=&#8221;1\/5&#8243;]\n\t\t\t\t\t<a\n\t\t\t\thref=\"https:\/\/esffranco.edu.pt\/web\/files\/horarios\/11_20.pdf\"\n\t\t\t\tclass=\"wh-theme-icon  scp_theme_icon-6dbe1d0880d1dea19146532711fe1fbf\"\n\t\t\t\t\t\t\t\t\t\t\t\t\ttarget=\"_blank\"\n\t\t\t\t\t\t\t\t><i class=\"icon-edic_picture_as_pdf\"><\/i><\/a>\n\t\t\t\t[vc_custom_heading text=&#8221;Turma 11 18&#8243; font_container=&#8221;tag:p|text_align:left&#8221; use_theme_fonts=&#8221;yes&#8221; css=&#8221;.vc_custom_1665251567821{margin-top: -37px !important;margin-left: 45px !important;}&#8221; link=&#8221;url:https%3A%2F%2Fesffranco.edu.pt%2Fweb%2Ffiles%2Fhorarios%2F11_18.pdf|target:_blank&#8221;][\/vc_column_inner][vc_column_inner width=&#8221;1\/5&#8243;][\/vc_column_inner][\/vc_row_inner][\/vc_tta_section][vc_tta_section title=&#8221;L\u00ednguas e Humanidades&#8221; tab_id=&#8221;lh11&#8243;][vc_row_inner][vc_column_inner width=&#8221;1\/5&#8243;]\n\t\t\t\t\t<a\n\t\t\t\thref=\"https:\/\/esffranco.edu.pt\/web\/files\/horarios\/11_21.pdf\"\n\t\t\t\tclass=\"wh-theme-icon  scp_theme_icon-3690abb824a61ff7abae5f1ac360093a\"\n\t\t\t\t\t\t\t\t\t\t\t\t\ttarget=\"_blank\"\n\t\t\t\t\t\t\t\t><i class=\"icon-edic_picture_as_pdf\"><\/i><\/a>\n\t\t\t\t[vc_custom_heading text=&#8221;Turma 11 19&#8243; font_container=&#8221;tag:p|text_align:left&#8221; use_theme_fonts=&#8221;yes&#8221; css=&#8221;.vc_custom_1665251602263{margin-top: -37px !important;margin-left: 45px !important;}&#8221; link=&#8221;url:https%3A%2F%2Fesffranco.edu.pt%2Fweb%2Ffiles%2Fhorarios%2F11_19.pdf|target:_blank&#8221;][\/vc_column_inner][vc_column_inner width=&#8221;1\/5&#8243;]\n\t\t\t\t\t<a\n\t\t\t\thref=\"https:\/\/esffranco.edu.pt\/web\/files\/horarios\/11_22.pdf\"\n\t\t\t\tclass=\"wh-theme-icon  scp_theme_icon-c433f16b992c091214cfca635b6fb88e\"\n\t\t\t\t\t\t\t\t\t\t\t\t\ttarget=\"_blank\"\n\t\t\t\t\t\t\t\t><i class=\"icon-edic_picture_as_pdf\"><\/i><\/a>\n\t\t\t\t[vc_custom_heading text=&#8221;Turma 11 20&#8243; font_container=&#8221;tag:p|text_align:left&#8221; use_theme_fonts=&#8221;yes&#8221; css=&#8221;.vc_custom_1665251647906{margin-top: -37px !important;margin-left: 45px !important;}&#8221; link=&#8221;url:https%3A%2F%2Fesffranco.edu.pt%2Fweb%2Ffiles%2Fhorarios%2F11_20.pdf|target:_blank&#8221;][\/vc_column_inner][vc_column_inner width=&#8221;1\/5&#8243;]\n\t\t\t\t\t<a\n\t\t\t\thref=\"https:\/\/esffranco.edu.pt\/web\/files\/horarios\/11_23.pdf\"\n\t\t\t\tclass=\"wh-theme-icon  scp_theme_icon-7216ca0567d6c2f3b24b3950aa707281\"\n\t\t\t\t\t\t\t\t\t\t\t\t\ttarget=\"_blank\"\n\t\t\t\t\t\t\t\t><i class=\"icon-edic_picture_as_pdf\"><\/i><\/a>\n\t\t\t\t[vc_custom_heading text=&#8221;Turma 11 21&#8243; font_container=&#8221;tag:p|text_align:left&#8221; use_theme_fonts=&#8221;yes&#8221; css=&#8221;.vc_custom_1722441436633{margin-top: -37px !important;margin-left: 45px !important;}&#8221; link=&#8221;url:https%3A%2F%2Fesffranco.edu.pt%2Fweb%2Ffiles%2Fhorarios%2F11_21.pdf|target:_blank&#8221;][\/vc_column_inner][vc_column_inner width=&#8221;1\/5&#8243;]\n\t\t\t\t\t<a\n\t\t\t\thref=\"https:\/\/esffranco.edu.pt\/web\/files\/horarios\/11_24.pdf\"\n\t\t\t\tclass=\"wh-theme-icon  scp_theme_icon-05d9347855b983cdacf92429c2ae42ab\"\n\t\t\t\t\t\t\t\t\t\t\t\t\ttarget=\"_blank\"\n\t\t\t\t\t\t\t\t><i class=\"icon-edic_picture_as_pdf\"><\/i><\/a>\n\t\t\t\t[vc_custom_heading text=&#8221;Turma 11 22&#8243; font_container=&#8221;tag:p|text_align:left&#8221; use_theme_fonts=&#8221;yes&#8221; css=&#8221;.vc_custom_1665251834830{margin-top: -37px !important;margin-left: 45px !important;}&#8221; link=&#8221;url:https%3A%2F%2Fesffranco.edu.pt%2Fweb%2Ffiles%2Fhorarios%2F11_22.pdf|target:_blank&#8221;][\/vc_column_inner][vc_column_inner width=&#8221;1\/5&#8243;]\n\t\t\t\t\t<a\n\t\t\t\thref=\"https:\/\/esffranco.edu.pt\/web\/files\/horarios\/11_25.pdf\"\n\t\t\t\tclass=\"wh-theme-icon  scp_theme_icon-11edf64cd307cb6966f9ed81d89b09dd\"\n\t\t\t\t\t\t\t\t\t\t\t\t\ttarget=\"_blank\"\n\t\t\t\t\t\t\t\t><i class=\"icon-edic_picture_as_pdf\"><\/i><\/a>\n\t\t\t\t[vc_custom_heading text=&#8221;Turma 11 23&#8243; font_container=&#8221;tag:p|text_align:left&#8221; use_theme_fonts=&#8221;yes&#8221; css=&#8221;.vc_custom_1665251859825{margin-top: -37px !important;margin-left: 45px !important;}&#8221; link=&#8221;url:https%3A%2F%2Fesffranco.edu.pt%2Fweb%2Ffiles%2Fhorarios%2F11_23.pdf|target:_blank&#8221;][\/vc_column_inner][\/vc_row_inner][vc_row_inner][vc_column_inner width=&#8221;1\/5&#8243;]\n\t\t\t\t\t<a\n\t\t\t\thref=\"https:\/\/esffranco.edu.pt\/web\/files\/horarios\/11_21.pdf\"\n\t\t\t\tclass=\"wh-theme-icon  scp_theme_icon-3690abb824a61ff7abae5f1ac360093a\"\n\t\t\t\t\t\t\t\t\t\t\t\t\ttarget=\"_blank\"\n\t\t\t\t\t\t\t\t><i class=\"icon-edic_picture_as_pdf\"><\/i><\/a>\n\t\t\t\t[vc_custom_heading text=&#8221;Turma 11 24&#8243; font_container=&#8221;tag:p|text_align:left&#8221; use_theme_fonts=&#8221;yes&#8221; css=&#8221;.vc_custom_1665251885999{margin-top: -37px !important;margin-left: 45px !important;}&#8221; link=&#8221;url:https%3A%2F%2Fesffranco.edu.pt%2Fweb%2Ffiles%2Fhorarios%2F11_24.pdf|target:_blank&#8221;][\/vc_column_inner][vc_column_inner width=&#8221;1\/5&#8243;][\/vc_column_inner][vc_column_inner width=&#8221;1\/5&#8243;][\/vc_column_inner][vc_column_inner width=&#8221;1\/5&#8243;][\/vc_column_inner][vc_column_inner width=&#8221;1\/5&#8243;][\/vc_column_inner][\/vc_row_inner][\/vc_tta_section][\/vc_tta_accordion][\/vc_column][\/vc_row][vc_row][vc_column css=&#8221;.vc_custom_1665311480275{padding-top: 5px !important;}&#8221;][vc_custom_heading text=&#8221;Cursos Cient\u00edficos human\u00edsticos &#8211; 12.\u00ba Ano&#8221; font_container=&#8221;tag:h2|text_align:center&#8221; use_theme_fonts=&#8221;yes&#8221;][vc_separator css_animation=&#8221;fadeInLeft&#8221; css=&#8221;.vc_custom_1642879361088{background-color: #1e73be !important;}&#8221;][\/vc_column][\/vc_row][vc_row][vc_column][vc_tta_accordion active_section=&#8221;99&#8243; collapsible_all=&#8221;true&#8221;][vc_tta_section title=&#8221;Ci\u00eancias e Tecnologias&#8221; tab_id=&#8221;ct12&#8243;][vc_row_inner][vc_column_inner width=&#8221;1\/5&#8243;]\n\t\t\t\t\t<a\n\t\t\t\thref=\"https:\/\/esffranco.edu.pt\/web\/files\/horarios\/12_01.pdf\"\n\t\t\t\tclass=\"wh-theme-icon  scp_theme_icon-7d6edc47d4b84a98f8c0401aa3577335\"\n\t\t\t\t\t\t\t\t\t\t\t\t\ttarget=\"_blank\"\n\t\t\t\t\t\t\t\t><i class=\"icon-edic_picture_as_pdf\"><\/i><\/a>\n\t\t\t\t[vc_custom_heading text=&#8221;Turma 12 01&#8243; font_container=&#8221;tag:p|text_align:left&#8221; use_theme_fonts=&#8221;yes&#8221; css=&#8221;.vc_custom_1665252620003{margin-top: -37px !important;margin-left: 45px !important;}&#8221; link=&#8221;url:https%3A%2F%2Fesffranco.edu.pt%2Fweb%2Ffiles%2Fhorarios%2F12_01.pdf|target:_blank&#8221;][\/vc_column_inner][vc_column_inner width=&#8221;1\/5&#8243;]\n\t\t\t\t\t<a\n\t\t\t\thref=\"https:\/\/esffranco.edu.pt\/web\/files\/horarios\/12_02.pdf\"\n\t\t\t\tclass=\"wh-theme-icon  scp_theme_icon-a6a9445edfc052af211c2e2cd4698131\"\n\t\t\t\t\t\t\t\t\t\t\t\t\ttarget=\"_blank\"\n\t\t\t\t\t\t\t\t><i class=\"icon-edic_picture_as_pdf\"><\/i><\/a>\n\t\t\t\t[vc_custom_heading text=&#8221;Turma 12 02&#8243; font_container=&#8221;tag:p|text_align:left&#8221; use_theme_fonts=&#8221;yes&#8221; css=&#8221;.vc_custom_1665252642949{margin-top: -37px !important;margin-left: 45px !important;}&#8221; link=&#8221;url:https%3A%2F%2Fesffranco.edu.pt%2Fweb%2Ffiles%2Fhorarios%2F12_02.pdf|target:_blank&#8221;][\/vc_column_inner][vc_column_inner width=&#8221;1\/5&#8243;]\n\t\t\t\t\t<a\n\t\t\t\thref=\"https:\/\/esffranco.edu.pt\/web\/files\/horarios\/12_03.pdf\"\n\t\t\t\tclass=\"wh-theme-icon  scp_theme_icon-1caabfc8b352f824a9bed24e1d854a0c\"\n\t\t\t\t\t\t\t\t\t\t\t\t\ttarget=\"_blank\"\n\t\t\t\t\t\t\t\t><i class=\"icon-edic_picture_as_pdf\"><\/i><\/a>\n\t\t\t\t[vc_custom_heading text=&#8221;Turma 12 03&#8243; font_container=&#8221;tag:p|text_align:left&#8221; use_theme_fonts=&#8221;yes&#8221; css=&#8221;.vc_custom_1665263081162{margin-top: -37px !important;margin-left: 45px !important;}&#8221; link=&#8221;url:https%3A%2F%2Fesffranco.edu.pt%2Fweb%2Ffiles%2Fhorarios%2F12_03.pdf|target:_blank&#8221;][\/vc_column_inner][vc_column_inner width=&#8221;1\/5&#8243;]\n\t\t\t\t\t<a\n\t\t\t\thref=\"https:\/\/esffranco.edu.pt\/web\/files\/horarios\/12_04.pdf\"\n\t\t\t\tclass=\"wh-theme-icon  scp_theme_icon-398a881bbb35aa4ed765efb2c02e58b4\"\n\t\t\t\t\t\t\t\t\t\t\t\t\ttarget=\"_blank\"\n\t\t\t\t\t\t\t\t><i class=\"icon-edic_picture_as_pdf\"><\/i><\/a>\n\t\t\t\t[vc_custom_heading text=&#8221;Turma 12 04&#8243; font_container=&#8221;tag:p|text_align:left&#8221; use_theme_fonts=&#8221;yes&#8221; css=&#8221;.vc_custom_1665263109678{margin-top: -37px !important;margin-left: 45px !important;}&#8221; link=&#8221;url:https%3A%2F%2Fesffranco.edu.pt%2Fweb%2Ffiles%2Fhorarios%2F12_04.pdf|target:_blank&#8221;][\/vc_column_inner][vc_column_inner width=&#8221;1\/5&#8243;]\n\t\t\t\t\t<a\n\t\t\t\thref=\"https:\/\/esffranco.edu.pt\/web\/files\/horarios\/12_05.pdf\"\n\t\t\t\tclass=\"wh-theme-icon  scp_theme_icon-f8e9af54e3b27d26542534fa4fcee69c\"\n\t\t\t\t\t\t\t\t\t\t\t\t\ttarget=\"_blank\"\n\t\t\t\t\t\t\t\t><i class=\"icon-edic_picture_as_pdf\"><\/i><\/a>\n\t\t\t\t[vc_custom_heading text=&#8221;Turma 12 05&#8243; font_container=&#8221;tag:p|text_align:left&#8221; use_theme_fonts=&#8221;yes&#8221; css=&#8221;.vc_custom_1665263148192{margin-top: -37px !important;margin-left: 45px !important;}&#8221; link=&#8221;url:https%3A%2F%2Fesffranco.edu.pt%2Fweb%2Ffiles%2Fhorarios%2F12_05.pdf|target:_blank&#8221;][\/vc_column_inner][\/vc_row_inner][vc_row_inner][vc_column_inner width=&#8221;1\/5&#8243;]\n\t\t\t\t\t<a\n\t\t\t\thref=\"https:\/\/esffranco.edu.pt\/web\/files\/horarios\/12_06.pdf\"\n\t\t\t\tclass=\"wh-theme-icon  scp_theme_icon-81300d512df395dde458e7d061a733c9\"\n\t\t\t\t\t\t\t\t\t\t\t\t\ttarget=\"_blank\"\n\t\t\t\t\t\t\t\t><i class=\"icon-edic_picture_as_pdf\"><\/i><\/a>\n\t\t\t\t[vc_custom_heading text=&#8221;Turma 12 06&#8243; font_container=&#8221;tag:p|text_align:left&#8221; use_theme_fonts=&#8221;yes&#8221; css=&#8221;.vc_custom_1694517044096{margin-top: -37px !important;margin-left: 45px !important;}&#8221; link=&#8221;url:https%3A%2F%2Fesffranco.edu.pt%2Fweb%2Ffiles%2Fhorarios%2F12_06.pdf|target:_blank&#8221;][\/vc_column_inner][vc_column_inner width=&#8221;1\/5&#8243;]\n\t\t\t\t\t<a\n\t\t\t\thref=\"https:\/\/esffranco.edu.pt\/web\/files\/horarios\/12_07.pdf\"\n\t\t\t\tclass=\"wh-theme-icon  scp_theme_icon-113c6a2bca0ba4ac5008f0f1868e1b62\"\n\t\t\t\t\t\t\t\t\t\t\t\t\ttarget=\"_blank\"\n\t\t\t\t\t\t\t\t><i class=\"icon-edic_picture_as_pdf\"><\/i><\/a>\n\t\t\t\t[vc_custom_heading text=&#8221;Turma 12 07&#8243; font_container=&#8221;tag:p|text_align:left&#8221; use_theme_fonts=&#8221;yes&#8221; css=&#8221;.vc_custom_1665263229852{margin-top: -37px !important;margin-left: 45px !important;}&#8221; link=&#8221;url:https%3A%2F%2Fesffranco.edu.pt%2Fweb%2Ffiles%2Fhorarios%2F12_07.pdf|target:_blank&#8221;][\/vc_column_inner][vc_column_inner width=&#8221;1\/5&#8243;]\n\t\t\t\t\t<a\n\t\t\t\thref=\"https:\/\/esffranco.edu.pt\/web\/files\/horarios\/12_08.pdf\"\n\t\t\t\tclass=\"wh-theme-icon  scp_theme_icon-d64636a82fa95e8203622dd6f222c329\"\n\t\t\t\t\t\t\t\t\t\t\t\t\ttarget=\"_blank\"\n\t\t\t\t\t\t\t\t><i class=\"icon-edic_picture_as_pdf\"><\/i><\/a>\n\t\t\t\t[vc_custom_heading text=&#8221;Turma 12 08&#8243; font_container=&#8221;tag:p|text_align:left&#8221; use_theme_fonts=&#8221;yes&#8221; css=&#8221;.vc_custom_1756830934272{margin-top: -37px !important;margin-left: 45px !important;}&#8221; link=&#8221;url:https%3A%2F%2Fesffranco.edu.pt%2Fweb%2Ffiles%2Fhorarios%2F12_08.pdf|target:_blank&#8221;][\/vc_column_inner][vc_column_inner width=&#8221;1\/5&#8243;]\n\t\t\t\t\t<a\n\t\t\t\thref=\"https:\/\/esffranco.edu.pt\/web\/files\/horarios\/12_09.pdf\"\n\t\t\t\tclass=\"wh-theme-icon  scp_theme_icon-30165228e00ee0e3c12717a7569ccdc2\"\n\t\t\t\t\t\t\t\t\t\t\t\t\ttarget=\"_blank\"\n\t\t\t\t\t\t\t\t><i class=\"icon-edic_picture_as_pdf\"><\/i><\/a>\n\t\t\t\t[vc_custom_heading text=&#8221;Turma 12 09&#8243; font_container=&#8221;tag:p|text_align:left&#8221; use_theme_fonts=&#8221;yes&#8221; css=&#8221;.vc_custom_1665263282188{margin-top: -37px !important;margin-left: 45px !important;}&#8221; link=&#8221;url:https%3A%2F%2Fesffranco.edu.pt%2Fweb%2Ffiles%2Fhorarios%2F12_09.pdf|target:_blank&#8221;][\/vc_column_inner][vc_column_inner width=&#8221;1\/5&#8243;]\n\t\t\t\t\t<a\n\t\t\t\thref=\"https:\/\/esffranco.edu.pt\/web\/files\/horarios\/12_10.pdf\"\n\t\t\t\tclass=\"wh-theme-icon  scp_theme_icon-6b84c87fb9ef2e7a8388df6deb03718a\"\n\t\t\t\t\t\t\t\t\t\t\t\t\ttarget=\"_blank\"\n\t\t\t\t\t\t\t\t><i class=\"icon-edic_picture_as_pdf\"><\/i><\/a>\n\t\t\t\t[vc_custom_heading text=&#8221;Turma 12 10&#8243; font_container=&#8221;tag:p|text_align:left&#8221; use_theme_fonts=&#8221;yes&#8221; css=&#8221;.vc_custom_1665263354975{margin-top: -37px !important;margin-left: 45px !important;}&#8221; link=&#8221;url:https%3A%2F%2Fesffranco.edu.pt%2Fweb%2Ffiles%2Fhorarios%2F12_10.pdf|target:_blank&#8221;][\/vc_column_inner][\/vc_row_inner][vc_row_inner][vc_column_inner width=&#8221;1\/5&#8243;]\n\t\t\t\t\t<a\n\t\t\t\thref=\"https:\/\/esffranco.edu.pt\/web\/files\/horarios\/12_06.pdf\"\n\t\t\t\tclass=\"wh-theme-icon  scp_theme_icon-81300d512df395dde458e7d061a733c9\"\n\t\t\t\t\t\t\t\t\t\t\t\t\ttarget=\"_blank\"\n\t\t\t\t\t\t\t\t><i class=\"icon-edic_picture_as_pdf\"><\/i><\/a>\n\t\t\t\t[vc_custom_heading text=&#8221;Turma 12 11&#8243; font_container=&#8221;tag:p|text_align:left&#8221; use_theme_fonts=&#8221;yes&#8221; css=&#8221;.vc_custom_1665263434705{margin-top: -37px !important;margin-left: 45px !important;}&#8221; link=&#8221;url:https%3A%2F%2Fesffranco.edu.pt%2Fweb%2Ffiles%2Fhorarios%2F12_11.pdf|target:_blank&#8221;][\/vc_column_inner][vc_column_inner width=&#8221;1\/5&#8243;]\n\t\t\t\t\t<a\n\t\t\t\thref=\"https:\/\/esffranco.edu.pt\/web\/files\/horarios\/12_07.pdf\"\n\t\t\t\tclass=\"wh-theme-icon  scp_theme_icon-113c6a2bca0ba4ac5008f0f1868e1b62\"\n\t\t\t\t\t\t\t\t\t\t\t\t\ttarget=\"_blank\"\n\t\t\t\t\t\t\t\t><i class=\"icon-edic_picture_as_pdf\"><\/i><\/a>\n\t\t\t\t[vc_custom_heading text=&#8221;Turma 12 12&#8243; font_container=&#8221;tag:p|text_align:left&#8221; use_theme_fonts=&#8221;yes&#8221; css=&#8221;.vc_custom_1665263518277{margin-top: -37px !important;margin-left: 45px !important;}&#8221; link=&#8221;url:https%3A%2F%2Fesffranco.edu.pt%2Fweb%2Ffiles%2Fhorarios%2F12_12.pdf|target:_blank&#8221;][\/vc_column_inner][vc_column_inner width=&#8221;1\/5&#8243;][\/vc_column_inner][vc_column_inner width=&#8221;1\/5&#8243;][\/vc_column_inner][vc_column_inner width=&#8221;1\/5&#8243;][\/vc_column_inner][\/vc_row_inner][\/vc_tta_section][vc_tta_section title=&#8221;Artes Visuais&#8221; tab_id=&#8221;av12&#8243;][vc_row_inner][vc_column_inner width=&#8221;1\/5&#8243;]\n\t\t\t\t\t<a\n\t\t\t\thref=\"https:\/\/esffranco.edu.pt\/web\/files\/horarios\/12_11.pdf\"\n\t\t\t\tclass=\"wh-theme-icon  scp_theme_icon-7b2a3faba2a5879f337d62e1ab8faee1\"\n\t\t\t\t\t\t\t\t\t\t\t\t\ttarget=\"_blank\"\n\t\t\t\t\t\t\t\t><i class=\"icon-edic_picture_as_pdf\"><\/i><\/a>\n\t\t\t\t[vc_custom_heading text=&#8221;Turma 12 13&#8243; font_container=&#8221;tag:p|text_align:left&#8221; use_theme_fonts=&#8221;yes&#8221; css=&#8221;.vc_custom_1665263803126{margin-top: -37px !important;margin-left: 45px !important;}&#8221; link=&#8221;url:https%3A%2F%2Fesffranco.edu.pt%2Fweb%2Ffiles%2Fhorarios%2F12_13.pdf|target:_blank&#8221;][\/vc_column_inner][vc_column_inner width=&#8221;1\/5&#8243;]\n\t\t\t\t\t<a\n\t\t\t\thref=\"https:\/\/esffranco.edu.pt\/web\/files\/horarios\/12_08.pdf\"\n\t\t\t\tclass=\"wh-theme-icon  scp_theme_icon-d64636a82fa95e8203622dd6f222c329\"\n\t\t\t\t\t\t\t\t\t\t\t\t\ttarget=\"_blank\"\n\t\t\t\t\t\t\t\t><i class=\"icon-edic_picture_as_pdf\"><\/i><\/a>\n\t\t\t\t[vc_custom_heading text=&#8221;Turma 12 14&#8243; font_container=&#8221;tag:p|text_align:left&#8221; use_theme_fonts=&#8221;yes&#8221; css=&#8221;.vc_custom_1722441873303{margin-top: -37px !important;margin-left: 45px !important;}&#8221; link=&#8221;url:https%3A%2F%2Fesffranco.edu.pt%2Fweb%2Ffiles%2Fhorarios%2F12_14.pdf|target:_blank&#8221;][\/vc_column_inner][vc_column_inner width=&#8221;1\/5&#8243;]\n\t\t\t\t\t<a\n\t\t\t\thref=\"https:\/\/esffranco.edu.pt\/web\/files\/horarios\/12_13.pdf\"\n\t\t\t\tclass=\"wh-theme-icon  scp_theme_icon-a6d0fa88f40f1aeea8baab6ab384d5a9\"\n\t\t\t\t\t\t\t\t\t\t\t\t\ttarget=\"_blank\"\n\t\t\t\t\t\t\t\t><i class=\"icon-edic_picture_as_pdf\"><\/i><\/a>\n\t\t\t\t[vc_custom_heading text=&#8221;Turma 12 15&#8243; font_container=&#8221;tag:p|text_align:left&#8221; use_theme_fonts=&#8221;yes&#8221; css=&#8221;.vc_custom_1665263859152{margin-top: -37px !important;margin-left: 45px !important;}&#8221; link=&#8221;url:https%3A%2F%2Fesffranco.edu.pt%2Fweb%2Ffiles%2Fhorarios%2F12_15.pdf|target:_blank&#8221;][\/vc_column_inner][vc_column_inner width=&#8221;1\/5&#8243;][\/vc_column_inner][vc_column_inner width=&#8221;1\/5&#8243;][\/vc_column_inner][\/vc_row_inner][\/vc_tta_section][vc_tta_section title=&#8221;Ci\u00eancias Socioecon\u00f3micas&#8221; tab_id=&#8221;cs12&#8243;][vc_row_inner][vc_column_inner width=&#8221;1\/5&#8243;]\n\t\t\t\t\t<a\n\t\t\t\thref=\"https:\/\/esffranco.edu.pt\/web\/files\/horarios\/12_15.pdf\"\n\t\t\t\tclass=\"wh-theme-icon  scp_theme_icon-11ee7d7197b29b1bd4d04203b64e6af4\"\n\t\t\t\t\t\t\t\t\t\t\t\t\ttarget=\"_blank\"\n\t\t\t\t\t\t\t\t><i class=\"icon-edic_picture_as_pdf\"><\/i><\/a>\n\t\t\t\t[vc_custom_heading text=&#8221;Turma 12 16&#8243; font_container=&#8221;tag:p|text_align:left&#8221; use_theme_fonts=&#8221;yes&#8221; css=&#8221;.vc_custom_1665263890572{margin-top: -37px !important;margin-left: 45px !important;}&#8221; link=&#8221;url:https%3A%2F%2Fesffranco.edu.pt%2Fweb%2Ffiles%2Fhorarios%2F12_16.pdf|target:_blank&#8221;][\/vc_column_inner][vc_column_inner width=&#8221;1\/5&#8243;]\n\t\t\t\t\t<a\n\t\t\t\thref=\"https:\/\/esffranco.edu.pt\/web\/files\/horarios\/12_16.pdf\"\n\t\t\t\tclass=\"wh-theme-icon  scp_theme_icon-39b4fcf5a5693fb6861e847513b21c69\"\n\t\t\t\t\t\t\t\t\t\t\t\t\ttarget=\"_blank\"\n\t\t\t\t\t\t\t\t><i class=\"icon-edic_picture_as_pdf\"><\/i><\/a>\n\t\t\t\t[vc_custom_heading text=&#8221;Turma 12 17&#8243; font_container=&#8221;tag:p|text_align:left&#8221; use_theme_fonts=&#8221;yes&#8221; css=&#8221;.vc_custom_1665263930124{margin-top: -37px !important;margin-left: 45px !important;}&#8221; link=&#8221;url:https%3A%2F%2Fesffranco.edu.pt%2Fweb%2Ffiles%2Fhorarios%2F12_17.pdf|target:_blank&#8221;][\/vc_column_inner][vc_column_inner width=&#8221;1\/5&#8243;]\n\t\t\t\t\t<a\n\t\t\t\thref=\"https:\/\/esffranco.edu.pt\/web\/files\/horarios\/12_17.pdf\"\n\t\t\t\tclass=\"wh-theme-icon  scp_theme_icon-41f94af57f4880dd66ef8598cacb708b\"\n\t\t\t\t\t\t\t\t\t\t\t\t\ttarget=\"_blank\"\n\t\t\t\t\t\t\t\t><i class=\"icon-edic_picture_as_pdf\"><\/i><\/a>\n\t\t\t\t[vc_custom_heading text=&#8221;Turma 12 18&#8243; font_container=&#8221;tag:p|text_align:left&#8221; use_theme_fonts=&#8221;yes&#8221; css=&#8221;.vc_custom_1665263958829{margin-top: -37px !important;margin-left: 45px !important;}&#8221; link=&#8221;url:https%3A%2F%2Fesffranco.edu.pt%2Fweb%2Ffiles%2Fhorarios%2F12_18.pdf|target:_blank&#8221;][\/vc_column_inner][vc_column_inner width=&#8221;1\/5&#8243;][\/vc_column_inner][vc_column_inner width=&#8221;1\/5&#8243;][\/vc_column_inner][\/vc_row_inner][\/vc_tta_section][vc_tta_section title=&#8221;L\u00ednguas e Humanidades&#8221; tab_id=&#8221;lh12&#8243;][vc_row_inner][vc_column_inner width=&#8221;1\/5&#8243;]\n\t\t\t\t\t<a\n\t\t\t\thref=\"https:\/\/esffranco.edu.pt\/web\/files\/horarios\/12_18.pdf\"\n\t\t\t\tclass=\"wh-theme-icon  scp_theme_icon-06a12f2589a730d30faa180830e0f029\"\n\t\t\t\t\t\t\t\t\t\t\t\t\ttarget=\"_blank\"\n\t\t\t\t\t\t\t\t><i class=\"icon-edic_picture_as_pdf\"><\/i><\/a>\n\t\t\t\t[vc_custom_heading text=&#8221;Turma 12 19&#8243; font_container=&#8221;tag:p|text_align:left&#8221; use_theme_fonts=&#8221;yes&#8221; css=&#8221;.vc_custom_1665263988126{margin-top: -37px !important;margin-left: 45px !important;}&#8221; link=&#8221;url:https%3A%2F%2Fesffranco.edu.pt%2Fweb%2Ffiles%2Fhorarios%2F12_19.pdf|target:_blank&#8221;][\/vc_column_inner][vc_column_inner width=&#8221;1\/5&#8243;]\n\t\t\t\t\t<a\n\t\t\t\thref=\"https:\/\/esffranco.edu.pt\/web\/files\/horarios\/12_19.pdf\"\n\t\t\t\tclass=\"wh-theme-icon  scp_theme_icon-9b2febed3956a558661b6d4abbfaa46e\"\n\t\t\t\t\t\t\t\t\t\t\t\t\ttarget=\"_blank\"\n\t\t\t\t\t\t\t\t><i class=\"icon-edic_picture_as_pdf\"><\/i><\/a>\n\t\t\t\t[vc_custom_heading text=&#8221;Turma 12 20&#8243; font_container=&#8221;tag:p|text_align:left&#8221; use_theme_fonts=&#8221;yes&#8221; css=&#8221;.vc_custom_1665264017767{margin-top: -37px !important;margin-left: 45px !important;}&#8221; link=&#8221;url:https%3A%2F%2Fesffranco.edu.pt%2Fweb%2Ffiles%2Fhorarios%2F12_20.pdf|target:_blank&#8221;][\/vc_column_inner][vc_column_inner width=&#8221;1\/5&#8243;]\n\t\t\t\t\t<a\n\t\t\t\thref=\"https:\/\/esffranco.edu.pt\/web\/files\/horarios\/12_20.pdf\"\n\t\t\t\tclass=\"wh-theme-icon  scp_theme_icon-f692f840f09cb7eb198fa202e94ecd0c\"\n\t\t\t\t\t\t\t\t\t\t\t\t\ttarget=\"_blank\"\n\t\t\t\t\t\t\t\t><i class=\"icon-edic_picture_as_pdf\"><\/i><\/a>\n\t\t\t\t[vc_custom_heading text=&#8221;Turma 12 21&#8243; font_container=&#8221;tag:p|text_align:left&#8221; use_theme_fonts=&#8221;yes&#8221; css=&#8221;.vc_custom_1694356918414{margin-top: -37px !important;margin-left: 45px !important;}&#8221; link=&#8221;url:https%3A%2F%2Fesffranco.edu.pt%2Fweb%2Ffiles%2Fhorarios%2F12_21.pdf|target:_blank&#8221;][\/vc_column_inner][vc_column_inner width=&#8221;1\/5&#8243;]\n\t\t\t\t\t<a\n\t\t\t\thref=\"https:\/\/esffranco.edu.pt\/web\/files\/horarios\/12_21.pdf\"\n\t\t\t\tclass=\"wh-theme-icon  scp_theme_icon-6af57671a1c3d34f2952f5632911125e\"\n\t\t\t\t\t\t\t\t\t\t\t\t\ttarget=\"_blank\"\n\t\t\t\t\t\t\t\t><i class=\"icon-edic_picture_as_pdf\"><\/i><\/a>\n\t\t\t\t[vc_custom_heading text=&#8221;Turma 12 22&#8243; font_container=&#8221;tag:p|text_align:left&#8221; use_theme_fonts=&#8221;yes&#8221; css=&#8221;.vc_custom_1694356937729{margin-top: -37px !important;margin-left: 45px !important;}&#8221; link=&#8221;url:https%3A%2F%2Fesffranco.edu.pt%2Fweb%2Ffiles%2Fhorarios%2F12_22.pdf|target:_blank&#8221;][\/vc_column_inner][vc_column_inner width=&#8221;1\/5&#8243;][\/vc_column_inner][\/vc_row_inner][\/vc_tta_section][\/vc_tta_accordion][\/vc_column][\/vc_row][vc_row css=&#8221;.vc_custom_1665314002756{padding-top: 5px !important;}&#8221;][vc_column css=&#8221;.vc_custom_1665311495606{padding-top: 5px !important;}&#8221;][vc_custom_heading text=&#8221;Cursos Profissionais&#8221; font_container=&#8221;tag:h2|text_align:center&#8221; use_theme_fonts=&#8221;yes&#8221;][vc_separator color=&#8221;vista_blue&#8221; css_animation=&#8221;fadeInLeft&#8221; css=&#8221;.vc_custom_1665311884932{background-color: #1e73be !important;}&#8221;][\/vc_column][\/vc_row][vc_row][vc_column][vc_tta_accordion active_section=&#8221;99&#8243; collapsible_all=&#8221;true&#8221;][vc_tta_section title=&#8221;T\u00e9cnico Auxiliar de Sa\u00fade&#8221; tab_id=&#8221;tas&#8221;][vc_row_inner][vc_column_inner width=&#8221;1\/3&#8243;][vc_custom_heading text=&#8221;Ano 1&#8243; font_container=&#8221;tag:h4|text_align:left&#8221; use_theme_fonts=&#8221;yes&#8221;][\/vc_column_inner][vc_column_inner width=&#8221;1\/3&#8243;][vc_custom_heading text=&#8221;Ano 2&#8243; font_container=&#8221;tag:h4|text_align:left&#8221; use_theme_fonts=&#8221;yes&#8221;][\/vc_column_inner][vc_column_inner width=&#8221;1\/3&#8243;][vc_custom_heading text=&#8221;Ano 3&#8243; font_container=&#8221;tag:h4|text_align:left&#8221; use_theme_fonts=&#8221;yes&#8221;]\n\t\t\t\t\t<a\n\t\t\t\thref=\"https:\/\/esffranco.edu.pt\/web\/files\/horarios\/12_29.pdf\"\n\t\t\t\tclass=\"wh-theme-icon  scp_theme_icon-194a130ad7bdfbfa3043d1d0d85c063d\"\n\t\t\t\t\t\t\t\t\t\t\t\t\ttarget=\"_blank\"\n\t\t\t\t\t\t\t\t><i class=\"icon-edic_picture_as_pdf\"><\/i><\/a>\n\t\t\t\t[vc_custom_heading text=&#8221;Turma 12 23&#8243; font_container=&#8221;tag:p|text_align:left&#8221; use_theme_fonts=&#8221;yes&#8221; css=&#8221;.vc_custom_1757342277642{margin-top: -37px !important;margin-left: 45px !important;}&#8221; link=&#8221;url:https%3A%2F%2Fesffranco.edu.pt%2Fweb%2Ffiles%2Fhorarios%2F12_23.pdf|target:_blank&#8221;][\/vc_column_inner][\/vc_row_inner][\/vc_tta_section][vc_tta_section title=&#8221;T\u00e9cnico de Apoio \u00e0 Gest\u00e3o&#8221; tab_id=&#8221;tag&#8221;][vc_row_inner][vc_column_inner width=&#8221;1\/3&#8243;][vc_custom_heading text=&#8221;Ano 1&#8243; font_container=&#8221;tag:h4|text_align:left&#8221; use_theme_fonts=&#8221;yes&#8221;]\n\t\t\t\t\t<a\n\t\t\t\thref=\"https:\/\/esffranco.edu.pt\/web\/files\/horarios\/10_28.pdf\"\n\t\t\t\tclass=\"wh-theme-icon  scp_theme_icon-85a18bedd470f580c8de39d86d6e4f4c\"\n\t\t\t\t\t\t\t\t\t\t\t\t\ttarget=\"_blank\"\n\t\t\t\t\t\t\t\t><i class=\"icon-edic_picture_as_pdf\"><\/i><\/a>\n\t\t\t\t[vc_custom_heading text=&#8221;Turma 10 28&#8243; font_container=&#8221;tag:p|text_align:left&#8221; use_theme_fonts=&#8221;yes&#8221; css=&#8221;.vc_custom_1756831188431{margin-top: -37px !important;margin-left: 45px !important;}&#8221; link=&#8221;url:https%3A%2F%2Fesffranco.edu.pt%2Fweb%2Ffiles%2Fhorarios%2F10_28.pdf|target:_blank&#8221;][\/vc_column_inner][vc_column_inner width=&#8221;1\/3&#8243;][vc_custom_heading text=&#8221;Ano 2&#8243; font_container=&#8221;tag:h4|text_align:left&#8221; use_theme_fonts=&#8221;yes&#8221;]\n\t\t\t\t\t<a\n\t\t\t\thref=\"https:\/\/esffranco.edu.pt\/web\/files\/horarios\/11_27.pdf\"\n\t\t\t\tclass=\"wh-theme-icon  scp_theme_icon-18d4d3229ae1b4fdb0238f317c380eee\"\n\t\t\t\t\t\t\t\t\t\t\t\t\ttarget=\"_blank\"\n\t\t\t\t\t\t\t\t><i class=\"icon-edic_picture_as_pdf\"><\/i><\/a>\n\t\t\t\t[vc_custom_heading text=&#8221;Turma 11 25&#8243; font_container=&#8221;tag:p|text_align:left&#8221; use_theme_fonts=&#8221;yes&#8221; css=&#8221;.vc_custom_1665251912658{margin-top: -37px !important;margin-left: 45px !important;}&#8221; link=&#8221;url:https%3A%2F%2Fesffranco.edu.pt%2Fweb%2Ffiles%2Fhorarios%2F11_25.pdf|target:_blank&#8221;][\/vc_column_inner][vc_column_inner width=&#8221;1\/3&#8243;][vc_custom_heading text=&#8221;Ano 3&#8243; font_container=&#8221;tag:h4|text_align:left&#8221; use_theme_fonts=&#8221;yes&#8221;]\n\t\t\t\t\t<a\n\t\t\t\thref=\"https:\/\/esffranco.edu.pt\/web\/files\/horarios\/12_24.pdf\"\n\t\t\t\tclass=\"wh-theme-icon  scp_theme_icon-7e4de525342033d8b3f17cdf271ba058\"\n\t\t\t\t\t\t\t\t\t\t\t\t\ttarget=\"_blank\"\n\t\t\t\t\t\t\t\t><i class=\"icon-edic_picture_as_pdf\"><\/i><\/a>\n\t\t\t\t[vc_custom_heading text=&#8221;Turma 12 24&#8243; font_container=&#8221;tag:p|text_align:left&#8221; use_theme_fonts=&#8221;yes&#8221; css=&#8221;.vc_custom_1756831696563{margin-top: -37px !important;margin-left: 45px !important;}&#8221; link=&#8221;url:https%3A%2F%2Fesffranco.edu.pt%2Fweb%2Ffiles%2Fhorarios%2F12_24.pdf|target:_blank&#8221;][\/vc_column_inner][\/vc_row_inner][\/vc_tta_section][vc_tta_section title=&#8221;T\u00e9cnico de Eletr\u00f3nica, Automa\u00e7\u00e3o e Comando&#8221; tab_id=&#8221;teac&#8221;][vc_row_inner][vc_column_inner width=&#8221;1\/3&#8243;][vc_custom_heading text=&#8221;Ano 1&#8243; font_container=&#8221;tag:h4|text_align:left&#8221; use_theme_fonts=&#8221;yes&#8221;][\/vc_column_inner][vc_column_inner width=&#8221;1\/3&#8243;][vc_custom_heading text=&#8221;Ano 2&#8243; font_container=&#8221;tag:h4|text_align:left&#8221; use_theme_fonts=&#8221;yes&#8221;][\/vc_column_inner][vc_column_inner width=&#8221;1\/3&#8243;][vc_custom_heading text=&#8221;Ano 3&#8243; font_container=&#8221;tag:h4|text_align:left&#8221; use_theme_fonts=&#8221;yes&#8221;]\n\t\t\t\t\t<a\n\t\t\t\thref=\"https:\/\/esffranco.edu.pt\/web\/files\/horarios\/12_26.pdf\"\n\t\t\t\tclass=\"wh-theme-icon  scp_theme_icon-c3967ff3c90691036dad2b1ad8fc2d84\"\n\t\t\t\t\t\t\t\t\t\t\t\t\ttarget=\"_blank\"\n\t\t\t\t\t\t\t\t><i class=\"icon-edic_picture_as_pdf\"><\/i><\/a>\n\t\t\t\t[vc_custom_heading text=&#8221;Turma 12 26&#8243; font_container=&#8221;tag:p|text_align:left&#8221; use_theme_fonts=&#8221;yes&#8221; css=&#8221;.vc_custom_1722442466270{margin-top: -37px !important;margin-left: 45px !important;}&#8221; link=&#8221;url:https%3A%2F%2Fesffranco.edu.pt%2Fweb%2Ffiles%2Fhorarios%2F12_26.pdf|target:_blank&#8221;][\/vc_column_inner][\/vc_row_inner][\/vc_tta_section][vc_tta_section title=&#8221;T\u00e9cnico de Gest\u00e3o de Equipamentos Inform\u00e1ticos&#8221; tab_id=&#8221;tgei&#8221;][vc_row_inner][vc_column_inner width=&#8221;1\/3&#8243;][vc_custom_heading text=&#8221;Ano 1&#8243; font_container=&#8221;tag:h4|text_align:left&#8221; use_theme_fonts=&#8221;yes&#8221;]\n\t\t\t\t\t<a\n\t\t\t\thref=\"https:\/\/esffranco.edu.pt\/web\/files\/horarios\/10_32.pdf\"\n\t\t\t\tclass=\"wh-theme-icon  scp_theme_icon-d8d25a4dc1294aa7a42fb2fbd5c45d69\"\n\t\t\t\t\t\t\t\t\t\t\t\t\ttarget=\"_blank\"\n\t\t\t\t\t\t\t\t><i class=\"icon-edic_picture_as_pdf\"><\/i><\/a>\n\t\t\t\t[vc_custom_heading text=&#8221;Turma 10 31&#8243; font_container=&#8221;tag:p|text_align:left&#8221; use_theme_fonts=&#8221;yes&#8221; css=&#8221;.vc_custom_1756831406901{margin-top: -37px !important;margin-left: 45px !important;}&#8221; link=&#8221;url:https%3A%2F%2Fesffranco.edu.pt%2Fweb%2Ffiles%2Fhorarios%2F10_31.pdf|target:_blank&#8221;][\/vc_column_inner][vc_column_inner width=&#8221;1\/3&#8243;][vc_custom_heading text=&#8221;Ano 2&#8243; font_container=&#8221;tag:h4|text_align:left&#8221; use_theme_fonts=&#8221;yes&#8221;]\n\t\t\t\t\t<a\n\t\t\t\thref=\"https:\/\/esffranco.edu.pt\/web\/files\/horarios\/11_31.pdf\"\n\t\t\t\tclass=\"wh-theme-icon  scp_theme_icon-8d8c2dc59e1b1b95dca5482dbbc485b4\"\n\t\t\t\t\t\t\t\t\t\t\t\t\ttarget=\"_blank\"\n\t\t\t\t\t\t\t\t><i class=\"icon-edic_picture_as_pdf\"><\/i><\/a>\n\t\t\t\t[vc_custom_heading text=&#8221;Turma 11 28&#8243; font_container=&#8221;tag:p|text_align:left&#8221; use_theme_fonts=&#8221;yes&#8221; css=&#8221;.vc_custom_1722442212284{margin-top: -37px !important;margin-left: 45px !important;}&#8221; link=&#8221;url:https%3A%2F%2Fesffranco.edu.pt%2Fweb%2Ffiles%2Fhorarios%2F11_28.pdf|target:_blank&#8221;][\/vc_column_inner][vc_column_inner width=&#8221;1\/3&#8243;][vc_custom_heading text=&#8221;Ano 3&#8243; font_container=&#8221;tag:h4|text_align:left&#8221; use_theme_fonts=&#8221;yes&#8221;]\n\t\t\t\t\t<a\n\t\t\t\thref=\"https:\/\/esffranco.edu.pt\/web\/files\/horarios\/12_28.pdf\"\n\t\t\t\tclass=\"wh-theme-icon  scp_theme_icon-11cf3cad91ae107925567075d96245f0\"\n\t\t\t\t\t\t\t\t\t\t\t\t\ttarget=\"_blank\"\n\t\t\t\t\t\t\t\t><i class=\"icon-edic_picture_as_pdf\"><\/i><\/a>\n\t\t\t\t[vc_custom_heading text=&#8221;Turma 12 28&#8243; font_container=&#8221;tag:p|text_align:left&#8221; use_theme_fonts=&#8221;yes&#8221; css=&#8221;.vc_custom_1722442511703{margin-top: -37px !important;margin-left: 45px !important;}&#8221; link=&#8221;url:https%3A%2F%2Fesffranco.edu.pt%2Fweb%2Ffiles%2Fhorarios%2F12_28.pdf|target:_blank&#8221;][\/vc_column_inner][\/vc_row_inner][\/vc_tta_section][vc_tta_section title=&#8221;T\u00e9cnico de Inform\u00e1tica de Gest\u00e3o&#8221; tab_id=&#8221;tig&#8221;][vc_row_inner][vc_column_inner width=&#8221;1\/3&#8243;][vc_custom_heading text=&#8221;Ano 1&#8243; font_container=&#8221;tag:h4|text_align:left&#8221; use_theme_fonts=&#8221;yes&#8221;]\n\t\t\t\t\t<a\n\t\t\t\thref=\"https:\/\/esffranco.edu.pt\/web\/files\/horarios\/10_29.pdf\"\n\t\t\t\tclass=\"wh-theme-icon  scp_theme_icon-51a756f13153ee3298ec3fde0fc140c9\"\n\t\t\t\t\t\t\t\t\t\t\t\t\ttarget=\"_blank\"\n\t\t\t\t\t\t\t\t><i class=\"icon-edic_picture_as_pdf\"><\/i><\/a>\n\t\t\t\t[vc_custom_heading text=&#8221;Turma 10 29&#8243; font_container=&#8221;tag:p|text_align:left&#8221; use_theme_fonts=&#8221;yes&#8221; css=&#8221;.vc_custom_1722442115255{margin-top: -37px !important;margin-left: 45px !important;}&#8221; link=&#8221;url:https%3A%2F%2Fesffranco.edu.pt%2Fweb%2Ffiles%2Fhorarios%2F10_29.pdf|target:_blank&#8221;][\/vc_column_inner][vc_column_inner width=&#8221;1\/3&#8243;][vc_custom_heading text=&#8221;Ano 2&#8243; font_container=&#8221;tag:h4|text_align:left&#8221; use_theme_fonts=&#8221;yes&#8221;]\n\t\t\t\t\t<a\n\t\t\t\thref=\"https:\/\/esffranco.edu.pt\/web\/files\/horarios\/11_28.pdf\"\n\t\t\t\tclass=\"wh-theme-icon  scp_theme_icon-931655d3b7f11ba3836d82e6ed7f1b7e\"\n\t\t\t\t\t\t\t\t\t\t\t\t\ttarget=\"_blank\"\n\t\t\t\t\t\t\t\t><i class=\"icon-edic_picture_as_pdf\"><\/i><\/a>\n\t\t\t\t[vc_custom_heading text=&#8221;Turma 11 26&#8243; font_container=&#8221;tag:p|text_align:left&#8221; use_theme_fonts=&#8221;yes&#8221; css=&#8221;.vc_custom_1665251943090{margin-top: -37px !important;margin-left: 45px !important;}&#8221; link=&#8221;url:https%3A%2F%2Fesffranco.edu.pt%2Fweb%2Ffiles%2Fhorarios%2F11_26.pdf|target:_blank&#8221;][\/vc_column_inner][vc_column_inner width=&#8221;1\/3&#8243;][vc_custom_heading text=&#8221;Ano 3&#8243; font_container=&#8221;tag:h4|text_align:left&#8221; use_theme_fonts=&#8221;yes&#8221;]\n\t\t\t\t\t<a\n\t\t\t\thref=\"https:\/\/esffranco.edu.pt\/web\/files\/horarios\/12_25.pdf\"\n\t\t\t\tclass=\"wh-theme-icon  scp_theme_icon-e3378ede729e03f72f6cc262df8426d1\"\n\t\t\t\t\t\t\t\t\t\t\t\t\ttarget=\"_blank\"\n\t\t\t\t\t\t\t\t><i class=\"icon-edic_picture_as_pdf\"><\/i><\/a>\n\t\t\t\t[vc_custom_heading text=&#8221;Turma 12 25&#8243; font_container=&#8221;tag:p|text_align:left&#8221; use_theme_fonts=&#8221;yes&#8221; css=&#8221;.vc_custom_1722442445932{margin-top: -37px !important;margin-left: 45px !important;}&#8221; link=&#8221;url:https%3A%2F%2Fesffranco.edu.pt%2Fweb%2Ffiles%2Fhorarios%2F12_25.pdf|target:_blank&#8221;][\/vc_column_inner][\/vc_row_inner][\/vc_tta_section][vc_tta_section title=&#8221;T\u00e9cnico de Multim\u00e9dia&#8221; tab_id=&#8221;tm&#8221;][vc_row_inner][vc_column_inner width=&#8221;1\/3&#8243;][vc_custom_heading text=&#8221;Ano 1&#8243; font_container=&#8221;tag:h4|text_align:left&#8221; use_theme_fonts=&#8221;yes&#8221;]\n\t\t\t\t\t<a\n\t\t\t\thref=\"https:\/\/esffranco.edu.pt\/web\/files\/horarios\/10_31.pdf\"\n\t\t\t\tclass=\"wh-theme-icon  scp_theme_icon-2ffad822066921484e2b2ea635820789\"\n\t\t\t\t\t\t\t\t\t\t\t\t\ttarget=\"_blank\"\n\t\t\t\t\t\t\t\t><i class=\"icon-edic_picture_as_pdf\"><\/i><\/a>\n\t\t\t\t[vc_custom_heading text=&#8221;Turma 10 30&#8243; font_container=&#8221;tag:p|text_align:left&#8221; use_theme_fonts=&#8221;yes&#8221; css=&#8221;.vc_custom_1722442155016{margin-top: -37px !important;margin-left: 45px !important;}&#8221; link=&#8221;url:https%3A%2F%2Fesffranco.edu.pt%2Fweb%2Ffiles%2Fhorarios%2F10_30.pdf|target:_blank&#8221;][\/vc_column_inner][vc_column_inner width=&#8221;1\/3&#8243;][vc_custom_heading text=&#8221;Ano 2&#8243; font_container=&#8221;tag:h4|text_align:left&#8221; use_theme_fonts=&#8221;yes&#8221;]\n\t\t\t\t\t<a\n\t\t\t\thref=\"https:\/\/esffranco.edu.pt\/web\/files\/horarios\/11_30.pdf\"\n\t\t\t\tclass=\"wh-theme-icon  scp_theme_icon-bfa6175c34c7d31b5bffb71cb9e66d71\"\n\t\t\t\t\t\t\t\t\t\t\t\t\ttarget=\"_blank\"\n\t\t\t\t\t\t\t\t><i class=\"icon-edic_picture_as_pdf\"><\/i><\/a>\n\t\t\t\t[vc_custom_heading text=&#8221;Turma 11 27&#8243; font_container=&#8221;tag:p|text_align:left&#8221; use_theme_fonts=&#8221;yes&#8221; css=&#8221;.vc_custom_1722442190910{margin-top: -37px !important;margin-left: 45px !important;}&#8221; link=&#8221;url:https%3A%2F%2Fesffranco.edu.pt%2Fweb%2Ffiles%2Fhorarios%2F11_27.pdf|target:_blank&#8221;][\/vc_column_inner][vc_column_inner width=&#8221;1\/3&#8243;][vc_custom_heading text=&#8221;Ano 3&#8243; font_container=&#8221;tag:h4|text_align:left&#8221; use_theme_fonts=&#8221;yes&#8221;]\n\t\t\t\t\t<a\n\t\t\t\thref=\"https:\/\/esffranco.edu.pt\/web\/files\/horarios\/12_27.pdf\"\n\t\t\t\tclass=\"wh-theme-icon  scp_theme_icon-414d6b7d8dca6f24b256a50ac66f2447\"\n\t\t\t\t\t\t\t\t\t\t\t\t\ttarget=\"_blank\"\n\t\t\t\t\t\t\t\t><i class=\"icon-edic_picture_as_pdf\"><\/i><\/a>\n\t\t\t\t[vc_custom_heading text=&#8221;Turma 12 27&#8243; font_container=&#8221;tag:p|text_align:left&#8221; use_theme_fonts=&#8221;yes&#8221; css=&#8221;.vc_custom_1757544897366{margin-top: -37px !important;margin-left: 45px !important;}&#8221; link=&#8221;url:https%3A%2F%2Fesffranco.edu.pt%2Fweb%2Ffiles%2Fhorarios%2F12_27.pdf|target:_blank&#8221;][\/vc_column_inner][\/vc_row_inner][\/vc_tta_section][\/vc_tta_accordion][\/vc_column][\/vc_row][vc_row][vc_column css=&#8221;.vc_custom_1665311495606{padding-top: 5px !important;}&#8221;][vc_custom_heading text=&#8221;Cursos Educa\u00e7\u00e3o e Forma\u00e7\u00e3o&#8221; font_container=&#8221;tag:h2|text_align:center&#8221; use_theme_fonts=&#8221;yes&#8221;][vc_separator color=&#8221;purple&#8221; css_animation=&#8221;fadeInLeft&#8221; css=&#8221;.vc_custom_1665313978853{background-color: #1e73be !important;}&#8221;][\/vc_column][\/vc_row][vc_row][vc_column][vc_tta_accordion active_section=&#8221;99&#8243; collapsible_all=&#8221;true&#8221;][vc_tta_section title=&#8221;Tipo 4&#8243; tab_id=&#8221;ceft4fu&#8221;][vc_row_inner][vc_column_inner width=&#8221;1\/3&#8243;][vc_custom_heading text=&#8221;Assistente Administrativo&#8221; font_container=&#8221;tag:h6|text_align:left&#8221; use_theme_fonts=&#8221;yes&#8221;][\/vc_column_inner][vc_column_inner width=&#8221;1\/3&#8243;][vc_custom_heading text=&#8221;Fase \u00danica&#8221; font_container=&#8221;tag:h5|text_align:center&#8221; use_theme_fonts=&#8221;yes&#8221;][\/vc_column_inner][vc_column_inner width=&#8221;1\/3&#8243;]\n\t\t\t\t\t<a\n\t\t\t\thref=\"https:\/\/esffranco.edu.pt\/web\/files\/horarios\/11_33.pdf\"\n\t\t\t\tclass=\"wh-theme-icon  scp_theme_icon-1cb4a70d39d591a916a610d4fb60d052\"\n\t\t\t\t\t\t\t\t\t\t\t\t\ttarget=\"_blank\"\n\t\t\t\t\t\t\t\t><i class=\"icon-edic_picture_as_pdf\"><\/i><\/a>\n\t\t\t\t[vc_custom_heading text=&#8221;Turma 10 32&#8243; font_container=&#8221;tag:p|text_align:left&#8221; use_theme_fonts=&#8221;yes&#8221; css=&#8221;.vc_custom_1756831956046{margin-top: -37px !important;margin-left: 45px !important;}&#8221; link=&#8221;url:https%3A%2F%2Fesffranco.edu.pt%2Fweb%2Ffiles%2Fhorarios%2F10_32.pdf|target:_blank&#8221;][\/vc_column_inner][\/vc_row_inner][\/vc_tta_section][vc_tta_section title=&#8221;Tipo 5&#8243; tab_id=&#8221;1722442548685-8e5ca9bb-04fa&#8221;][vc_row_inner][vc_column_inner width=&#8221;1\/3&#8243;][vc_custom_heading text=&#8221;T\u00e9cnico de Apoio \u00e0 Gest\u00e3o&#8221; font_container=&#8221;tag:h6|text_align:left&#8221; use_theme_fonts=&#8221;yes&#8221;][\/vc_column_inner][vc_column_inner width=&#8221;1\/3&#8243;][vc_custom_heading text=&#8221;Fase 1&#8243; font_container=&#8221;tag:h5|text_align:center&#8221; use_theme_fonts=&#8221;yes&#8221; css=&#8221;&#8221;][\/vc_column_inner][vc_column_inner width=&#8221;1\/3&#8243;]\n\t\t\t\t\t<a\n\t\t\t\thref=\"https:\/\/esffranco.edu.pt\/web\/files\/horarios\/11_33.pdf\"\n\t\t\t\tclass=\"wh-theme-icon  scp_theme_icon-1cb4a70d39d591a916a610d4fb60d052\"\n\t\t\t\t\t\t\t\t\t\t\t\t\ttarget=\"_blank\"\n\t\t\t\t\t\t\t\t><i class=\"icon-edic_picture_as_pdf\"><\/i><\/a>\n\t\t\t\t[vc_custom_heading text=&#8221;Turma 11 29&#8243; font_container=&#8221;tag:p|text_align:left&#8221; use_theme_fonts=&#8221;yes&#8221; css=&#8221;.vc_custom_1756832084029{margin-top: -37px !important;margin-left: 45px !important;}&#8221; link=&#8221;url:https%3A%2F%2Fesffranco.edu.pt%2Fweb%2Ffiles%2Fhorarios%2F11_29.pdf|target:_blank&#8221;][\/vc_column_inner][\/vc_row_inner][\/vc_tta_section][vc_tta_section title=&#8221;Tipo 6&#8243; tab_id=&#8221;ceft6fu&#8221;][vc_row_inner][vc_column_inner width=&#8221;1\/3&#8243;][vc_custom_heading text=&#8221;T\u00e9cnico de Controlo de Qualidade Alimentar&#8221; font_container=&#8221;tag:h6|text_align:left&#8221; use_theme_fonts=&#8221;yes&#8221; css=&#8221;&#8221;][\/vc_column_inner][vc_column_inner width=&#8221;1\/3&#8243;][vc_custom_heading text=&#8221;Fase \u00danica&#8221; font_container=&#8221;tag:h5|text_align:center&#8221; use_theme_fonts=&#8221;yes&#8221;][\/vc_column_inner][vc_column_inner width=&#8221;1\/3&#8243;]\n\t\t\t\t\t<a\n\t\t\t\thref=\"https:\/\/esffranco.edu.pt\/web\/files\/horarios\/12_30.pdf\"\n\t\t\t\tclass=\"wh-theme-icon  scp_theme_icon-7c22ccd53af8de5078c640f94eb6e335\"\n\t\t\t\t\t\t\t\t\t\t\t\t\ttarget=\"_blank\"\n\t\t\t\t\t\t\t\t><i class=\"icon-edic_picture_as_pdf\"><\/i><\/a>\n\t\t\t\t[vc_custom_heading text=&#8221;Turma 12 29&#8243; font_container=&#8221;tag:p|text_align:left&#8221; use_theme_fonts=&#8221;yes&#8221; css=&#8221;.vc_custom_1756832200948{margin-top: -37px !important;margin-left: 45px !important;}&#8221; link=&#8221;url:https%3A%2F%2Fesffranco.edu.pt%2Fweb%2Ffiles%2Fhorarios%2F12_29.pdf|target:_blank&#8221;][\/vc_column_inner][\/vc_row_inner][vc_row_inner][vc_column_inner width=&#8221;1\/3&#8243;][vc_custom_heading text=&#8221;T\u00e9cnico de Servi\u00e7os Jur\u00eddicos&#8221; font_container=&#8221;tag:h6|text_align:left&#8221; use_theme_fonts=&#8221;yes&#8221;][\/vc_column_inner][vc_column_inner width=&#8221;1\/3&#8243;][vc_custom_heading text=&#8221;Fase \u00danica&#8221; font_container=&#8221;tag:h5|text_align:center&#8221; use_theme_fonts=&#8221;yes&#8221;][\/vc_column_inner][vc_column_inner width=&#8221;1\/3&#8243;]\n\t\t\t\t\t<a\n\t\t\t\thref=\"https:\/\/esffranco.edu.pt\/web\/files\/horarios\/12_31.pdf\"\n\t\t\t\tclass=\"wh-theme-icon  scp_theme_icon-fab006c5f3ed5f26380e2cd46e03550e\"\n\t\t\t\t\t\t\t\t\t\t\t\t\ttarget=\"_blank\"\n\t\t\t\t\t\t\t\t><i class=\"icon-edic_picture_as_pdf\"><\/i><\/a>\n\t\t\t\t[vc_custom_heading text=&#8221;Turma 12 30&#8243; font_container=&#8221;tag:p|text_align:left&#8221; use_theme_fonts=&#8221;yes&#8221; css=&#8221;.vc_custom_1756832274726{margin-top: -37px !important;margin-left: 45px !important;}&#8221; link=&#8221;url:https%3A%2F%2Fesffranco.edu.pt%2Fweb%2Ffiles%2Fhorarios%2F12_30.pdf|target:_blank&#8221;][\/vc_column_inner][\/vc_row_inner][\/vc_tta_section][\/vc_tta_accordion][\/vc_column][\/vc_row][\/vc_section]<\/p>\n<\/div>","protected":false},"excerpt":{"rendered":"<p>[vc_section full_width=&#8221;stretch_row&#8221; content_placement=&#8221;middle&#8221;][vc_row disable_element=&#8221;yes&#8221;][vc_column][vc_custom_heading text=&#8221;Os apoios (APT) assinalados s\u00e3o de car\u00e1ter facultativo.&#8221; font_container=&#8221;tag:h5|text_align:center&#8221; use_theme_fonts=&#8221;yes&#8221; css_animation=&#8221;none&#8221;][\/vc_column][\/vc_row][vc_row][vc_column][vc_custom_heading text=&#8221;Cursos Cient\u00edficos human\u00edsticos &#8211; 10.\u00ba&nbsp;<a href=\"https:\/\/esffranco.edu.pt\/web\/alunos\/horarios\/\">&hellip;<\/a><\/p>\n","protected":false},"author":1,"featured_media":0,"parent":309,"menu_order":0,"comment_status":"closed","ping_status":"closed","template":"template-sidebar-right-childpages.php","meta":{"footnotes":""},"folder":[],"class_list":["post-357","page","type-page","status-publish","hentry","odd"],"_links":{"self":[{"href":"https:\/\/esffranco.edu.pt\/web\/wp-json\/wp\/v2\/pages\/357","targetHints":{"allow":["GET"]}}],"collection":[{"href":"https:\/\/esffranco.edu.pt\/web\/wp-json\/wp\/v2\/pages"}],"about":[{"href":"https:\/\/esffranco.edu.pt\/web\/wp-json\/wp\/v2\/types\/page"}],"author":[{"embeddable":true,"href":"https:\/\/esffranco.edu.pt\/web\/wp-json\/wp\/v2\/users\/1"}],"replies":[{"embeddable":true,"href":"https:\/\/esffranco.edu.pt\/web\/wp-json\/wp\/v2\/comments?post=357"}],"version-history":[{"count":196,"href":"https:\/\/esffranco.edu.pt\/web\/wp-json\/wp\/v2\/pages\/357\/revisions"}],"predecessor-version":[{"id":7872,"href":"https:\/\/esffranco.edu.pt\/web\/wp-json\/wp\/v2\/pages\/357\/revisions\/7872"}],"up":[{"embeddable":true,"href":"https:\/\/esffranco.edu.pt\/web\/wp-json\/wp\/v2\/pages\/309"}],"wp:attachment":[{"href":"https:\/\/esffranco.edu.pt\/web\/wp-json\/wp\/v2\/media?parent=357"}],"wp:term":[{"taxonomy":"folder","embeddable":true,"href":"https:\/\/esffranco.edu.pt\/web\/wp-json\/wp\/v2\/folder?post=357"}],"curies":[{"name":"wp","href":"https:\/\/api.w.org\/{rel}","templated":true}]}}