{"id":1820,"date":"2023-01-07T16:07:36","date_gmt":"2023-01-07T16:07:36","guid":{"rendered":"https:\/\/esffranco.edu.pt\/web\/?page_id=1820"},"modified":"2026-04-19T21:25:33","modified_gmt":"2026-04-19T20:25:33","slug":"documentos","status":"publish","type":"page","link":"https:\/\/esffranco.edu.pt\/web\/alunos\/documentos\/","title":{"rendered":"Documentos"},"content":{"rendered":"<div class=\"wpb-content-wrapper\"><p>[vc_row][vc_column][vc_custom_heading text=&#8221;Avisos&#8221; use_theme_fonts=&#8221;yes&#8221;][vc_column_text css=&#8221;&#8221;]<\/p>\n<div>\n<div><b>Passe Escolar<\/b><\/div>\n<\/div>\n<div>Relativamente ao PASSE ESCOLAR solicitamos, aos alunos e encarregados de educa\u00e7\u00e3o, que consultem as informa\u00e7\u00f5es que foram enviadas para o vosso\u00a0e-mail.<\/div>\n<h5>Estacionamento para Alunos<\/h5>\n<p>A Escola Secund\u00e1ria de Francisco Franco vai disponibilizar alguns lugares de estacionamento para alunos no presente ano letivo. Haver\u00e1 lugares para &#8216;motas&#8217; e para quadriciclos<br \/>\nCusto anual das &#8216;motas&#8217;: 20 euros.<br \/>\nCusto anual dos quadriciclos: 30 euros.[\/vc_column_text][vc_row_inner disable_element=&#8221;yes&#8221;][vc_column_inner][vc_column_text css=&#8221;&#8221;]<\/p>\n<h5><b>Entrega de cacifos aos alunos para o ano letivo 2024\/2025<\/b><\/h5>\n<div>\n<div>Informamos os alunos\u00a0<b>que requisitaram e pagaram o cacifo para o ano letivo 2024\/2025<\/b>\u00a0que, a\u00a0<b>partir do dia 16\/09\/2024 (segunda-feira),<\/b>\u00a0se proceder\u00e1 \u00e0 entrega\u00a0dos mesmos. Para tal, devem dirigir-se \u00e0 zona dos cacifos e contactar com o funcion\u00e1rio Sr. Roquelino Matos nos seguintes per\u00edodos:<\/div>\n<ul>\n<li>\u00a0Manh\u00e3 &#8211; 9h30 &#8211; 10h<\/li>\n<li>Tarde &#8211; 13h &#8211; 13h30<\/li>\n<\/ul>\n<div><b>NOTA: <\/b>Os alunos t\u00eam de apresentar o recibo comprovativo\u00a0do pagamento efetuado aquando da requisi\u00e7\u00e3o do cacifo\u00a0e\u00a0trazer\u00a0um cadeado com\u00a0argola at\u00e9 6 mil\u00edmetros de di\u00e2metro.<\/div>\n<\/div>\n<p>[\/vc_column_text][\/vc_column_inner][\/vc_row_inner][\/vc_column][\/vc_row][vc_row][vc_column][vc_custom_heading text=&#8221;Declara\u00e7\u00f5es\/Requerimentos&#8221; use_theme_fonts=&#8221;yes&#8221;][\/vc_column][\/vc_row][vc_row][vc_column width=&#8221;1\/6&#8243;][\/vc_column][vc_column width=&#8221;2\/3&#8243;]\n\t\t\t\t\t<div class=\"wh-theme-icon  scp_theme_icon-9a9c9b80b3f4197cb420a2494489e89c\">\n\t\t\t\t<i class=\"icon-edic_picture_as_pdf\"><\/i>\n\t\t\t<\/div>\n\t\t\t\t[vc_custom_heading text=&#8221;Sa\u00edda mais Cedo&#8221; font_container=&#8221;tag:h6|text_align:left&#8221; use_theme_fonts=&#8221;yes&#8221; css=&#8221;.vc_custom_1673107742958{margin-top: -35px !important;margin-left: 45px !important;}&#8221; link=&#8221;url:https%3A%2F%2Fesffranco.edu.pt%2Fweb%2Ffiles%2Falunos%2FDeclara%C3%A7%C3%A3oSa%C3%ADdaMaisCedo.pdf|target:_blank&#8221; el_class=&#8221;hoverable&#8221;][vc_separator css_animation=&#8221;fadeInLeft&#8221;]\n\t\t\t\t\t<div class=\"wh-theme-icon  scp_theme_icon-9a9c9b80b3f4197cb420a2494489e89c\">\n\t\t\t\t<i class=\"icon-edic_picture_as_pdf\"><\/i>\n\t\t\t<\/div>\n\t\t\t\t[vc_custom_heading text=&#8221;Disciplinas em Atraso&#8221; font_container=&#8221;tag:h6|text_align:left&#8221; use_theme_fonts=&#8221;yes&#8221; css=&#8221;.vc_custom_1673107488064{margin-top: -35px !important;margin-left: 45px !important;}&#8221; link=&#8221;url:https%3A%2F%2Fesffranco.edu.pt%2Fweb%2Ffiles%2Falunos%2FInscri%C3%A7%C3%A3oDisciplinasAtraso.pdf|target:_blank&#8221; el_class=&#8221;hoverable&#8221;][vc_separator css_animation=&#8221;fadeInLeft&#8221;]\n\t\t\t\t\t<div class=\"wh-theme-icon  scp_theme_icon-9a9c9b80b3f4197cb420a2494489e89c\">\n\t\t\t\t<i class=\"icon-edic_picture_as_pdf\"><\/i>\n\t\t\t<\/div>\n\t\t\t\t[vc_custom_heading text=&#8221;Mudan\u00e7a de Curso&#8221; font_container=&#8221;tag:h6|text_align:left&#8221; use_theme_fonts=&#8221;yes&#8221; css=&#8221;.vc_custom_1673107512466{margin-top: -35px !important;margin-left: 45px !important;}&#8221; link=&#8221;url:https%3A%2F%2Fesffranco.edu.pt%2Fweb%2Ffiles%2Falunos%2FMudan%C3%A7aCurso.pdf|target:_blank&#8221; el_class=&#8221;hoverable&#8221;][vc_separator css_animation=&#8221;fadeInLeft&#8221;]\n\t\t\t\t\t<div class=\"wh-theme-icon  scp_theme_icon-9a9c9b80b3f4197cb420a2494489e89c\">\n\t\t\t\t<i class=\"icon-edic_picture_as_pdf\"><\/i>\n\t\t\t<\/div>\n\t\t\t\t[vc_custom_heading text=&#8221;Altera\u00e7\u00e3o de Morada e EE&#8221; font_container=&#8221;tag:h6|text_align:left&#8221; use_theme_fonts=&#8221;yes&#8221; css=&#8221;.vc_custom_1676495372373{margin-top: -35px !important;margin-left: 45px !important;}&#8221; link=&#8221;url:https%3A%2F%2Fesffranco.edu.pt%2Fweb%2Ffiles%2Falunos%2FRequerimentoAltera%C3%A7%C3%A3oMoradaEE.pdf|target:_blank&#8221; el_class=&#8221;hoverable&#8221;][vc_separator css_animation=&#8221;fadeInLeft&#8221;]\n\t\t\t\t\t<div class=\"wh-theme-icon  scp_theme_icon-9a9c9b80b3f4197cb420a2494489e89c\">\n\t\t\t\t<i class=\"icon-edic_picture_as_pdf\"><\/i>\n\t\t\t<\/div>\n\t\t\t\t[vc_custom_heading text=&#8221;Anular Disciplina&#8221; font_container=&#8221;tag:h6|text_align:left&#8221; use_theme_fonts=&#8221;yes&#8221; css=&#8221;.vc_custom_1673107611881{margin-top: -35px !important;margin-left: 45px !important;}&#8221; link=&#8221;url:https%3A%2F%2Fesffranco.edu.pt%2Fweb%2Ffiles%2Falunos%2FRequerimentoAnularDisciplina.pdf|target:_blank&#8221; el_class=&#8221;hoverable&#8221;][vc_separator css_animation=&#8221;fadeInLeft&#8221;]\n\t\t\t\t\t<div class=\"wh-theme-icon  scp_theme_icon-9a9c9b80b3f4197cb420a2494489e89c\">\n\t\t\t\t<i class=\"icon-edic_picture_as_pdf\"><\/i>\n\t\t\t<\/div>\n\t\t\t\t[vc_custom_heading text=&#8221;Assistir a Aulas&#8221; font_container=&#8221;tag:h6|text_align:left&#8221; use_theme_fonts=&#8221;yes&#8221; css=&#8221;.vc_custom_1673107640052{margin-top: -35px !important;margin-left: 45px !important;}&#8221; link=&#8221;url:https%3A%2F%2Fesffranco.edu.pt%2Fweb%2Ffiles%2Falunos%2FRequerimentoAssistirAulas.pdf|target:_blank&#8221; el_class=&#8221;hoverable&#8221;][vc_separator css_animation=&#8221;fadeInLeft&#8221;]\n\t\t\t\t\t<div class=\"wh-theme-icon  scp_theme_icon-9a9c9b80b3f4197cb420a2494489e89c\">\n\t\t\t\t<i class=\"icon-edic_picture_as_pdf\"><\/i>\n\t\t\t<\/div>\n\t\t\t\t[vc_custom_heading text=&#8221;Requerimento para utiliza\u00e7\u00e3o de cacifos&#8221; font_container=&#8221;tag:h6|text_align:left&#8221; use_theme_fonts=&#8221;yes&#8221; css=&#8221;.vc_custom_1715980136033{margin-top: -35px !important;margin-left: 45px !important;}&#8221; link=&#8221;url:https%3A%2F%2Fesffranco.edu.pt%2Fweb%2Fwp-content%2Fuploads%2F2024%2F05%2FRequerimentoCacifos.pdf|target:_blank&#8221; el_class=&#8221;hoverable&#8221;][vc_row_inner][vc_column_inner][vc_separator css_animation=&#8221;fadeInLeft&#8221;]\n\t\t\t\t\t<div class=\"wh-theme-icon  scp_theme_icon-e5a85a47f3323ba033c3e3f102f47c45\">\n\t\t\t\t<i class=\"icon-edic_link\"><\/i>\n\t\t\t<\/div>\n\t\t\t\t[vc_custom_heading text=&#8221;Pedido de Autoriza\u00e7\u00e3o de Estacionamento (Motociclo\/Quadriciclo)&#8221; font_container=&#8221;tag:h6|text_align:left&#8221; use_theme_fonts=&#8221;yes&#8221; css=&#8221;.vc_custom_1757426118754{margin-top: -35px !important;margin-left: 45px !important;}&#8221; link=&#8221;url:https%3A%2F%2Fforms.gle%2FX9Xm6RU4fY4U92Qs5|title:Estacionamento%20para%20Alunos|target:_blank&#8221; el_class=&#8221;hoverable&#8221;][\/vc_column_inner][\/vc_row_inner][vc_row_inner][vc_column_inner][vc_separator css_animation=&#8221;fadeInLeft&#8221;]\n\t\t\t\t\t<div class=\"wh-theme-icon  scp_theme_icon-9a9c9b80b3f4197cb420a2494489e89c\">\n\t\t\t\t<i class=\"icon-edic_picture_as_pdf\"><\/i>\n\t\t\t<\/div>\n\t\t\t\t[vc_custom_heading text=&#8221;Regulamento Estacionamento para Alunos&#8221; font_container=&#8221;tag:h6|text_align:left&#8221; use_theme_fonts=&#8221;yes&#8221; css=&#8221;.vc_custom_1726060486427{margin-top: -35px !important;margin-left: 45px !important;}&#8221; link=&#8221;url:https%3A%2F%2Fesffranco.edu.pt%2Fweb%2Fwp-content%2Fuploads%2F2024%2F09%2FRegulamentoEstacionamento.pdf|title:Estacionamento%20para%20Alunos|target:_blank&#8221; el_class=&#8221;hoverable&#8221;][\/vc_column_inner][\/vc_row_inner][\/vc_column][vc_column width=&#8221;1\/6&#8243;][\/vc_column][\/vc_row][vc_row][vc_column][vc_custom_heading text=&#8221;Geral&#8221; use_theme_fonts=&#8221;yes&#8221;][\/vc_column][\/vc_row][vc_row][vc_column width=&#8221;1\/6&#8243;][\/vc_column][vc_column width=&#8221;2\/3&#8243;]\n\t\t\t\t\t<div class=\"wh-theme-icon  scp_theme_icon-9a9c9b80b3f4197cb420a2494489e89c\">\n\t\t\t\t<i class=\"icon-edic_picture_as_pdf\"><\/i>\n\t\t\t<\/div>\n\t\t\t\t[vc_custom_heading text=&#8221;Calend\u00e1rio Escolar ESFF&#8221; font_container=&#8221;tag:h6|text_align:left&#8221; use_theme_fonts=&#8221;yes&#8221; css=&#8221;.vc_custom_1757345385628{margin-top: -35px !important;margin-left: 45px !important;}&#8221; link=&#8221;url:https%3A%2F%2Fesffranco.edu.pt%2Fweb%2Fwp-content%2Fuploads%2F2025%2F09%2FCalendarioEscolar2526ESFF.pdf|target:_blank&#8221; el_class=&#8221;hoverable&#8221;][vc_separator color=&#8221;blue&#8221; align=&#8221;align_left&#8221; border_width=&#8221;2&#8243; css=&#8221;&#8221;]\n\t\t\t\t\t<div class=\"wh-theme-icon  scp_theme_icon-9a9c9b80b3f4197cb420a2494489e89c\">\n\t\t\t\t<i class=\"icon-edic_picture_as_pdf\"><\/i>\n\t\t\t<\/div>\n\t\t\t\t[vc_custom_heading text=&#8221;Ementa setembro&#8221; font_container=&#8221;tag:h6|text_align:left&#8221; use_theme_fonts=&#8221;yes&#8221; css=&#8221;.vc_custom_1757538180951{margin-top: -35px !important;margin-left: 45px !important;}&#8221; link=&#8221;url:https%3A%2F%2Fesffranco.edu.pt%2Fweb%2Fwp-content%2Fuploads%2F2025%2F09%2FEmentaSetembro2025.pdf|target:_blank&#8221; el_class=&#8221;hoverable&#8221;]\n\t\t\t\t\t<div class=\"wh-theme-icon  scp_theme_icon-9a9c9b80b3f4197cb420a2494489e89c\">\n\t\t\t\t<i class=\"icon-edic_picture_as_pdf\"><\/i>\n\t\t\t<\/div>\n\t\t\t\t[vc_custom_heading text=&#8221;Ementa setembro\/novembro&#8221; font_container=&#8221;tag:h6|text_align:left&#8221; use_theme_fonts=&#8221;yes&#8221; css=&#8221;.vc_custom_1776630014229{margin-top: -35px !important;margin-left: 45px !important;}&#8221; link=&#8221;url:https%3A%2F%2Fesffranco.edu.pt%2Fweb%2Fwp-content%2Fuploads%2F2025%2F09%2FEmentaSetNov2025.pdf|target:_blank&#8221; el_class=&#8221;hoverable&#8221;]\n\t\t\t\t\t<div class=\"wh-theme-icon  scp_theme_icon-9a9c9b80b3f4197cb420a2494489e89c\">\n\t\t\t\t<i class=\"icon-edic_picture_as_pdf\"><\/i>\n\t\t\t<\/div>\n\t\t\t\t[vc_custom_heading text=&#8221;Ementa dezembro&#8221; font_container=&#8221;tag:h6|text_align:left&#8221; use_theme_fonts=&#8221;yes&#8221; css=&#8221;.vc_custom_1776630063594{margin-top: -35px !important;margin-left: 45px !important;}&#8221; link=&#8221;url:https%3A%2F%2Fesffranco.edu.pt%2Fweb%2Fwp-content%2Fuploads%2F2025%2F11%2FEmentaDez2025.pdf|target:_blank&#8221; el_class=&#8221;hoverable&#8221;]\n\t\t\t\t\t<div class=\"wh-theme-icon  scp_theme_icon-9a9c9b80b3f4197cb420a2494489e89c\">\n\t\t\t\t<i class=\"icon-edic_picture_as_pdf\"><\/i>\n\t\t\t<\/div>\n\t\t\t\t[vc_custom_heading text=&#8221;Ementa janeiro\/mar\u00e7o&#8221; font_container=&#8221;tag:h6|text_align:left&#8221; use_theme_fonts=&#8221;yes&#8221; css=&#8221;.vc_custom_1770812772822{margin-top: -35px !important;margin-left: 45px !important;}&#8221; link=&#8221;url:https%3A%2F%2Fesffranco.edu.pt%2Fweb%2Fwp-content%2Fuploads%2F2025%2F12%2FEmentaJanMar2026.pdf|target:_blank&#8221; el_class=&#8221;hoverable&#8221;]\n\t\t\t\t\t<div class=\"wh-theme-icon  scp_theme_icon-9a9c9b80b3f4197cb420a2494489e89c\">\n\t\t\t\t<i class=\"icon-edic_picture_as_pdf\"><\/i>\n\t\t\t<\/div>\n\t\t\t\t[vc_custom_heading text=&#8221;Ementa abril&#8221; font_container=&#8221;tag:h6|text_align:left&#8221; use_theme_fonts=&#8221;yes&#8221; css=&#8221;.vc_custom_1776630121375{margin-top: -35px !important;margin-left: 45px !important;}&#8221; link=&#8221;url:https%3A%2F%2Fesffranco.edu.pt%2Fweb%2Fwp-content%2Fuploads%2F2026%2F04%2FEmentaAbr1317.pdf|target:_blank&#8221; el_class=&#8221;hoverable&#8221;]\n\t\t\t\t\t<div class=\"wh-theme-icon  scp_theme_icon-9a9c9b80b3f4197cb420a2494489e89c\">\n\t\t\t\t<i class=\"icon-edic_picture_as_pdf\"><\/i>\n\t\t\t<\/div>\n\t\t\t\t[vc_custom_heading text=&#8221;Ementa abril\/maio&#8221; font_container=&#8221;tag:h6|text_align:left&#8221; use_theme_fonts=&#8221;yes&#8221; css=&#8221;.vc_custom_1776630162466{margin-top: -35px !important;margin-left: 45px !important;}&#8221; link=&#8221;url:https%3A%2F%2Fesffranco.edu.pt%2Fweb%2Fwp-content%2Fuploads%2F2026%2F04%2FEmentaAbrilMaio2026.pdf|target:_blank&#8221; el_class=&#8221;hoverable&#8221;][vc_separator color=&#8221;blue&#8221; align=&#8221;align_left&#8221; border_width=&#8221;2&#8243; css=&#8221;&#8221;]\n\t\t\t\t\t<div class=\"wh-theme-icon  scp_theme_icon-9a9c9b80b3f4197cb420a2494489e89c\">\n\t\t\t\t<i class=\"icon-edic_picture_as_pdf\"><\/i>\n\t\t\t<\/div>\n\t\t\t\t[vc_custom_heading text=&#8221;Decreto Referente ao Estatuto do Aluno e \u00c9tica Escolar&#8221; font_container=&#8221;tag:h6|text_align:left&#8221; use_theme_fonts=&#8221;yes&#8221; css=&#8221;.vc_custom_1676496770877{margin-top: -35px !important;margin-left: 45px !important;}&#8221; link=&#8221;url:https%3A%2F%2Fesffranco.edu.pt%2Fweb%2Ffiles%2Falunos%2FEstatutoAlunoEticaEscolar.pdf|target:_blank&#8221; el_class=&#8221;hoverable&#8221;]\n\t\t\t\t\t<div class=\"wh-theme-icon  scp_theme_icon-9a9c9b80b3f4197cb420a2494489e89c\">\n\t\t\t\t<i class=\"icon-edic_picture_as_pdf\"><\/i>\n\t\t\t<\/div>\n\t\t\t\t[vc_custom_heading text=&#8221;Folha Teste Quadriculada&#8221; font_container=&#8221;tag:h6|text_align:left&#8221; use_theme_fonts=&#8221;yes&#8221; css=&#8221;.vc_custom_1697148907044{margin-top: -35px !important;margin-left: 45px !important;}&#8221; link=&#8221;url:https%3A%2F%2Fesffranco.edu.pt%2Fweb%2Ffiles%2Falunos%2FFolhaTesteQuadriculada.pdf|target:_blank&#8221; el_class=&#8221;hoverable&#8221;]\n\t\t\t\t\t<div class=\"wh-theme-icon  scp_theme_icon-9a9c9b80b3f4197cb420a2494489e89c\">\n\t\t\t\t<i class=\"icon-edic_picture_as_pdf\"><\/i>\n\t\t\t<\/div>\n\t\t\t\t[vc_custom_heading text=&#8221;Folha Teste Pautada&#8221; font_container=&#8221;tag:h6|text_align:left&#8221; use_theme_fonts=&#8221;yes&#8221; css=&#8221;.vc_custom_1697148966076{margin-top: -35px !important;margin-left: 45px !important;}&#8221; link=&#8221;url:https%3A%2F%2Fesffranco.edu.pt%2Fweb%2Ffiles%2Falunos%2FFolhaTestePautada.pdf|target:_blank&#8221; el_class=&#8221;hoverable&#8221;][vc_separator color=&#8221;blue&#8221; align=&#8221;align_left&#8221; border_width=&#8221;2&#8243; css=&#8221;&#8221;]\n\t\t\t\t\t<div class=\"wh-theme-icon  scp_theme_icon-9a9c9b80b3f4197cb420a2494489e89c\">\n\t\t\t\t<i class=\"icon-edic_picture_as_pdf\"><\/i>\n\t\t\t<\/div>\n\t\t\t\t[vc_custom_heading text=&#8221;Regulamento de Utiliza\u00e7\u00e3o de Chromebooks Educativos&#8221; font_container=&#8221;tag:h6|text_align:left&#8221; use_theme_fonts=&#8221;yes&#8221; css=&#8221;.vc_custom_1706131861810{margin-top: -35px !important;margin-left: 45px !important;}&#8221; link=&#8221;url:https%3A%2F%2Fesffranco.edu.pt%2Fweb%2Fwp-content%2Fuploads%2F2024%2F01%2FRegulamentoChromebooks.pdf|target:_blank&#8221; el_class=&#8221;hoverable&#8221;]\n\t\t\t\t\t<div class=\"wh-theme-icon  scp_theme_icon-9a9c9b80b3f4197cb420a2494489e89c\">\n\t\t\t\t<i class=\"icon-edic_picture_as_pdf\"><\/i>\n\t\t\t<\/div>\n\t\t\t\t[vc_custom_heading text=&#8221;Regimento Cursos Educa\u00e7\u00e3o e Forma\u00e7\u00e3o&#8221; font_container=&#8221;tag:h6|text_align:left&#8221; use_theme_fonts=&#8221;yes&#8221; css=&#8221;.vc_custom_1726059919857{margin-top: -35px !important;margin-left: 45px !important;}&#8221; link=&#8221;url:https%3A%2F%2Fesffranco.edu.pt%2Fweb%2Fwp-content%2Fuploads%2F2024%2F09%2FRegimentoCEF.pdf|target:_blank&#8221; el_class=&#8221;hoverable&#8221;]\n\t\t\t\t\t<div class=\"wh-theme-icon  scp_theme_icon-9a9c9b80b3f4197cb420a2494489e89c\">\n\t\t\t\t<i class=\"icon-edic_picture_as_pdf\"><\/i>\n\t\t\t<\/div>\n\t\t\t\t[vc_custom_heading text=&#8221;Regimento Cursos Profissionais&#8221; font_container=&#8221;tag:h6|text_align:left&#8221; use_theme_fonts=&#8221;yes&#8221; css=&#8221;.vc_custom_1731095268092{margin-top: -35px !important;margin-left: 45px !important;}&#8221; link=&#8221;url:https%3A%2F%2Fesffranco.edu.pt%2Fweb%2Fwp-content%2Fuploads%2F2024%2F11%2FRegimentoCP.pdf|target:_blank&#8221; el_class=&#8221;hoverable&#8221;]\n\t\t\t\t\t<div class=\"wh-theme-icon  scp_theme_icon-9a9c9b80b3f4197cb420a2494489e89c\">\n\t\t\t\t<i class=\"icon-edic_picture_as_pdf\"><\/i>\n\t\t\t<\/div>\n\t\t\t\t[vc_custom_heading text=&#8221;Regulamento Interno&#8221; font_container=&#8221;tag:h6|text_align:left&#8221; use_theme_fonts=&#8221;yes&#8221; css=&#8221;.vc_custom_1753820460536{margin-top: -35px !important;margin-left: 45px !important;}&#8221; link=&#8221;url:https%3A%2F%2Fesffranco.edu.pt%2Fweb%2Fwp-content%2Fuploads%2F2025%2F07%2FRegulamentoInterno2025.pdf|target:_blank&#8221; el_class=&#8221;hoverable&#8221;][vc_row_inner disable_element=&#8221;yes&#8221;][vc_column_inner]\n\t\t\t\t\t<div class=\"wh-theme-icon  scp_theme_icon-9a9c9b80b3f4197cb420a2494489e89c\">\n\t\t\t\t<i class=\"icon-edic_picture_as_pdf\"><\/i>\n\t\t\t<\/div>\n\t\t\t\t[vc_custom_heading text=&#8221;Ementa 2.\u00ba Per\u00edodo&#8221; font_container=&#8221;tag:h6|text_align:left&#8221; use_theme_fonts=&#8221;yes&#8221; css=&#8221;.vc_custom_1734721070013{margin-top: -35px !important;margin-left: 45px !important;}&#8221; link=&#8221;url:https%3A%2F%2Fesffranco.edu.pt%2Fweb%2Fwp-content%2Fuploads%2F2024%2F12%2FEmenta2P.pdf|target:_blank&#8221; el_class=&#8221;hoverable&#8221;]\n\t\t\t\t\t<div class=\"wh-theme-icon  scp_theme_icon-9a9c9b80b3f4197cb420a2494489e89c\">\n\t\t\t\t<i class=\"icon-edic_picture_as_pdf\"><\/i>\n\t\t\t<\/div>\n\t\t\t\t[vc_custom_heading text=&#8221;Ementa 3.\u00ba Per\u00edodo&#8221; font_container=&#8221;tag:h6|text_align:left&#8221; use_theme_fonts=&#8221;yes&#8221; css=&#8221;.vc_custom_1743628657261{margin-top: -35px !important;margin-left: 45px !important;}&#8221; link=&#8221;url:https%3A%2F%2Fesffranco.edu.pt%2Fweb%2Fwp-content%2Fuploads%2F2025%2F04%2FEmenta3P.pdf|target:_blank&#8221; el_class=&#8221;hoverable&#8221;][\/vc_column_inner][\/vc_row_inner][\/vc_column][vc_column width=&#8221;1\/6&#8243;][\/vc_column][\/vc_row]<\/p>\n<\/div>","protected":false},"excerpt":{"rendered":"<p>[vc_row][vc_column][vc_custom_heading text=&#8221;Avisos&#8221; use_theme_fonts=&#8221;yes&#8221;][vc_column_text css=&#8221;&#8221;] Passe Escolar Relativamente ao PASSE ESCOLAR solicitamos, aos alunos e encarregados de educa\u00e7\u00e3o, que consultem as&nbsp;<a href=\"https:\/\/esffranco.edu.pt\/web\/alunos\/documentos\/\">&hellip;<\/a><\/p>\n","protected":false},"author":1,"featured_media":0,"parent":309,"menu_order":4,"comment_status":"closed","ping_status":"closed","template":"template-sidebar-right-childpages.php","meta":{"footnotes":""},"folder":[],"class_list":["post-1820","page","type-page","status-publish","hentry","odd"],"_links":{"self":[{"href":"https:\/\/esffranco.edu.pt\/web\/wp-json\/wp\/v2\/pages\/1820","targetHints":{"allow":["GET"]}}],"collection":[{"href":"https:\/\/esffranco.edu.pt\/web\/wp-json\/wp\/v2\/pages"}],"about":[{"href":"https:\/\/esffranco.edu.pt\/web\/wp-json\/wp\/v2\/types\/page"}],"author":[{"embeddable":true,"href":"https:\/\/esffranco.edu.pt\/web\/wp-json\/wp\/v2\/users\/1"}],"replies":[{"embeddable":true,"href":"https:\/\/esffranco.edu.pt\/web\/wp-json\/wp\/v2\/comments?post=1820"}],"version-history":[{"count":36,"href":"https:\/\/esffranco.edu.pt\/web\/wp-json\/wp\/v2\/pages\/1820\/revisions"}],"predecessor-version":[{"id":9013,"href":"https:\/\/esffranco.edu.pt\/web\/wp-json\/wp\/v2\/pages\/1820\/revisions\/9013"}],"up":[{"embeddable":true,"href":"https:\/\/esffranco.edu.pt\/web\/wp-json\/wp\/v2\/pages\/309"}],"wp:attachment":[{"href":"https:\/\/esffranco.edu.pt\/web\/wp-json\/wp\/v2\/media?parent=1820"}],"wp:term":[{"taxonomy":"folder","embeddable":true,"href":"https:\/\/esffranco.edu.pt\/web\/wp-json\/wp\/v2\/folder?post=1820"}],"curies":[{"name":"wp","href":"https:\/\/api.w.org\/{rel}","templated":true}]}}